{"id":22077,"date":"2016-09-19T21:32:30","date_gmt":"2016-09-19T19:32:30","guid":{"rendered":"http:\/\/www.naturalscience.org\/it\/?page_id=22077"},"modified":"2016-10-16T21:11:03","modified_gmt":"2016-10-16T19:11:03","slug":"programma","status":"publish","type":"page","link":"https:\/\/www.naturalscience.org\/it\/congresso-2016\/programma\/","title":{"rendered":"Programma"},"content":{"rendered":"<div class=\"title-box\">\n<h2>Gioved\u00ec 3 novembre 2016, dalle ore 19&nbsp;:00 alle ore 21:00<\/h2>\n<\/div>\n<div class=\"lecture\">\n<div class=\"row\">\n<div class=\"small-24 medium-18 columns\">\n<h2>Discorso di benvenuto e di apertura<\/h2>\n<h3>L&#8217;uomo e la natura in armonia<\/h3>\n<p>Molte conquiste della civilt\u00e0 umana rendono la vita pi\u00f9 facile e pi\u00f9 comoda. Il prezzo della fede cieca nel progresso, nella tecnologia e nell&#8217;industrializzazione con conseguente perdita di principi morali e di rispetto per la natura, sono le &#8220;malattie della civilizzazione&#8221; che in parte hanno gi\u00e0 raggiunto proporzioni epidemiche. Ma in realt\u00e0, esiste veramente la malattia &#8220;incurabile&#8221;? La natura conosce le soluzioni pratiche!<\/p>\n<div class=\"speaker description\">Come padre di sei figli, medico empirico con oltre 30 anni di esperienza e sacerdote ordinato, il Very Rev. Dean. em. Paul Probst, SF, possiede un\u2019immensa esperienza e conoscenza, che gli permettono di condurre abilmente la &#8220;The World Foundation for Natural Science&#8221; come presidente europeo e di comunicare alla gente il rapporto tra scienza e religione.<\/div>\n<\/div>\n<div class=\"small-24 medium-6 columns\">\n<img loading=\"lazy\" decoding=\"async\" src=\"https:\/\/www.naturalscience.org\/wp-content\/uploads\/2016\/10\/paul-probst.jpg\" alt=\"paul-probst\" width=\"285\" height=\"381\" class=\"alignnone size-full wp-image-22362\" srcset=\"https:\/\/www.naturalscience.org\/wp-content\/uploads\/2016\/10\/paul-probst.jpg 285w, https:\/\/www.naturalscience.org\/wp-content\/uploads\/2016\/10\/paul-probst-224x300.jpg 224w, https:\/\/www.naturalscience.org\/wp-content\/uploads\/2016\/10\/paul-probst-123x164.jpg 123w\" sizes=\"auto, (max-width: 285px) 100vw, 285px\" \/><\/p>\n<div class=\"speaker\"><strong>The Very Rev. Dean em.<br \/>\nPaul Probst, SF<\/strong><br \/>\nPresidente Europeo della \u201cThe World Foundation for Natural Science\u201d, Lucerna, Svizzera<\/div>\n<p><a href=\"https:\/\/www.naturalscience.org\/\" target=\"_blank\">www.naturalscience.org<\/a><\/p>\n<\/div>\n<\/div>\n<\/div>\n<div class=\"title-box\">\n<h2>Venerd\u00ec 4 novembre 2016, dalle ore 09:00 alle ore 18:30<\/h2>\n<\/div>\n<div class=\"lecture\">\n<div class=\"row\">\n<div class=\"small-24 medium-18 columns\">\n<h2>Sindrome da intestino e psicologia (GAPS in inglese)<\/h2>\n<h3>Intestino sano, persona sana<\/h3>\n<p>Autismo, ADHD \/ ADD e altri disturbi dell&#8217;apprendimento, malattie mentali come la depressione o disturbi ossessivo-compulsivi, problemi di autoimmunit\u00e0, allergie, asma, sindrome da stanchezza cronica e molti altri disturbi fisici, si diffondono rapidamente sono in rapido sviluppo. Perch\u00e9? La causa \u00e8 il GAPS (Gut And Psychology Syndrome), la sindrome da intestino e psicologia. Migliaia di casi mostrano come con il buon senso e con tradizionali regole nutrizionali, la guarigione \u00e8 possibile.<\/p>\n<h2>Infarto da &#8220;grassi cattivi&#8221;?<\/h2>\n<h3>Le vere cause dell&#8217;infarto, dell&#8217;arteriosclerosi e dell&#8217;ipertensione<\/h3>\n<p>Durante gli ultimi quaranta o cinquanta anni, abbiamo combattuto il colesterolo &#8220;cattivo&#8221; e i grassi &#8220;cattivi&#8221; con tutti i mezzi. Tuttavia, nel mondo occidentale le persone soffrono di infarto e di ictus come prima, anche se seguono diete &#8220;cuore-sano&#8221;. Facciamo dunque qualcosa di sbagliato? Che cosa \u00e8 davvero una malattia di cuore, cosa la scatena e cosa ha a che fare con essa l\u2019alimentazione?<\/p>\n<div class=\"speaker description\">Dopo aver completato lo studio di medicina a Ufa, in Russia, la Dr.ssa Natasha Campbell-McBride ha lavorato per diversi anni come neurologo e neurochirurgo. In seguito si trasferisce in Gran Bretagna, dove ha anche studiato scienze nutrizionali. Il disturbo autistico di suo figlio l&#8217;ha costretta a indagare intensamente in merito ai legami tra dieta e varie malattie, ed ha portato allo sviluppo del concetto di GAPS (sindrome di intestino e Psicologia). Dal 1998 pratica nella \u201cNutrition Clinic\u201d da lei fondata a Cambridge.<\/div>\n<\/div>\n<div class=\"small-24 medium-6 columns\">\n<img loading=\"lazy\" decoding=\"async\" src=\"https:\/\/www.naturalscience.org\/wp-content\/uploads\/2016\/10\/natasha-campbell-mcbride.jpg\" alt=\"natasha-campbell-mcbride\" width=\"283\" height=\"377\" class=\"alignnone size-full wp-image-22367\" srcset=\"https:\/\/www.naturalscience.org\/wp-content\/uploads\/2016\/10\/natasha-campbell-mcbride.jpg 283w, https:\/\/www.naturalscience.org\/wp-content\/uploads\/2016\/10\/natasha-campbell-mcbride-225x300.jpg 225w, https:\/\/www.naturalscience.org\/wp-content\/uploads\/2016\/10\/natasha-campbell-mcbride-123x164.jpg 123w\" sizes=\"auto, (max-width: 283px) 100vw, 283px\" \/><\/p>\n<div class=\"speaker\"><strong>D.ssa Natasha Campbell-McBride, m\u00e9dico <\/strong><br \/>\nMaster in Neurologia e Nutrizione. Cambridge, Inghilterra.<\/div>\n<p><a href=\"http:\/\/www.doctor-natasha.com\" target=\"_blank\">www.doctor-natasha.com<\/a><\/p>\n<\/div>\n<\/div>\n<\/div>\n<p>&nbsp;<\/p>\n<div class=\"lecture\">\n<div class=\"row\">\n<div class=\"small-24 medium-18 columns\">\n<h2>Gliconutrienti\u00a0: inevitabili per un\u2019appropriata comunicazione cellulare!<\/h2>\n<p>I gliconutrienti sono i veri zuccheri, quelli sani\u00a0! Ancor pi\u00f9: i gliconutrienti sono assolutamente essenziali per ogni celula del nostro organismo. Senza di essi non c\u2019\u00e9 una comunicazione accurata tra le cellule del corno e nemmeno reazioni biochimiche regolate. Solo quando la comunicazione a livello cellulare funziona senza attriti, il nostro corpo \u00e9 in grado di liberare le proprie forze di auto- guarigione e di mantenersi sano.<\/p>\n<h2>Il Colesterolo: amico o nemico?<\/h2>\n<p>Per decadi, l\u2019industria, i media e le comunit\u00e0 mediche hanno presentato il colesterolo ed i grassi come l\u2019unica causa di arteriosclerosi e quindi come causa preponderante delle malattie cardiovascolari. Enormi profitti sono stati realizzati con le medicine per la riduzione del colesterolo, ma la popolazione non \u00e8 stata mai messa al corrente dei pericoosi effetti collaterali di queste medicine.<\/p>\n<div class=\"speaker description\">Lukas Waldmann ha conseguito il diploma di naturopata presso la Scuola di Naturopatia Applicata a Zurigo, in Svizzera. Da sedici anni lavora presso il suo studio privato, concentrandosi sulla medicina alternativa. Ha maturato una profonda conoscenza in vari settori, per esempio per quanto riguarda la dieta naturale, gli integratori alimentari e la bioresonanza. Lukas Waldmann collabora con diversi medici e dentisti ed \u00e8 uno dei pochi specialisti in gliconutrienti in Svizzera.<\/div>\n<\/div>\n<div class=\"small-24 medium-6 columns\">\n<img loading=\"lazy\" decoding=\"async\" src=\"https:\/\/www.naturalscience.org\/wp-content\/uploads\/2016\/10\/lukas-waldmann.jpg\" alt=\"lukas-waldmann\" width=\"284\" height=\"379\" class=\"alignnone size-full wp-image-22366\" srcset=\"https:\/\/www.naturalscience.org\/wp-content\/uploads\/2016\/10\/lukas-waldmann.jpg 284w, https:\/\/www.naturalscience.org\/wp-content\/uploads\/2016\/10\/lukas-waldmann-225x300.jpg 225w, https:\/\/www.naturalscience.org\/wp-content\/uploads\/2016\/10\/lukas-waldmann-123x164.jpg 123w\" sizes=\"auto, (max-width: 284px) 100vw, 284px\" \/><\/p>\n<div class=\"speaker\"><strong>Lukas Waldmann<\/strong><br \/>\nNaturopata, Beinwil, Svizzera<\/div>\n<p><a href=\"http:\/\/www.naturheilpraxis-plus.ch\" target=\"_blank\">www.naturheilpraxis-plus.ch<\/a><\/p>\n<\/div>\n<\/div>\n<\/div>\n<div class=\"title-box\">\n<h2>Sabato 5 novembre 2016, dalle ore 09:00 alle ore 18:30<\/h2>\n<\/div>\n<div class=\"lecture\">\n<div class=\"row\">\n<div class=\"small-24 medium-18 columns\">\n<h2>Tu sei un genio!<\/h2>\n<h3>Gli ultimi risultati della ricerca sul cervello stimolano la vostra materia grigia verso nuovi massimi<\/h3>\n<p>Siete nati cervelloni oppure un po\u2019 tonti e credete che questo sia per sempre? Risposta sbagliata! Dal campo della neuro-plasticit\u00e0, una branca affascinante della neurobiologia, \u00e8 noto che le sinapsi, le cellule nervose, o anche intere aree cerebrali, possono cambiare continuamente la loro funzione e la loro anatomia a seconda di come vengono utilizzate durante tutta la vita. Con apprendimento visionario e strategie di pensiero come l\u2019Image Streaming tutti possono diventare un genio. Avanzate in nuove sfere durante questo workshop in tre parti!<\/p>\n<div class=\"speaker description\">Nato e cresciuto in Germania, ma da qualche decennio abitante in Svizzera, Dietmar Schumann lavora da molti anni come istruttore e direttore di seminari. La sua area di competenza sono i risultati e le tecniche mentali del dottor Win Wenger. Gli esercizi semplici che possono essere appresi da chiunque, sono eccezionalmente efficaci nel promuovere la propria creativit\u00e0 e intelligenza, e nel rafforzamento della propria intuizione, creando cos\u00ec nuove possibilit\u00e0 per la soluzione dei problemi e per l&#8217;apprendimento.<\/div>\n<\/div>\n<div class=\"small-24 medium-6 columns\">\n<img loading=\"lazy\" decoding=\"async\" src=\"https:\/\/www.naturalscience.org\/wp-content\/uploads\/2016\/10\/dietmar-schumann.jpg\" alt=\"dietmar-schumann\" width=\"283\" height=\"378\" class=\"alignnone size-full wp-image-22365\" srcset=\"https:\/\/www.naturalscience.org\/wp-content\/uploads\/2016\/10\/dietmar-schumann.jpg 283w, https:\/\/www.naturalscience.org\/wp-content\/uploads\/2016\/10\/dietmar-schumann-225x300.jpg 225w, https:\/\/www.naturalscience.org\/wp-content\/uploads\/2016\/10\/dietmar-schumann-123x164.jpg 123w\" sizes=\"auto, (max-width: 283px) 100vw, 283px\" \/><\/p>\n<div class=\"speaker\"><strong>Dietmar R. Schumann<\/strong><br \/>\nConsulente Senior, Coach e Trainer, certificato in &#8220;Image Streaming Methodology&#8221;<\/div>\n<p><a href=\"http:\/\/www.image-streaming.org\/\" target=\"_blank\">www.image-streaming.org<\/a>\n<\/div>\n<\/div>\n<\/div>\n<p>&nbsp;<\/p>\n<div class=\"lecture\">\n<div class=\"row\">\n<div class=\"small-24 medium-18 columns\">\n<h2>La digitalizzazione della societ\u00e0 e le sue conseguenze<\/h2>\n<p>Una vita senza Internet: non ce la possiamo pi\u00f9 immaginare. Ma come la digitalizzazione ha cambiato la nostra societ\u00e0? Perch\u00e9 sempre pi\u00f9 persone si &#8220;perdono&#8221; su Internet? Che impatto hanno i social media sullo sviluppo e sul cervello dei nostri figli? C&#8217;\u00e8 una connessione tra l&#8217;uso dei media digitali e la rapida diffusione di disturbi di lingua e di apprendimento, deficit di attenzione, lo stress e la crescente violenza nei bambini e negli adolescenti? Scopri perch\u00e9 \u00e8 necessaria un&#8217;azione urgente e che aspetto pu\u00f2 avere un uso responsabile di queste tecnologie moderne.<\/p>\n<div class=\"speaker description\">Isabelle Schneider, che in passato ha gi\u00e0 lavorato con i bambini ed i giovani di diversi livelli di istruzione, ha completato la sua prima laurea in servizio sociale presso la Fachhochschule di Colonia. Dopo la formazione come insegnante di scuola primaria presso l&#8217;Universit\u00e0 Pedagogica di Lucerna, insegna attualmente nella Svizzera centrale. David Seiler ha lavorato presso una casa editrice svizzera per dieci anni, per la quale scrive soprattutto articoli sui problemi della salute.<\/div>\n<\/div>\n<div class=\"small-24 medium-6 columns\">\n<img loading=\"lazy\" decoding=\"async\" src=\"https:\/\/www.naturalscience.org\/wp-content\/uploads\/2016\/09\/david-seiler-isabelle-schneider.jpg\" alt=\"david-seiler-isabelle-schneider\" width=\"284\" height=\"378\" class=\"alignnone size-full wp-image-21900\" srcset=\"https:\/\/www.naturalscience.org\/wp-content\/uploads\/2016\/09\/david-seiler-isabelle-schneider.jpg 284w, https:\/\/www.naturalscience.org\/wp-content\/uploads\/2016\/09\/david-seiler-isabelle-schneider-225x300.jpg 225w, https:\/\/www.naturalscience.org\/wp-content\/uploads\/2016\/09\/david-seiler-isabelle-schneider-123x164.jpg 123w\" sizes=\"auto, (max-width: 284px) 100vw, 284px\" \/><\/p>\n<div class=\"speaker\"><strong>David Seiler<\/strong>, redattore di testi e <strong>Isabelle Schneider<\/strong>, insegnante e assistente sociale, Neuheim, Svizzera<\/div>\n<p><a href=\"http:\/\/www.kinder-im-internet.com\/\" target=\"_blank\">www.kinder-im-internet.com<\/a>\n<\/div>\n<\/div>\n<\/div>\n<p>&nbsp;<\/p>\n<div class=\"lecture\">\n<div class=\"row\">\n<div class=\"small-24 medium-15 columns\">\n<h2>Il fascino della musica: Benedizione o maledizione?<\/h2>\n<h3><\/h3>\n<p>La musica conforta, guarisce, d\u00e0 energia, calma, sprona. Ma proprio come la musica ci pu\u00f2 elevare, pu\u00f2 anche umiliarci e persino distruggerci. Perch\u00e9 la musica agisce su di noi in modo cos\u00ec potente (positivo o negativo)? Quale effetto ha su di noi questa radiazione acustica onnipresente? La musica pu\u00f2 essere usata per manipolare? E cosa si intende per musica violenta? La perdita di virt\u00f9 morali e l\u2019aumento di criminalit\u00e0 sono in qualche modo correlati con la musica? Che cos\u2019\u00e8 la musica in primo luogo e come pu\u00f2 essere utilizzata per il bene dell\u2019umanit\u00e0?<\/p>\n<div class=\"speaker description\">Cresciuta in una casa da genitori molto musicali, Cornelie Thomas ha imparato a suonare il flauto trasversale da bambina. Inizialmente Cornelie Thomas ha studiato matematica a Friburgo, in Germania, ma dopo aver completato gli studi le fu subito chiaro che avrebbe perseguito una carriera musicale a titolo professionale. Subito dopo ha studiato flauto a Karlsruhe, seguito da un impegno pluriennale come flautista solista nell&#8217;orchestra Bruckner di Linz, in Austria. Pi\u00f9 tardi, Cornelie Thomas ha condiviso il suo amore per la musica anche come insegnante di musica.<\/div>\n<div class=\"speaker description\">Sandro K\u00fcnzle \u00e9 cresciuto in Svizzera. Dopo il suo apprendistato come impiegato di banca qualificato, ha lavorato in varie posizioni a Londra, Parigi e Ginevra, nel settore della finanza internazionale, nonch\u00e9 nella posizione di vice presidente del dipartimento di borsa di una banca di Zurigo. Successivamente ha fondato la sua societ\u00e0 di consulenza finanziaria. Negli ultimi due decenni, ha vissuto in un ambiente naturale di una regione incontaminata della Toscana meridionale, dove insieme alla moglie dirige un&#8217;azienda agricola con 2.400 alberi di ulivo, produce olio d&#8217;oliva biologico e offre vacanze agrituristiche nella sua tenuta. La musica \u00e8 stata un intermediario importante in questa inversione di tendenza da una vita nel mondo frenetico e chiassoso della finanza a quello di e con un\u2019l&#8217;agricoltura naturale.<\/div>\n<\/div>\n<div class=\"small-24 medium-9 columns\">\n<div class=\"row\">\n<div class=\"small-24 medium-12 columns\">\n<img loading=\"lazy\" decoding=\"async\" src=\"https:\/\/www.naturalscience.org\/wp-content\/uploads\/2016\/10\/cornelie-thomas-2.jpg\" alt=\"cornelie-thomas-2\" width=\"287\" height=\"382\" class=\"alignnone size-full wp-image-22404\" srcset=\"https:\/\/www.naturalscience.org\/wp-content\/uploads\/2016\/10\/cornelie-thomas-2.jpg 287w, https:\/\/www.naturalscience.org\/wp-content\/uploads\/2016\/10\/cornelie-thomas-2-225x300.jpg 225w, https:\/\/www.naturalscience.org\/wp-content\/uploads\/2016\/10\/cornelie-thomas-2-123x164.jpg 123w\" sizes=\"auto, (max-width: 287px) 100vw, 287px\" \/><\/p>\n<div class=\"speaker\"><strong>Cornelie Thomas<\/strong><br \/>\nDiplomata in Matem\u00e1tica ed insegnante di musica, Werle, Germania<\/div>\n<\/div>\n<div class=\"small-24 medium-12 columns\">\n<img loading=\"lazy\" decoding=\"async\" src=\"https:\/\/www.naturalscience.org\/wp-content\/uploads\/2016\/10\/sandro-kuenzle.jpg\" alt=\"sandro-kuenzle\" width=\"278\" height=\"370\" class=\"alignnone size-full wp-image-22363\" srcset=\"https:\/\/www.naturalscience.org\/wp-content\/uploads\/2016\/10\/sandro-kuenzle.jpg 278w, https:\/\/www.naturalscience.org\/wp-content\/uploads\/2016\/10\/sandro-kuenzle-225x300.jpg 225w, https:\/\/www.naturalscience.org\/wp-content\/uploads\/2016\/10\/sandro-kuenzle-123x164.jpg 123w\" sizes=\"auto, (max-width: 278px) 100vw, 278px\" \/><\/p>\n<div class=\"speaker\"><strong>Sandro K\u00fcnzle<\/strong><br \/>\nConsulente di gestione ed agricoltore, Sassofortino, Italia.<\/div>\n<\/div>\n<\/div>\n<\/div>\n<\/div>\n<\/div>\n<p>&nbsp;<\/p>\n<div class=\"title-box\">\n<h2>Domenica 6 novembre 2016, dalle ore 09:30 alle ore 13:00<\/h2>\n<\/div>\n<div class=\"lecture\">\n<div class=\"row\">\n<div class=\"small-24 medium-18 columns\">\n<h2>Agricoltura climatica: per suoli sani ed acqua pulita<\/h2>\n<p>Oggi l&#8217;agricoltura industrializzata ha generato attraverso la sua falsa massima &#8220;sempre pi\u00f9 grandi, pi\u00f9 veloci e meno costosi&#8221;, dei veri e propri &#8220;deserti agricoli&#8221;. Ma il terreno sano e l&#8217;acqua potabile filtrata e pulita attraverso di esso, costituiscono la base di tutta la vita. Solo la piccola, flessibile, regionale l&#8217;agricoltura contadina ha le soluzioni sostenibili appropriate per rendere i terreni di nuovo sani. Cos\u00ec l&#8217;agricoltura climatica con carbone vegetale: aumenta il contenuto di humus e con ci\u00f2 la fertilit\u00e0 del suolo e quindi influenza in modo positivo i terreni l&#8217;acqua, l&#8217;aria ed il cibo, in breve l&#8217;intero ecosistema.<\/p>\n<div class=\"speaker description\">J\u00f6rg Dossenbach \u00e9 cresciuto in una fattoria della Svizzera centrale. Come falegname diplomato, nel 1990 ha rilevato inizialmente, da nuovo arrivato, l&#8217;azienda agricola Arbach. Nel 1993 J\u00f6rg Dossenbach ha acquistato il podere e la fornitura di acqua di Arbach. Nello stesso anno ha frequentato il suo primo corso di compostaggio, e da allora si sono succeduti diversi ulteriori corsi di formazione. Dal 1999 al 2011 si \u00e9 dedicato intensamente al risanamento della fornitura di acqua potabile. Da due anni, nella fattoria di Arbach vengono eseguiti con successo esperimenti con il carbone vegetale.<\/div>\n<\/div>\n<div class=\"small-24 medium-6 columns\">\n<img loading=\"lazy\" decoding=\"async\" src=\"https:\/\/www.naturalscience.org\/wp-content\/uploads\/2016\/10\/joerg-dossenbach.jpg\" alt=\"joerg-dossenbach\" width=\"278\" height=\"370\" class=\"alignnone size-full wp-image-22489\" srcset=\"https:\/\/www.naturalscience.org\/wp-content\/uploads\/2016\/10\/joerg-dossenbach.jpg 278w, https:\/\/www.naturalscience.org\/wp-content\/uploads\/2016\/10\/joerg-dossenbach-225x300.jpg 225w, https:\/\/www.naturalscience.org\/wp-content\/uploads\/2016\/10\/joerg-dossenbach-123x164.jpg 123w\" sizes=\"auto, (max-width: 278px) 100vw, 278px\" \/><\/p>\n<div class=\"speaker\"><strong>J\u00f6rg Dossenbach<\/strong><br \/>\nArbach, Svizzera<\/div>\n<\/div>\n<\/div>\n<\/div>\n<p>&nbsp;<\/p>\n<div class=\"lecture\">\n<div class=\"row\">\n<div class=\"small-24 columns\">\n<h3><strong>La nostra visione ed il nostro impegno per un pianeta sano&nbsp;: la via della natura&nbsp;!<\/strong><\/h3>\n<div class=\"speaker\">The Very Rev. Dean em. Paul Probst, SF, Presidente Europeo della \u201cThe World Foundation for Natural Science\u201d, Lucerna, Svizzera<\/div>\n<\/div>\n<\/div>\n<\/div>\n<p>&nbsp;<\/p>\n<div class=\"content-box green-1 width-100\">\n<div class=\"content-box-title text-center\"><i class=\"fa fa-info-circle\"><\/i> Informazioni sul congresso<\/div>\n<div class=\"content-box-body\">\n<div class=\"row\">\n<div class=\"small-24 medium-15 columns\">\n<div class=\"row\">\n<div class=\"small-24 columns\">\n<h3>Programma del congresso<\/h3>\n<table class=\"fees\">\n<tbody>\n<tr>\n<th><\/th>\n<th>Programma<\/th>\n<th>Registrazione<\/th>\n<\/tr>\n<tr>\n<td>Gioved\u00ec 3 novembre 2016<\/td>\n<td>dalle ore 19:00<br \/>\nalle ore 21:00<\/td>\n<td>dalle ore 15:00<br \/>\nalle ore 18:45<\/td>\n<\/tr>\n<tr>\n<td>Venerd\u00ec 4 novembre 2016<\/td>\n<td>dalle ore 09:00<br \/>\nalle ore 18:30<\/td>\n<td>dalle ore 08:00<br \/>\nalle ore 08:45<\/td>\n<\/tr>\n<tr>\n<td>Sabato 5 novembre 2016<\/td>\n<td>dalle ore 09:00<br \/>\nalle ore 18:30<\/td>\n<td>dalle ore 08:00<br \/>\nalle ore 08:45<\/td>\n<\/tr>\n<tr>\n<td>Domenica 6 novembre 2016<\/td>\n<td>dalle ore 09:30<br \/>\nalle ore 13:00<\/td>\n<td><\/td>\n<\/tr>\n<\/tbody>\n<\/table>\n<p>&nbsp;<\/p>\n<\/div>\n<\/div>\n<div class=\"row\">\n<div class=\"small-24 medium-13 columns\">\n<h3>Localit\u00e0<\/h3>\n<p><strong style=\"color: #800000;\">Per tutta la durata del congresso, l&#8217;hotel \u00e8 completamente zona non-fumatori!<\/strong><br \/>\nHotel Maritim<br \/>\nBasteistrasse 40<br \/>\n89073 Ulm, Germania<br \/>\n<i class=\"fa fa-angle-right \" ><\/i> <a href=\"https:\/\/www.maritim.com\/it\/hotel\/germania\/hotel-ulm\/panoramica-hotel#hotel_content\" target=\"_blank\">Sito web<\/a><\/p>\n<p><a class=\"button radius small\" href=\"https:\/\/www.naturalscience.org\/it\/congresso-2016\/prenotare-una-stanza\/\">Prenotare una stanza<\/a><\/p>\n<\/div>\n<div class=\"small-24 medium-11 columns\">\n<h3>Traduzioni<\/h3>\n<p>Simultanee in tedesco, inglese, spagnolo, ceco e russo, (purtroppo non in italiano)<\/p>\n<h3>Avete domande?<\/h3>\n<p>Siamo lieti di aiutarvi!<\/p>\n<ul class=\"fa-ul\">\n<li><i class=\"fa fa-envelope-o fa-li\"><\/i> <a href=\"https:\/\/www.naturalscience.org\/it\/contatti\/\"> Modulo di contatto<\/a><\/li>\n<li><i class=\"fa fa-at fa-li\"><\/i> <a href=\"mailto:contact@naturalscience.org\">contact@naturalscience.org<\/a><\/li>\n<li><i class=\"fa fa-phone fa-li\"><\/i> +41(41)798-0398<\/li>\n<\/ul>\n<\/div>\n<\/div>\n<\/div>\n<div class=\"small-24 medium-9 columns\">\n<h3>Costi di partecipazione<\/h3>\n<table class=\"fees\">\n<tbody>\n<tr>\n<th><\/th>\n<th class=\"hightlight\">L&#8217;intero<br \/>\ncongresso<\/th>\n<th>1\u00a0giorno<\/th>\n<\/tr>\n<tr>\n<td>Persona singol<\/td>\n<td class=\"hightlight\">\u20ac 350<\/td>\n<td>\u20ac 150<\/td>\n<\/tr>\n<tr>\n<td>&#8220;65+&#8221;<br \/>\n(et\u00e0 d&#8217;oro!)<\/td>\n<td class=\"hightlight\">\u20ac 240<\/td>\n<td>\u20ac 95<\/td>\n<\/tr>\n<tr>\n<td>Coniugi<br \/>\n<small>(entrambi partecipanti)<\/small><\/td>\n<td class=\"hightlight\">\u20ac 490<\/td>\n<td>\u20ac 210<\/td>\n<\/tr>\n<tr>\n<td>Studenti universitari<\/td>\n<td class=\"hightlight\">\u20ac 120<\/td>\n<td>\u20ac 50<\/td>\n<\/tr>\n<tr>\n<td>Giovani \/ scolari<\/td>\n<td class=\"hightlight\">\u20ac 95<\/td>\n<td>\u20ac 35<\/td>\n<\/tr>\n<\/tbody>\n<\/table>\n<\/div>\n<\/div>\n<\/div>\n<\/div>\n<div class=\"text-center\" style=\"margin: 40px 0;\"><a class=\"button radius large alert\" href=\"https:\/\/www.naturalscience.org\/it\/congresso-2016\/registrazione\/\"><i class=\"fa fa-hand-o-right \" ><\/i>\u00a0\u00a0Registratevi ora<\/a><\/div>\n<p style=\"text-align: center; margin-top: 40px;\"><a class=\"button radius\" href=\"https:\/\/www.naturalscience.org\/it\/congresso-2016\/\"><i class=\"fa fa-chevron-left \" ><\/i>\u00a0\u00a0Indietro al sommario<\/a><\/p>\n","protected":false},"excerpt":{"rendered":"Gioved\u00ec 3 novembre 2016, dalle ore 19&nbsp;:00 alle ore 21:00 Discorso di benvenuto e di apertura L&#8217;uomo e la natura in armonia Molte conquiste della civilt\u00e0 umana rendono la vita pi\u00f9 facile e pi\u00f9 comoda. Il prezzo della fede cieca nel progresso, nella tecnologia e nell&#8217;industrializzazione con conseguente perdita di principi morali e di rispetto [&hellip;]","protected":false},"author":9,"featured_media":0,"parent":17913,"menu_order":3,"comment_status":"closed","ping_status":"closed","template":"page-full.php","meta":{"_acf_changed":false,"ngg_post_thumbnail":0,"footnotes":""},"categories":[],"class_list":["post-22077","page","type-page","status-publish","hentry","wpautop"],"acf":[],"yoast_head":"<!-- This site is optimized with the Yoast SEO plugin v27.5 - https:\/\/yoast.com\/product\/yoast-seo-wordpress\/ -->\n<title>Programma - The World Foundation for Natural Science<\/title>\n<meta name=\"robots\" content=\"index, follow, max-snippet:-1, max-image-preview:large, max-video-preview:-1\" \/>\n<link rel=\"canonical\" href=\"https:\/\/www.naturalscience.org\/it\/congresso-2016\/programma\/\" \/>\n<meta name=\"twitter:label1\" content=\"Tempo di lettura stimato\" \/>\n\t<meta name=\"twitter:data1\" content=\"9 minutes\" \/>\n<script type=\"application\/ld+json\" class=\"yoast-schema-graph\">{\"@context\":\"https:\\\/\\\/schema.org\",\"@graph\":[{\"@type\":\"WebPage\",\"@id\":\"https:\\\/\\\/www.naturalscience.org\\\/it\\\/congresso-2016\\\/programma\\\/\",\"url\":\"https:\\\/\\\/www.naturalscience.org\\\/it\\\/congresso-2016\\\/programma\\\/\",\"name\":\"Programma - The World Foundation for Natural Science\",\"isPartOf\":{\"@id\":\"https:\\\/\\\/www.naturalscience.org\\\/#website\"},\"primaryImageOfPage\":{\"@id\":\"https:\\\/\\\/www.naturalscience.org\\\/it\\\/congresso-2016\\\/programma\\\/#primaryimage\"},\"image\":{\"@id\":\"https:\\\/\\\/www.naturalscience.org\\\/it\\\/congresso-2016\\\/programma\\\/#primaryimage\"},\"thumbnailUrl\":\"https:\\\/\\\/www.naturalscience.org\\\/wp-content\\\/uploads\\\/2016\\\/10\\\/paul-probst.jpg\",\"datePublished\":\"2016-09-19T19:32:30+00:00\",\"dateModified\":\"2016-10-16T19:11:03+00:00\",\"breadcrumb\":{\"@id\":\"https:\\\/\\\/www.naturalscience.org\\\/it\\\/congresso-2016\\\/programma\\\/#breadcrumb\"},\"inLanguage\":\"it-IT\",\"potentialAction\":[{\"@type\":\"ReadAction\",\"target\":[\"https:\\\/\\\/www.naturalscience.org\\\/it\\\/congresso-2016\\\/programma\\\/\"]}]},{\"@type\":\"ImageObject\",\"inLanguage\":\"it-IT\",\"@id\":\"https:\\\/\\\/www.naturalscience.org\\\/it\\\/congresso-2016\\\/programma\\\/#primaryimage\",\"url\":\"https:\\\/\\\/www.naturalscience.org\\\/wp-content\\\/uploads\\\/2016\\\/10\\\/paul-probst.jpg\",\"contentUrl\":\"https:\\\/\\\/www.naturalscience.org\\\/wp-content\\\/uploads\\\/2016\\\/10\\\/paul-probst.jpg\"},{\"@type\":\"BreadcrumbList\",\"@id\":\"https:\\\/\\\/www.naturalscience.org\\\/it\\\/congresso-2016\\\/programma\\\/#breadcrumb\",\"itemListElement\":[{\"@type\":\"ListItem\",\"position\":1,\"name\":\"Home\",\"item\":\"https:\\\/\\\/www.naturalscience.org\\\/it\\\/\"},{\"@type\":\"ListItem\",\"position\":2,\"name\":\"21\u00b0 Congresso Mondiale Internazionale \u201eNuova Prospettiva Scientifica\u201c\",\"item\":\"https:\\\/\\\/www.naturalscience.org\\\/it\\\/congresso-2016\\\/\"},{\"@type\":\"ListItem\",\"position\":3,\"name\":\"Programma\"}]},{\"@type\":\"WebSite\",\"@id\":\"https:\\\/\\\/www.naturalscience.org\\\/#website\",\"url\":\"https:\\\/\\\/www.naturalscience.org\\\/\",\"name\":\"The World Foundation for Natural Science\",\"description\":\"Restoring and Healing the World through Responsibility and Commitment in accord with Natural and Divine Law!\",\"potentialAction\":[{\"@type\":\"SearchAction\",\"target\":{\"@type\":\"EntryPoint\",\"urlTemplate\":\"https:\\\/\\\/www.naturalscience.org\\\/?s={search_term_string}\"},\"query-input\":{\"@type\":\"PropertyValueSpecification\",\"valueRequired\":true,\"valueName\":\"search_term_string\"}}],\"inLanguage\":\"it-IT\"}]}<\/script>\n<!-- \/ Yoast SEO plugin. -->","yoast_head_json":{"title":"Programma - The World Foundation for Natural Science","robots":{"index":"index","follow":"follow","max-snippet":"max-snippet:-1","max-image-preview":"max-image-preview:large","max-video-preview":"max-video-preview:-1"},"canonical":"https:\/\/www.naturalscience.org\/it\/congresso-2016\/programma\/","twitter_misc":{"Tempo di lettura stimato":"9 minutes"},"schema":{"@context":"https:\/\/schema.org","@graph":[{"@type":"WebPage","@id":"https:\/\/www.naturalscience.org\/it\/congresso-2016\/programma\/","url":"https:\/\/www.naturalscience.org\/it\/congresso-2016\/programma\/","name":"Programma - The World Foundation for Natural Science","isPartOf":{"@id":"https:\/\/www.naturalscience.org\/#website"},"primaryImageOfPage":{"@id":"https:\/\/www.naturalscience.org\/it\/congresso-2016\/programma\/#primaryimage"},"image":{"@id":"https:\/\/www.naturalscience.org\/it\/congresso-2016\/programma\/#primaryimage"},"thumbnailUrl":"https:\/\/www.naturalscience.org\/wp-content\/uploads\/2016\/10\/paul-probst.jpg","datePublished":"2016-09-19T19:32:30+00:00","dateModified":"2016-10-16T19:11:03+00:00","breadcrumb":{"@id":"https:\/\/www.naturalscience.org\/it\/congresso-2016\/programma\/#breadcrumb"},"inLanguage":"it-IT","potentialAction":[{"@type":"ReadAction","target":["https:\/\/www.naturalscience.org\/it\/congresso-2016\/programma\/"]}]},{"@type":"ImageObject","inLanguage":"it-IT","@id":"https:\/\/www.naturalscience.org\/it\/congresso-2016\/programma\/#primaryimage","url":"https:\/\/www.naturalscience.org\/wp-content\/uploads\/2016\/10\/paul-probst.jpg","contentUrl":"https:\/\/www.naturalscience.org\/wp-content\/uploads\/2016\/10\/paul-probst.jpg"},{"@type":"BreadcrumbList","@id":"https:\/\/www.naturalscience.org\/it\/congresso-2016\/programma\/#breadcrumb","itemListElement":[{"@type":"ListItem","position":1,"name":"Home","item":"https:\/\/www.naturalscience.org\/it\/"},{"@type":"ListItem","position":2,"name":"21\u00b0 Congresso Mondiale Internazionale \u201eNuova Prospettiva Scientifica\u201c","item":"https:\/\/www.naturalscience.org\/it\/congresso-2016\/"},{"@type":"ListItem","position":3,"name":"Programma"}]},{"@type":"WebSite","@id":"https:\/\/www.naturalscience.org\/#website","url":"https:\/\/www.naturalscience.org\/","name":"The World Foundation for Natural Science","description":"Restoring and Healing the World through Responsibility and Commitment in accord with Natural and Divine Law!","potentialAction":[{"@type":"SearchAction","target":{"@type":"EntryPoint","urlTemplate":"https:\/\/www.naturalscience.org\/?s={search_term_string}"},"query-input":{"@type":"PropertyValueSpecification","valueRequired":true,"valueName":"search_term_string"}}],"inLanguage":"it-IT"}]}},"_links":{"self":[{"href":"https:\/\/www.naturalscience.org\/it\/wp-json\/wp\/v2\/pages\/22077","targetHints":{"allow":["GET"]}}],"collection":[{"href":"https:\/\/www.naturalscience.org\/it\/wp-json\/wp\/v2\/pages"}],"about":[{"href":"https:\/\/www.naturalscience.org\/it\/wp-json\/wp\/v2\/types\/page"}],"author":[{"embeddable":true,"href":"https:\/\/www.naturalscience.org\/it\/wp-json\/wp\/v2\/users\/9"}],"replies":[{"embeddable":true,"href":"https:\/\/www.naturalscience.org\/it\/wp-json\/wp\/v2\/comments?post=22077"}],"version-history":[{"count":27,"href":"https:\/\/www.naturalscience.org\/it\/wp-json\/wp\/v2\/pages\/22077\/revisions"}],"predecessor-version":[{"id":22499,"href":"https:\/\/www.naturalscience.org\/it\/wp-json\/wp\/v2\/pages\/22077\/revisions\/22499"}],"up":[{"embeddable":true,"href":"https:\/\/www.naturalscience.org\/it\/wp-json\/wp\/v2\/pages\/17913"}],"wp:attachment":[{"href":"https:\/\/www.naturalscience.org\/it\/wp-json\/wp\/v2\/media?parent=22077"}],"wp:term":[{"taxonomy":"category","embeddable":true,"href":"https:\/\/www.naturalscience.org\/it\/wp-json\/wp\/v2\/categories?post=22077"}],"curies":[{"name":"wp","href":"https:\/\/api.w.org\/{rel}","templated":true}]}}