{"id":31349,"date":"2019-10-24T15:16:49","date_gmt":"2019-10-24T13:16:49","guid":{"rendered":"https:\/\/www.naturalscience.org\/?page_id=31349"},"modified":"2019-10-25T22:36:09","modified_gmt":"2019-10-25T20:36:09","slug":"programme","status":"publish","type":"page","link":"https:\/\/www.naturalscience.org\/fr\/congres-2019\/programme\/","title":{"rendered":"Programme"},"content":{"rendered":"<div class=\"title-box\">Jeudi 31 octobre 2019<\/div>\r\n<a name=\"probst\"><\/a>\r\n<div class=\"lecture\">\r\n<div class=\"row\">\r\n<div class=\"small-24 medium-18 columns\">\r\n<h2>Le fardeau de la solitude<\/h2>\r\n<h3>Pourquoi la convivialit\u00e9 et l\u2019entraide sont essentielles pour nous<\/h3>\r\nPour les personnes, les relations, les partenariats, la famille, les amiti\u00e9s, les liens, la compassion et la communication sont d\u2019une importance tellement forte que nous r\u00e9agissons s\u00e9rieusement lorsqu&rsquo;il en manque ou m\u00eame lorsqu&rsquo;il n&rsquo;y en a pas du tout. Les&nbsp;\u00ab&nbsp;sympt\u00f4mes&nbsp;\u00bb vont d&rsquo;un refroidissement \u00e0 l\u2019hypertension art\u00e9rielle, \u00e0 la crise cardiaque, \u00e0 l\u2019attaque c\u00e9r\u00e9brale, au cancer, \u00e0 la maladie mentale et \u00e0 la mort. Que pouvons-nous faire au sujet de la solitude dont souffrent de plus en plus de gens?\r\n<div class=\"speaker-description\">P\u00e8re de six enfants, naturopathe depuis plus de 30 ans et pr\u00eatre ordonn\u00e9, The Very Rev. Dean em. Paul Probst, SF, dispose d&rsquo;une vaste somme d&rsquo;exp\u00e9riences et de connaissances, le rendant ainsi la personne id\u00e9ale pour diriger The World Foundation for Natural Science en tant que Pr\u00e9sident Europ\u00e9en et pour expliquer aux gens le rapport existant entre les sciences naturelles et la religion.<\/div>\r\n<\/div>\r\n<div class=\"small-24 medium-6 columns\">\r\n\r\n<img loading=\"lazy\" decoding=\"async\" class=\"alignnone size-size-400 wp-image-31122\" src=\"https:\/\/www.naturalscience.org\/wp-content\/uploads\/2019\/09\/congress-2019-speaker-probst-300x400.jpg\" alt=\"\" width=\"300\" height=\"400\" srcset=\"https:\/\/www.naturalscience.org\/wp-content\/uploads\/2019\/09\/congress-2019-speaker-probst-300x400.jpg 300w, https:\/\/www.naturalscience.org\/wp-content\/uploads\/2019\/09\/congress-2019-speaker-probst-225x300.jpg 225w, https:\/\/www.naturalscience.org\/wp-content\/uploads\/2019\/09\/congress-2019-speaker-probst-123x164.jpg 123w, https:\/\/www.naturalscience.org\/wp-content\/uploads\/2019\/09\/congress-2019-speaker-probst-375x500.jpg 375w, https:\/\/www.naturalscience.org\/wp-content\/uploads\/2019\/09\/congress-2019-speaker-probst.jpg 601w\" sizes=\"auto, (max-width: 300px) 100vw, 300px\" \/>\r\n<div class=\"speaker\"><strong>The Very Reverend Dean em. Paul PROBST, SF<\/strong>, Pr\u00e9sident Europ\u00e9en de The World Foundation for Natural Science, Lucerne, Suisse<\/div>\r\n<\/div>\r\n<\/div>\r\n<\/div>\r\n<div class=\"title-box\">Vendredi 1er novembre 2019<\/div>\r\n<a name=\"ulrich1\"><\/a>\r\n<div class=\"lecture\">\r\n<div class=\"row\">\r\n<div class=\"small-24 medium-18 columns\">\r\n<h2>5G \u2013 Totalement num\u00e9rique?<\/h2>\r\n<h3>Pourquoi la 5G est plus qu\u2019un nouveau standard de communication mobile<\/h3>\r\nLe t\u00e9l\u00e9phone sans fil au travail, le smartphone dans votre poche, le WIFI et le compteur intelligent \u00e0 la maison \u2013 et maintenant la nouvelle norme de communication mobile 5G, signifient que l\u2019exposition aux rayonnements \u00e9lectromagn\u00e9tiques augmente constamment. Mais dans quelle mesure le rayonnement est-il vraiment nocif&nbsp;? Les valeurs limites internationales offrent-elles une protection suffisante&nbsp;? Qui veut de la 5G&nbsp;? Et qu\u2019y a-t-il de vraiment nouveau&nbsp;? Franz Ulrich explique l\u2019inconv\u00e9nient de la communication mobile sans vouloir paniquer et pr\u00e9sente des possibilit\u00e9s d\u2019actions concr\u00e8tes au quotidien.\r\n<div class=\"speaker-description\">Franz Ulrich est ing\u00e9nieur \u00e9lectricien dipl\u00f4m\u00e9 (EPF Zurich) et dirige depuis 12 ans, avec son \u00e9pouse, un bureau sur les questions d\u2019\u00e9nergie et d\u2019\u00e9lectrosmog. Une exp\u00e9rience pratique de longue date, l\u2019int\u00e9r\u00eat pour la reconnaissance de contextes et les exp\u00e9riences men\u00e9es dans son propre laboratoire lui permettent d\u2019acqu\u00e9rir de grandes connaissances qu\u2019il est heureux de transmettre lors de conf\u00e9rences.<\/div>\r\n<\/div>\r\n<div class=\"small-24 medium-6 columns\">\r\n\r\n<img loading=\"lazy\" decoding=\"async\" class=\"alignnone size-size-400 wp-image-31148\" src=\"https:\/\/www.naturalscience.org\/wp-content\/uploads\/2019\/09\/congress-2019-speaker-ulrich-f-267x400.jpg\" alt=\"\" width=\"267\" height=\"400\" srcset=\"https:\/\/www.naturalscience.org\/wp-content\/uploads\/2019\/09\/congress-2019-speaker-ulrich-f-267x400.jpg 267w, https:\/\/www.naturalscience.org\/wp-content\/uploads\/2019\/09\/congress-2019-speaker-ulrich-f-200x300.jpg 200w, https:\/\/www.naturalscience.org\/wp-content\/uploads\/2019\/09\/congress-2019-speaker-ulrich-f-109x164.jpg 109w, https:\/\/www.naturalscience.org\/wp-content\/uploads\/2019\/09\/congress-2019-speaker-ulrich-f-333x500.jpg 333w, https:\/\/www.naturalscience.org\/wp-content\/uploads\/2019\/09\/congress-2019-speaker-ulrich-f.jpg 400w\" sizes=\"auto, (max-width: 267px) 100vw, 267px\" \/>\r\n<div class=\"speaker\"><strong>Franz ULRICH<\/strong>, Ing\u00e9nieur en \u00c9lectricit\u00e9 EPF, Hohenrain, Suisse<\/div>\r\n<\/div>\r\n<\/div>\r\n<\/div>\r\n<a name=\"ulrich2\"><\/a>\r\n<div class=\"lecture\">\r\n<div class=\"row\">\r\n<div class=\"small-24 medium-18 columns\">\r\n<h2>La communication mobile est-elle malsaine?<\/h2>\r\n<h3>Les effets visibles du rayonnement \u00e9lectromagn\u00e9tique<\/h3>\r\nComment notre corps g\u00e8re-t-il le rayonnement des t\u00e9l\u00e9phones portables&nbsp;? Est-il possible de reconna\u00eetre facilement l\u2019effet du rayonnement technique sur les syst\u00e8mes naturels&nbsp;? Les radiations modifient-elles l\u2019eau, l\u2019\u00e9l\u00e9ment dont d\u00e9pend toute vie&nbsp;? Comment les animaux et les plantes r\u00e9agissent-ils? Denise Ulrich a \u00e9tudi\u00e9 cette question \u00e0 l\u2019aide d\u2019exp\u00e9riences faites dans son propre laboratoire. Ses r\u00e9sultats fournissent des r\u00e9ponses claires et montrent que la solution est simple.\r\n<div class=\"speaker-description\">Denise Ulrich travaille comme g\u00e9ographe ind\u00e9pendante, apr\u00e8s de nombreuses ann\u00e9es d\u2019enseignement dans un lyc\u00e9e. Elle aime observer la nature et en apprendre. Depuis quelques ann\u00e9es, elle se consacre aux questions de qualit\u00e9 et de structure de l\u2019eau. Dans son propre petit laboratoire, elle a la possibilit\u00e9 de prouver la th\u00e9orie par des exp\u00e9riences pratiques.<\/div>\r\n<\/div>\r\n<div class=\"small-24 medium-6 columns\">\r\n\r\n<img loading=\"lazy\" decoding=\"async\" class=\"alignnone size-size-400 wp-image-31147\" src=\"https:\/\/www.naturalscience.org\/wp-content\/uploads\/2019\/09\/congress-2019-speaker-ulrich-d-267x400.jpg\" alt=\"\" width=\"267\" height=\"400\" srcset=\"https:\/\/www.naturalscience.org\/wp-content\/uploads\/2019\/09\/congress-2019-speaker-ulrich-d-267x400.jpg 267w, https:\/\/www.naturalscience.org\/wp-content\/uploads\/2019\/09\/congress-2019-speaker-ulrich-d-200x300.jpg 200w, https:\/\/www.naturalscience.org\/wp-content\/uploads\/2019\/09\/congress-2019-speaker-ulrich-d-109x164.jpg 109w, https:\/\/www.naturalscience.org\/wp-content\/uploads\/2019\/09\/congress-2019-speaker-ulrich-d-333x500.jpg 333w, https:\/\/www.naturalscience.org\/wp-content\/uploads\/2019\/09\/congress-2019-speaker-ulrich-d.jpg 400w\" sizes=\"auto, (max-width: 267px) 100vw, 267px\" \/>\r\n<div class=\"speaker\"><strong>Denise Ulrich<\/strong>, Dipl\u00f4m\u00e9e en G\u00e9ographie (Msc) et en enseignement secondaire (DAES), Hohenrain, Suisse<\/div>\r\n<\/div>\r\n<\/div>\r\n<\/div>\r\n<a name=\"baumann\"><\/a>\r\n<div class=\"lecture\">\r\n<div class=\"row\">\r\n<div class=\"small-24 medium-18 columns\">\r\n<h2>\u00ab&nbsp;Celui qui se repose, rouille&nbsp;!&nbsp;\u00bb<\/h2>\r\n<h3>Des instructions pratiques pour davantage de mouvements au quotidien<\/h3>\r\nS\u2019il y a un manque de mouvements, quelque chose s\u2019arr\u00eate, non seulement sur le plan physique, mais aussi au niveau de nos pens\u00e9es et nos sentiments. Gabriela Baumann parle de&nbsp;\u00ab&nbsp;l\u2019arbre de vie&nbsp;\u00bb de l&rsquo;\u00eatre humain et de l\u2019impact de la respiration et de la posture sur nos sentiments et notre sant\u00e9 en g\u00e9n\u00e9ral. Si vous ne vous exercez pas r\u00e9guli\u00e8rement dans certaines activit\u00e9s, vous perdez la capacit\u00e9 de le faire. Votre corps vous parle&nbsp;: un guide \u00e0 \u00e9couter.\r\n<div class=\"speaker-description\">Gabriela Baumann travaille depuis plus de dix ans dans le domaine de la th\u00e9rapie corporelle holistique et utilise des m\u00e9thodes alternatives douces pour ramener le corps dans une posture optimale \u00e0 tous les niveaux, soulager la douleur et favoriser le bien-\u00eatre.<\/div>\r\n<\/div>\r\n<div class=\"small-24 medium-6 columns\">\r\n\r\n<img loading=\"lazy\" decoding=\"async\" class=\"alignnone size-size-400 wp-image-31126\" src=\"https:\/\/www.naturalscience.org\/wp-content\/uploads\/2019\/09\/congress-2019-speaker-baumann-321x400.jpg\" alt=\"\" width=\"321\" height=\"400\" srcset=\"https:\/\/www.naturalscience.org\/wp-content\/uploads\/2019\/09\/congress-2019-speaker-baumann-321x400.jpg 321w, https:\/\/www.naturalscience.org\/wp-content\/uploads\/2019\/09\/congress-2019-speaker-baumann-241x300.jpg 241w, https:\/\/www.naturalscience.org\/wp-content\/uploads\/2019\/09\/congress-2019-speaker-baumann-132x164.jpg 132w, https:\/\/www.naturalscience.org\/wp-content\/uploads\/2019\/09\/congress-2019-speaker-baumann-401x500.jpg 401w, https:\/\/www.naturalscience.org\/wp-content\/uploads\/2019\/09\/congress-2019-speaker-baumann.jpg 601w\" sizes=\"auto, (max-width: 321px) 100vw, 321px\" \/>\r\n<div class=\"speaker\"><strong>Gabriela BAUMANN<\/strong>, Dipl\u00f4m\u00e9e en th\u00e9rapie selon Dorn, Horgen, Suisse<\/div>\r\n<\/div>\r\n<\/div>\r\n<\/div>\r\n<div class=\"title-box\">Samedi 2 novembre 2019<\/div>\r\n<a name=\"schiffer\"><\/a>\r\n<div class=\"lecture\">\r\n<div class=\"row\">\r\n<div class=\"small-24 medium-18 columns\">\r\n<h2>R\u00e9volution apicole \u2013 Protection des abeilles mellif\u00e8res<\/h2>\r\n<h3>Ce dont les abeilles ont vraiment besoin <\/h3>\r\nLes ruches des abeilles, dans leur forme actuelle, ont \u00e9t\u00e9 con\u00e7ues par l\u2019homme pour permettre de manipuler  les abeilles aussi facilement que possible. Ce faisant, nous nous sommes \u00e9loign\u00e9s de plus en plus de la nature, avec des effets n\u00e9fastes consid\u00e9rables sur la sant\u00e9 des abeilles. Il s\u2019agit maintenant de mettre l\u2019accent sur le comportement naturel et les besoins des abeilles mellif\u00e8res et de leur offrir \u00e0 nouveau des habitats naturels. En fin de compte, il s\u2019agit de pr\u00e9server l\u2019esp\u00e8ce.\r\n<div class=\"speaker-description\">Torben Schiffer, de Hambourg, professeur et scientifique, s\u2019occupe \u00e0 l\u2019universit\u00e9 de W\u00fcrzburg d\u2019abeilles sauvages vivant dans des troncs d\u2019arbres. Il est le fondateur du projet Beenature et souhaite que les abeilles puissent \u00e0 nouveau vivre dans des conditions naturelles. Il examine les diff\u00e9rences climatiques entre les habitats naturels des abeilles et les ruches fabriqu\u00e9es, ainsi que leurs effets sur la sant\u00e9, le comportement et la biologie des abeilles.<\/div>\r\n<\/div>\r\n<div class=\"small-24 medium-6 columns\">\r\n\r\n<img loading=\"lazy\" decoding=\"async\" class=\"alignnone size-size-400 wp-image-31123\" src=\"https:\/\/www.naturalscience.org\/wp-content\/uploads\/2019\/09\/congress-2019-speaker-schiffer-309x400.jpg\" alt=\"\" width=\"309\" height=\"400\" srcset=\"https:\/\/www.naturalscience.org\/wp-content\/uploads\/2019\/09\/congress-2019-speaker-schiffer-309x400.jpg 309w, https:\/\/www.naturalscience.org\/wp-content\/uploads\/2019\/09\/congress-2019-speaker-schiffer-231x300.jpg 231w, https:\/\/www.naturalscience.org\/wp-content\/uploads\/2019\/09\/congress-2019-speaker-schiffer-127x164.jpg 127w, https:\/\/www.naturalscience.org\/wp-content\/uploads\/2019\/09\/congress-2019-speaker-schiffer-386x500.jpg 386w, https:\/\/www.naturalscience.org\/wp-content\/uploads\/2019\/09\/congress-2019-speaker-schiffer.jpg 601w\" sizes=\"auto, (max-width: 309px) 100vw, 309px\" \/>\r\n<div class=\"speaker\"><strong>Torben SCHIFFER<\/strong>, Professeur, Neu Wumstorf, Allemagne<\/div>\r\n<\/div>\r\n<\/div>\r\n<\/div>\r\n<a name=\"waldmann\"><\/a>\r\n<div class=\"lecture\">\r\n<div class=\"row\">\r\n<div class=\"small-24 medium-18 columns\">\r\n<h2>Se lib\u00e9rer des substances toxiques<\/h2>\r\n<h3>Comment aider notre corps \u00e0 se d\u00e9barrasser des toxines de fa\u00e7on s\u00fbre<\/h3>\r\nNous vivons dans un monde tr\u00e8s pollu\u00e9. Des \u00e9tudes et des donn\u00e9es empiriques montrent que les toxines et les d\u00e9chets m\u00e9taboliques propres \u00e0 l\u2019organisme, ainsi que les toxines absorb\u00e9es par l\u2019environnement, peuvent \u00eatre nocifs pour l\u2019organisme. C\u2019est pourquoi la d\u00e9sintoxication de notre corps, de nos organes et de nos tissus est plus importante que jamais. Le foie et l\u2019intestin jouent un r\u00f4le essentiel \u00e0 cet \u00e9gard. Comment aidons-nous ces organes excr\u00e9teurs \u00e0 \u00e9liminer les toxines de mani\u00e8re s\u00fbre et cibl\u00e9e?\r\n<div class=\"speaker-description\">Lukas Waldmann a obtenu son dipl\u00f4me f\u00e9d\u00e9ral de Naturopathe NTE (Naturopathie Traditionnelle Europ\u00e9enne) \u00e0 l\u2019\u00c9cole de M\u00e9decine Naturelle Appliqu\u00e9e de Zurich, Suisse. Depuis dix-neuf ans, il a son propre cabinet, utilisant en particulier les m\u00e9decines alternatives. Lukas Waldmann se distingue par sa longue exp\u00e9rience dans le domaine de la sant\u00e9 intestinale, de l\u2019alimentation, du m\u00e9tabolisme et de la d\u00e9sintoxication, ainsi que par la collaboration avec des m\u00e9decins et des dentistes.<\/div>\r\n<\/div>\r\n<div class=\"small-24 medium-6 columns\">\r\n\r\n<img loading=\"lazy\" decoding=\"async\" class=\"alignnone size-size-400 wp-image-31125\" src=\"https:\/\/www.naturalscience.org\/wp-content\/uploads\/2019\/09\/congress-2019-speaker-waldmann-300x400.jpg\" alt=\"\" width=\"300\" height=\"400\" srcset=\"https:\/\/www.naturalscience.org\/wp-content\/uploads\/2019\/09\/congress-2019-speaker-waldmann-300x400.jpg 300w, https:\/\/www.naturalscience.org\/wp-content\/uploads\/2019\/09\/congress-2019-speaker-waldmann-225x300.jpg 225w, https:\/\/www.naturalscience.org\/wp-content\/uploads\/2019\/09\/congress-2019-speaker-waldmann-123x164.jpg 123w, https:\/\/www.naturalscience.org\/wp-content\/uploads\/2019\/09\/congress-2019-speaker-waldmann-375x500.jpg 375w, https:\/\/www.naturalscience.org\/wp-content\/uploads\/2019\/09\/congress-2019-speaker-waldmann.jpg 601w\" sizes=\"auto, (max-width: 300px) 100vw, 300px\" \/>\r\n<div class=\"speaker\"><strong>Lukas WALDMANN<\/strong>, Naturopathe Certifi\u00e9 Suisse NTE, Rotkreuz, Suisse<\/div>\r\n<\/div>\r\n<\/div>\r\n<\/div>\r\n<a name=\"bunk\"><\/a>\r\n<div class=\"lecture\">\r\n<div class=\"row\">\r\n<div class=\"small-24 medium-18 columns\">\r\n<h2>Adieu plastique!<\/h2>\r\n<h3>Une vie sans plastique est possible<\/h3>\r\nNulle part ailleurs en Europe, on ne produit plus de plastique qu\u2019en Allemagne, alors qu\u2019il n\u2019est pas si difficile d\u2019\u00e9chapper \u00e0 la folie des emballages. D\u00e9couvrez les effets du plastique sur l\u2019environnement et notre sant\u00e9 et ce que vous pouvez concr\u00e8tement faire pour arr\u00eater le flux de plastique. Car&nbsp;\u00ab&nbsp;Nul n\u2019a besoin d\u2019acheter du plastique, il suffit de conna\u00eetre les alternatives et ce n\u2019est pas si compliqu\u00e9 qu&rsquo;on le pense.&nbsp;\u00bb\r\n<div class=\"speaker-description\">Savon non emball\u00e9 au lieu de shampoing dans des bouteilles en plastique, chiffons \u00e0 partir de vieux T-shirts, collations dans des bo\u00eetes en acier inox&nbsp;: de telles choses vont de soi dans la famille Bunk de Munich. Pourquoi Anneliese Bunk a-t-elle chang\u00e9 la vie de sa famille de fa\u00e7on cons\u00e9quente&nbsp;? Secou\u00e9e par un reportage sur les cons\u00e9quences dramatiques de la mar\u00e9e de plastique et ses effets n\u00e9fastes sur la sant\u00e9, elle a d\u00e9cid\u00e9, en d\u00e9cembre 2013, de faire de l&rsquo;\u00e9radication du plastique sa nouvelle mission. En collaboration avec Nadine Schubert, elle a rassembl\u00e9 ses id\u00e9es dans un livre sous le titre&nbsp;\u00ab&nbsp;Vivre mieux sans plastique&nbsp;\u00bb. En juillet 2016, ce livre est arriv\u00e9 dans la liste des 20 premiers livres les plus vendus du magazine allemand SPIEGEL.<\/div>\r\n<\/div>\r\n<div class=\"small-24 medium-6 columns\">\r\n\r\n<img loading=\"lazy\" decoding=\"async\" src=\"https:\/\/www.naturalscience.org\/wp-content\/uploads\/2019\/10\/congress-2019-speaker-bunk-2-320x400.jpg\" alt=\"\" width=\"320\" height=\"400\" class=\"alignnone size-size-400 wp-image-31321\" srcset=\"https:\/\/www.naturalscience.org\/wp-content\/uploads\/2019\/10\/congress-2019-speaker-bunk-2-320x400.jpg 320w, https:\/\/www.naturalscience.org\/wp-content\/uploads\/2019\/10\/congress-2019-speaker-bunk-2-240x300.jpg 240w, https:\/\/www.naturalscience.org\/wp-content\/uploads\/2019\/10\/congress-2019-speaker-bunk-2-131x164.jpg 131w, https:\/\/www.naturalscience.org\/wp-content\/uploads\/2019\/10\/congress-2019-speaker-bunk-2-400x500.jpg 400w, https:\/\/www.naturalscience.org\/wp-content\/uploads\/2019\/10\/congress-2019-speaker-bunk-2.jpg 601w\" sizes=\"auto, (max-width: 320px) 100vw, 320px\" \/>\r\n<div class=\"speaker\"><strong>Anneliese BUNK<\/strong>, Auteur best-seller du SPIEGEL, Munich, Allemagne<\/div>\r\n<\/div>\r\n<\/div>\r\n<\/div>\r\n<div class=\"title-box\">Dimanche 3 novembre<\/div>\r\n<a name=\"thoma\"><\/a>\r\n<div class=\"lecture\">\r\n<div class=\"row\">\r\n<div class=\"small-24 medium-18 columns\">\r\n<h2>Construire avec le bois<\/h2>\r\n<h3>Sans compromis, sain, ind\u00e9pendant et dans le cycle<\/h3>\r\nAu cours des 25 derni\u00e8res ann\u00e9es, la promesse de construire des maisons qui nous rendent en bonne sant\u00e9 a donn\u00e9 naissance \u00e0 un mod\u00e8le qui transforme le secteur de la construction avec sa puissance explosive. L\u2019expos\u00e9 montre les possibilit\u00e9s qui s\u2019offrent \u00e0 nous dans la construction si nous utilisons les cadeaux de la nature et si nous renon\u00e7ons \u00e0 la chimie. Les maisons en bois v\u00e9ritable ne consomment pas d\u2019\u00e9nergie et sont les plus saines pour nous et pour l\u2019environnement. Nous pouvons regarder vers l\u2019avenir avec plaisir gr\u00e2ce au potentiel du pr\u00e9sent.\r\n<div class=\"speaker-description\">Florian Thoma, directeur g\u00e9n\u00e9ral et directeur technique de l&rsquo;entreprise Thoma Holz, est \u00e9galement  intervenant, ici et l\u00e0. Fils d\u2019Erwin Thoma, il a en quelque sorte profit\u00e9 d\u00e8s sa naissance du savoir et de l\u2019exp\u00e9rience de son p\u00e8re et de son arri\u00e8re-grand-p\u00e8re. \u00c9lev\u00e9 dans les montagnes tyroliennes recul\u00e9es, il a connu une enfance dans la nature. Un changement de domicile n\u00e9cessaire \u00e0 l\u2019entr\u00e9e \u00e0 l\u2019\u00e9cole en une maison construite avec du mat\u00e9riel toxique lui a fait d\u00e9couvrir tr\u00e8s t\u00f4t la valeur d\u2019un corps en bonne sant\u00e9. Apr\u00e8s avoir \u00e9tudi\u00e9 \u00e0 l\u2019Universit\u00e9 d&rsquo;Agronomie de Vienne, il a dirig\u00e9 de nombreux projets de recherche pour la maison Thoma. Sa profonde exp\u00e9rience personnelle et sa grande curiosit\u00e9 l\u2019incitent \u00e0 continuer d&rsquo;explorer et faire conna\u00eetre la construction avec le bois. Il vit avec sa femme Christina et ses deux enfants \u00e0 St. Johann, dans le comt\u00e9 de Pongau, au sud de Salzbourg.<\/div>\r\n<\/div>\r\n<div class=\"small-24 medium-6 columns\">\r\n\r\n<img loading=\"lazy\" decoding=\"async\" class=\"alignnone size-size-400 wp-image-31124\" src=\"https:\/\/www.naturalscience.org\/wp-content\/uploads\/2019\/09\/congress-2019-speaker-thoma-320x400.jpg\" alt=\"\" width=\"320\" height=\"400\" srcset=\"https:\/\/www.naturalscience.org\/wp-content\/uploads\/2019\/09\/congress-2019-speaker-thoma-320x400.jpg 320w, https:\/\/www.naturalscience.org\/wp-content\/uploads\/2019\/09\/congress-2019-speaker-thoma-240x300.jpg 240w, https:\/\/www.naturalscience.org\/wp-content\/uploads\/2019\/09\/congress-2019-speaker-thoma-131x164.jpg 131w, https:\/\/www.naturalscience.org\/wp-content\/uploads\/2019\/09\/congress-2019-speaker-thoma-400x500.jpg 400w, https:\/\/www.naturalscience.org\/wp-content\/uploads\/2019\/09\/congress-2019-speaker-thoma.jpg 601w\" sizes=\"auto, (max-width: 320px) 100vw, 320px\" \/>\r\n<div class=\"speaker\"><strong>Florian THOMA<\/strong>, Ing\u00e9nieur Dipl\u00f4m\u00e9, St. Johann im Pongau, Autriche<\/div>\r\n<\/div>\r\n<\/div>\r\n<\/div>\r\n<div class=\"text-center\" style=\"margin: 50px 0;\"><a class=\"button radius register\" href=\"https:\/\/www.naturalscience.org\/congress-2019\/registration\/\"><i class=\"fa fa-hand-o-right \" ><\/i> Inscrivez-vous d\u00e8s maintenant (anglais)<\/a><\/div>\r\n<a name=\"congress-info\"><\/a>\r\n<div class=\"content-box green-1 width-100\" style=\"font-weight: 400;\">\r\n<div class=\"content-box-title text-center\"><i class=\"fa fa-info-circle\"><\/i> Informations sur le Congr\u00e8s<\/div>\r\n<div class=\"content-box-body\">\r\n<div class=\"row\">\r\n<div class=\"small-24 medium-15 columns\">\r\n<div class=\"row\">\r\n<div class=\"small-24 columns\">\r\n<h3 style=\"margin-bottom: 0;\">Programme du Congr\u00e8s<\/h3>\r\n<table class=\"schedule\">\r\n<tbody>\r\n<tr>\r\n<th><\/th>\r\n<th>Programme<\/th>\r\n<th>Inscription<\/th>\r\n<\/tr>\r\n<tr>\r\n<td>Jeudi 31 octobre 2019<\/td>\r\n<td>19h00 \u00e0 21h00h<\/td>\r\n<td>de 15h00 \u00e0 18h45<\/td>\r\n<\/tr>\r\n<tr>\r\n<td>Vendredi 1 novembre 2019<\/td>\r\n<td>9h00 \u00e0 18h30<\/td>\r\n<td>de 8h00 \u00e0 8h45<\/td>\r\n<\/tr>\r\n<tr>\r\n<td>Samedi 2 novembre 2019<\/td>\r\n<td>9h00 \u00e0 18h30<\/td>\r\n<td>de 8h00 \u00e0 8h45<\/td>\r\n<\/tr>\r\n<tr>\r\n<td>Dimanche 3 novembre 2019<\/td>\r\n<td>9h30 \u00e0 13h00<\/td>\r\n<td><\/td>\r\n<\/tr>\r\n<\/tbody>\r\n<\/table>\r\n<\/div>\r\n<\/div>\r\n<div class=\"row\">\r\n<div class=\"small-24 medium-13 columns\">\r\n<h3>Lieu du Congr\u00e8s<\/h3>\r\nH\u00f4tel Maritim<br>\r\nBasteistra\u00dfe 40<br>\r\n89073 Ulm, Allemagne<br>\r\n\r\n<p><i class=\"fa fa-angle-right \" ><\/i> <a href=\"https:\/\/www.naturalscience.org\/wp-content\/uploads\/2019\/09\/congress-2019-hotel-map-en.pdf\" target=\"_blank\" rel=\"noopener noreferrer\">Infos sur l&rsquo;h\u00f4tel et le plan d&rsquo;acc\u00e8s <small>(PDF)<\/small><\/a><br>\r\n<i class=\"fa fa-angle-right \" ><\/i> <a href=\"http:\/\/www.maritim.de\/de\/hotels\/deutschland\/hotel-ulm\/uebersicht#hotel_content\" target=\"_blank\" rel=\"noopener noreferrer\">Site Web<\/a><\/p>\r\n<p><a class=\"button radius small\" href=\"https:\/\/www.naturalscience.org\/congress-2019\/hotel-room-reservation\/\"><i class=\"fa fa-bed fa- \"><\/i> R\u00e9server une chambre d&rsquo;h\u00f4tel<\/a><\/p>\r\n\r\n<\/div>\r\n<div class=\"small-24 medium-11 columns\">\r\n<h3>Traductions<\/h3>\r\nSimultan\u00e9es en anglais, allemand, espagnol, tch\u00e8que et russe\r\n\r\n&nbsp;\r\n<h3>Avez-vous des questions&nbsp;?<\/h3>\r\nNous serions heureux de vous aider&nbsp;!\r\n<ul class=\"fa-ul\">\r\n  <li><i class=\"fa fa-envelope-o fa-li\"><\/i> <a href=\"https:\/\/www.naturalscience.org\/fr\/contact\/\">Formulaire de\r\n    contact<\/a><\/li>\r\n<li><i class=\"fa fa-at fa-li\"><\/i> <a href=\"mailto:contact@naturalscience.org\">contact@naturalscience.org<\/a><\/li>\r\n<li><i class=\"fa fa-phone fa-li\"><\/i> +41(41)798-0398<\/li>\r\n<\/ul>\r\n<\/div>\r\n<\/div>\r\n<\/div>\r\n<div class=\"small-24 medium-9 columns\">\r\n<h3 style=\"margin-bottom: 0;\">Frais du Congr\u00e8s<\/h3>\r\n<table class=\"fees\">\r\n<tbody>\r\n<tr>\r\n<th><\/th>\r\n<th class=\"hightlight\">Congr\u00e8s complet<\/th>\r\n<th>2&nbsp;jours<\/th>\r\n<th>1&nbsp;journ\u00e9e<\/th>\r\n<\/tr>\r\n<tr>\r\n<td>Par personne<\/td>\r\n<td class=\"hightlight\">\u20ac&nbsp;380<\/td>\r\n<td>\u20ac&nbsp;340<\/td>\r\n<td>\u20ac&nbsp;175<\/td>\r\n<\/tr>\r\n<tr>\r\n  <td>\u00ab&nbsp;65 et +&nbsp;\u00bb<br>\r\n    <small>(l&rsquo;\u00e2ge d&rsquo;or&nbsp;!)<\/small><\/td>\r\n<td class=\"hightlight\">\u20ac&nbsp;260<\/td>\r\n<td>\u20ac&nbsp;230<\/td>\r\n<td>\u20ac&nbsp;120<\/td>\r\n<\/tr>\r\n<tr>\r\n  <td>Couples mari\u00e9s\r\n    <small>(par personne)<\/small><\/td>\r\n<td class=\"hightlight\">\u20ac&nbsp;260<\/td>\r\n<td>\u20ac&nbsp;230<\/td>\r\n<td>\u20ac&nbsp;120<\/td>\r\n<\/tr>\r\n<tr>\r\n  <td>\u00c9tudiants en Universit\u00e9\/\u00c9cole sup\u00e9rieure<\/td>\r\n<td class=\"hightlight\">\u20ac&nbsp;135<\/td>\r\n<td>\u20ac&nbsp;115<\/td>\r\n<td>\u20ac&nbsp;60<\/td>\r\n<\/tr>\r\n<tr>\r\n<td>Adolescents\/\u00c9coliers<\/td>\r\n<td class=\"hightlight\">\u20ac&nbsp;100<\/td>\r\n<td>\u20ac&nbsp;75<\/td>\r\n<td>\u20ac&nbsp;40<\/td>\r\n<\/tr>\r\n<tr>\r\n<td>+ Food package <span onClick=\"showFoodPackageInfo()\" style=\"cursor: pointer;\"><i class=\"fa fa-question-circle \" ><\/i><\/span><\/td>\r\n<td class=\"hightlight\">\u20ac&nbsp;100<\/td>\r\n<td>\u20ac&nbsp;100<\/td>\r\n<td>\u20ac&nbsp;50<\/td>\r\n<\/tr>\r\n<\/tbody>\r\n<\/table>\r\n\r\n<h3>Brochure<\/h3>\r\n<p>Vous pouvez \u00e9galement trouver tous les d\u00e9tails sur le programme et les dates du  Congr\u00e8s dans notre brochure du Congr\u00e8s \u00e0 t\u00e9l\u00e9charger ou imprimer&nbsp;:<\/p>\r\n<a class=\"button radius\" href=\"https:\/\/www.naturalscience.org\/wp-content\/uploads\/2019\/10\/congress-2019-brochure-en.pdf\" target=\"_blank\" rel=\"noopener noreferrer\"><i class=\"fa fa-download \" ><\/i>&nbsp;&nbsp;T\u00e9l\u00e9charger la brochure (anglais)<\/a>\r\n\r\n\r\n<\/div>\r\n<\/div>\r\n<\/div>\r\n<\/div>\r\n<div class=\"text-center\" style=\"margin: 50px 0;\"><a class=\"button radius register\" href=\"https:\/\/www.naturalscience.org\/congress-2019\/registration\/\"><i class=\"fa fa-hand-o-right \" ><\/i> Inscrivez-vous d\u00e8s maintenant (anglais)<\/a><\/div>\r\n<div class=\"text-center\" style=\"margin: 50px 0;\"><a class=\"button radius\" href=\"https:\/\/www.naturalscience.org\/fr\/congres-2019\/\">Retour vers l&rsquo;aper\u00e7u<\/a><\/div>\r\n\r\n\r\n\r\n<script>\r\nfunction showFoodPackageInfo() {\r\n\tvex.open({\r\n\t\tclassName: 'vex-theme-default event-modal',\r\n\t\tcontent: '<div style=\"padding: 5px 18px 0 15px;\"><h3><strong>Food package<\/strong><\/h3><p style=\"padding: 0;\">We will now have two reserved rooms at the Maritim Hotel for the meal breaks, a larger one with room for about 250 people and a smaller one that is mainly intended for our youthful congress participants.<\/p><p style=\"padding: 0;\">It is planned that during dinner there will be so-called theme-related expert tables, where there will be a unique opportunity to exchange ideas with the various experts and to ask questions.<\/p><\/div>'\r\n\t}); \r\n}\r\n<\/script>","protected":false},"excerpt":{"rendered":"Jeudi 31 octobre 2019 Le fardeau de la solitude Pourquoi la convivialit\u00e9 et l\u2019entraide sont essentielles pour nous Pour les personnes, les relations, les partenariats, la famille, les amiti\u00e9s, les liens, la compassion et la communication sont d\u2019une importance tellement forte que nous r\u00e9agissons s\u00e9rieusement lorsqu&rsquo;il en manque ou m\u00eame lorsqu&rsquo;il n&rsquo;y en a pas [&hellip;]","protected":false},"author":14,"featured_media":0,"parent":30247,"menu_order":2,"comment_status":"closed","ping_status":"closed","template":"page-full.php","meta":{"_acf_changed":false,"ngg_post_thumbnail":0,"footnotes":""},"categories":[],"class_list":["post-31349","page","type-page","status-publish","hentry","no-wpautop"],"acf":[],"yoast_head":"<!-- This site is optimized with the Yoast SEO plugin v27.5 - https:\/\/yoast.com\/product\/yoast-seo-wordpress\/ -->\n<title>Programme - The World Foundation for Natural Science<\/title>\n<meta name=\"robots\" content=\"index, follow, max-snippet:-1, max-image-preview:large, max-video-preview:-1\" \/>\n<link rel=\"canonical\" href=\"https:\/\/www.naturalscience.org\/fr\/congres-2019\/programme\/\" \/>\n<meta name=\"twitter:label1\" content=\"Dur\u00e9e de lecture estim\u00e9e\" \/>\n\t<meta name=\"twitter:data1\" content=\"9 minutes\" \/>\n<script type=\"application\/ld+json\" class=\"yoast-schema-graph\">{\"@context\":\"https:\\\/\\\/schema.org\",\"@graph\":[{\"@type\":\"WebPage\",\"@id\":\"https:\\\/\\\/www.naturalscience.org\\\/fr\\\/congres-2019\\\/programme\\\/\",\"url\":\"https:\\\/\\\/www.naturalscience.org\\\/fr\\\/congres-2019\\\/programme\\\/\",\"name\":\"Programme - The World Foundation for Natural Science\",\"isPartOf\":{\"@id\":\"https:\\\/\\\/www.naturalscience.org\\\/#website\"},\"primaryImageOfPage\":{\"@id\":\"https:\\\/\\\/www.naturalscience.org\\\/fr\\\/congres-2019\\\/programme\\\/#primaryimage\"},\"image\":{\"@id\":\"https:\\\/\\\/www.naturalscience.org\\\/fr\\\/congres-2019\\\/programme\\\/#primaryimage\"},\"thumbnailUrl\":\"https:\\\/\\\/www.naturalscience.org\\\/wp-content\\\/uploads\\\/2019\\\/09\\\/congress-2019-speaker-probst-300x400.jpg\",\"datePublished\":\"2019-10-24T13:16:49+00:00\",\"dateModified\":\"2019-10-25T20:36:09+00:00\",\"breadcrumb\":{\"@id\":\"https:\\\/\\\/www.naturalscience.org\\\/fr\\\/congres-2019\\\/programme\\\/#breadcrumb\"},\"inLanguage\":\"fr-FR\",\"potentialAction\":[{\"@type\":\"ReadAction\",\"target\":[\"https:\\\/\\\/www.naturalscience.org\\\/fr\\\/congres-2019\\\/programme\\\/\"]}]},{\"@type\":\"ImageObject\",\"inLanguage\":\"fr-FR\",\"@id\":\"https:\\\/\\\/www.naturalscience.org\\\/fr\\\/congres-2019\\\/programme\\\/#primaryimage\",\"url\":\"https:\\\/\\\/www.naturalscience.org\\\/wp-content\\\/uploads\\\/2019\\\/09\\\/congress-2019-speaker-probst-300x400.jpg\",\"contentUrl\":\"https:\\\/\\\/www.naturalscience.org\\\/wp-content\\\/uploads\\\/2019\\\/09\\\/congress-2019-speaker-probst-300x400.jpg\"},{\"@type\":\"BreadcrumbList\",\"@id\":\"https:\\\/\\\/www.naturalscience.org\\\/fr\\\/congres-2019\\\/programme\\\/#breadcrumb\",\"itemListElement\":[{\"@type\":\"ListItem\",\"position\":1,\"name\":\"Home\",\"item\":\"https:\\\/\\\/www.naturalscience.org\\\/fr\\\/\"},{\"@type\":\"ListItem\",\"position\":2,\"name\":\"24\u00e8me Congr\u00e8s Mondial International&nbsp;\u00ab&nbsp;Nouvelles Perspectives Scientifiques&nbsp;\u00bb\",\"item\":\"https:\\\/\\\/www.naturalscience.org\\\/fr\\\/congres-2019\\\/\"},{\"@type\":\"ListItem\",\"position\":3,\"name\":\"Programme\"}]},{\"@type\":\"WebSite\",\"@id\":\"https:\\\/\\\/www.naturalscience.org\\\/#website\",\"url\":\"https:\\\/\\\/www.naturalscience.org\\\/\",\"name\":\"The World Foundation for Natural Science\",\"description\":\"Restoring and Healing the World through Responsibility and Commitment in accord with Natural and Divine Law!\",\"potentialAction\":[{\"@type\":\"SearchAction\",\"target\":{\"@type\":\"EntryPoint\",\"urlTemplate\":\"https:\\\/\\\/www.naturalscience.org\\\/?s={search_term_string}\"},\"query-input\":{\"@type\":\"PropertyValueSpecification\",\"valueRequired\":true,\"valueName\":\"search_term_string\"}}],\"inLanguage\":\"fr-FR\"}]}<\/script>\n<!-- \/ Yoast SEO plugin. -->","yoast_head_json":{"title":"Programme - The World Foundation for Natural Science","robots":{"index":"index","follow":"follow","max-snippet":"max-snippet:-1","max-image-preview":"max-image-preview:large","max-video-preview":"max-video-preview:-1"},"canonical":"https:\/\/www.naturalscience.org\/fr\/congres-2019\/programme\/","twitter_misc":{"Dur\u00e9e de lecture estim\u00e9e":"9 minutes"},"schema":{"@context":"https:\/\/schema.org","@graph":[{"@type":"WebPage","@id":"https:\/\/www.naturalscience.org\/fr\/congres-2019\/programme\/","url":"https:\/\/www.naturalscience.org\/fr\/congres-2019\/programme\/","name":"Programme - The World Foundation for Natural Science","isPartOf":{"@id":"https:\/\/www.naturalscience.org\/#website"},"primaryImageOfPage":{"@id":"https:\/\/www.naturalscience.org\/fr\/congres-2019\/programme\/#primaryimage"},"image":{"@id":"https:\/\/www.naturalscience.org\/fr\/congres-2019\/programme\/#primaryimage"},"thumbnailUrl":"https:\/\/www.naturalscience.org\/wp-content\/uploads\/2019\/09\/congress-2019-speaker-probst-300x400.jpg","datePublished":"2019-10-24T13:16:49+00:00","dateModified":"2019-10-25T20:36:09+00:00","breadcrumb":{"@id":"https:\/\/www.naturalscience.org\/fr\/congres-2019\/programme\/#breadcrumb"},"inLanguage":"fr-FR","potentialAction":[{"@type":"ReadAction","target":["https:\/\/www.naturalscience.org\/fr\/congres-2019\/programme\/"]}]},{"@type":"ImageObject","inLanguage":"fr-FR","@id":"https:\/\/www.naturalscience.org\/fr\/congres-2019\/programme\/#primaryimage","url":"https:\/\/www.naturalscience.org\/wp-content\/uploads\/2019\/09\/congress-2019-speaker-probst-300x400.jpg","contentUrl":"https:\/\/www.naturalscience.org\/wp-content\/uploads\/2019\/09\/congress-2019-speaker-probst-300x400.jpg"},{"@type":"BreadcrumbList","@id":"https:\/\/www.naturalscience.org\/fr\/congres-2019\/programme\/#breadcrumb","itemListElement":[{"@type":"ListItem","position":1,"name":"Home","item":"https:\/\/www.naturalscience.org\/fr\/"},{"@type":"ListItem","position":2,"name":"24\u00e8me Congr\u00e8s Mondial International&nbsp;\u00ab&nbsp;Nouvelles Perspectives Scientifiques&nbsp;\u00bb","item":"https:\/\/www.naturalscience.org\/fr\/congres-2019\/"},{"@type":"ListItem","position":3,"name":"Programme"}]},{"@type":"WebSite","@id":"https:\/\/www.naturalscience.org\/#website","url":"https:\/\/www.naturalscience.org\/","name":"The World Foundation for Natural Science","description":"Restoring and Healing the World through Responsibility and Commitment in accord with Natural and Divine Law!","potentialAction":[{"@type":"SearchAction","target":{"@type":"EntryPoint","urlTemplate":"https:\/\/www.naturalscience.org\/?s={search_term_string}"},"query-input":{"@type":"PropertyValueSpecification","valueRequired":true,"valueName":"search_term_string"}}],"inLanguage":"fr-FR"}]}},"_links":{"self":[{"href":"https:\/\/www.naturalscience.org\/fr\/wp-json\/wp\/v2\/pages\/31349","targetHints":{"allow":["GET"]}}],"collection":[{"href":"https:\/\/www.naturalscience.org\/fr\/wp-json\/wp\/v2\/pages"}],"about":[{"href":"https:\/\/www.naturalscience.org\/fr\/wp-json\/wp\/v2\/types\/page"}],"author":[{"embeddable":true,"href":"https:\/\/www.naturalscience.org\/fr\/wp-json\/wp\/v2\/users\/14"}],"replies":[{"embeddable":true,"href":"https:\/\/www.naturalscience.org\/fr\/wp-json\/wp\/v2\/comments?post=31349"}],"version-history":[{"count":12,"href":"https:\/\/www.naturalscience.org\/fr\/wp-json\/wp\/v2\/pages\/31349\/revisions"}],"predecessor-version":[{"id":31369,"href":"https:\/\/www.naturalscience.org\/fr\/wp-json\/wp\/v2\/pages\/31349\/revisions\/31369"}],"up":[{"embeddable":true,"href":"https:\/\/www.naturalscience.org\/fr\/wp-json\/wp\/v2\/pages\/30247"}],"wp:attachment":[{"href":"https:\/\/www.naturalscience.org\/fr\/wp-json\/wp\/v2\/media?parent=31349"}],"wp:term":[{"taxonomy":"category","embeddable":true,"href":"https:\/\/www.naturalscience.org\/fr\/wp-json\/wp\/v2\/categories?post=31349"}],"curies":[{"name":"wp","href":"https:\/\/api.w.org\/{rel}","templated":true}]}}