{"id":26400,"date":"2017-12-23T14:12:24","date_gmt":"2017-12-23T13:12:24","guid":{"rendered":"http:\/\/www.naturalscience.org\/?page_id=26400"},"modified":"2018-10-27T15:06:04","modified_gmt":"2018-10-27T13:06:04","slug":"congres-2018","status":"publish","type":"page","link":"https:\/\/www.naturalscience.org\/fr\/congres-2018\/","title":{"rendered":"23\u00e8me Congr\u00e8s Mondial International&nbsp;\u00ab&nbsp;Nouvelles Perspectives Scientifiques&nbsp;\u00bb"},"content":{"rendered":"<p class=\"text-center\" style=\"font-size: 18px; color: #005000;\">\n\t<strong>du jeudi 1 novembre au dimanche 4 novembre 2018 H\u00f4tel Maritim, Ulm, Allemagne<\/strong>\n<\/p>\n<div class=\"title-box\">\n<h2>Jeudi 1er novembre 2018 de 19h00 \u00e0 21h00<\/h2>\n<\/div>\n<div class=\"lecture\">\n<div class=\"row\">\n<div class=\"small-24 columns\">\n<h2>Discours d&rsquo;ouverture<\/h2>\n<\/p><\/div>\n<\/p><\/div>\n<\/div>\n<p>&nbsp;<\/p>\n<div class=\"lecture\">\n<div class=\"row\">\n<div class=\"small-24 medium-18 columns\">\n<h2>Toute vie est \u00e9lectromagn\u00e9tique\u00a0!<\/h2>\n<p>\t\t\tL&rsquo;\u00eatre humain est un \u00eatre vivant \u00e9lectromagn\u00e9tique, percevant son environnement \u00e9lectromagn\u00e9tique d&rsquo;une fa\u00e7on \u00e9lectromagn\u00e9tique et communiquant ainsi avec lui. La bio\u00e9lectricit\u00e9 est le fondement de toute vie. Quand celle-ci est d\u00e9s\u00e9quilibr\u00e9e ou l&rsquo;\u00e9quilibre est compl\u00e8tement perdu, alors la vie est perdue \u00e9galement. Nos vies deviennent de plus en plus affect\u00e9es par les appareils qui utilisent des rayonnements \u00e9lectromagn\u00e9tiques g\u00e9n\u00e9r\u00e9s techniquement pour nous dominer avec davantage d&rsquo;informations inutiles. L&rsquo;\u00eatre humain, et seulement lui, d\u00e9termine le moment o\u00f9 il peut activement donner \u00e0 la Nature ce dont elle a besoin pour retrouver l&rsquo;\u00e9quilibre&nbsp;!<\/p>\n<div class=\"speaker description\"><strong>Marcel Hofmann<\/strong> a obtenu, apr\u00e8s un apprentissage de monteur \u00e9lectricien, un Master scientifique en G\u00e9nie \u00e9lectrique \u00e0 l&rsquo;Universit\u00e9 Northeastern \u00e0 Boston, USA. Apr\u00e8s de premi\u00e8res exp\u00e9riences pratiques dans le domaine de la t\u00e9l\u00e9phonie mobile, il commen\u00e7a \u00e0 s&rsquo;int\u00e9resser aux effets des rayonnements \u00e9lectromagn\u00e9tiques. Depuis plus de 10 ans, il effectue des mesures \u00e9lectro-biologiques et informe les gens sur les effets des gadgets et appareils \u00e9lectroniques utilis\u00e9s quotidiennement.<\/div>\n<\/p><\/div>\n<div class=\"small-24 medium-6 columns\">\n\t\t\t<img loading=\"lazy\" decoding=\"async\" class=\"alignnone size-size-400 wp-image-28328\" src=\"https:\/\/www.naturalscience.org\/wp-content\/uploads\/2018\/09\/congress-2018-hofmann-300x400.jpg\"\n\t\t\t alt=\"\" width=\"300\" height=\"400\" srcset=\"https:\/\/www.naturalscience.org\/wp-content\/uploads\/2018\/09\/congress-2018-hofmann-300x400.jpg 300w, https:\/\/www.naturalscience.org\/wp-content\/uploads\/2018\/09\/congress-2018-hofmann-225x300.jpg 225w, https:\/\/www.naturalscience.org\/wp-content\/uploads\/2018\/09\/congress-2018-hofmann-123x164.jpg 123w, https:\/\/www.naturalscience.org\/wp-content\/uploads\/2018\/09\/congress-2018-hofmann-375x500.jpg 375w, https:\/\/www.naturalscience.org\/wp-content\/uploads\/2018\/09\/congress-2018-hofmann.jpg 601w\" sizes=\"auto, (max-width: 300px) 100vw, 300px\" \/><\/p>\n<div class=\"speaker\"><strong>Marcel Hofmann<\/strong>, MSEE, Ing\u00e9nieur en \u00e9lectricit\u00e9 ETS, Utzigen, Suisse<\/div>\n<\/p><\/div>\n<\/p><\/div>\n<\/div>\n<p>&nbsp;<\/p>\n<div class=\"title-box\">\n<h2>Vendredi 2 novembre 2018 de 9h00 \u00e0 18h30<\/h2>\n<\/div>\n<div class=\"lecture\">\n<div class=\"row\">\n<div class=\"small-24 medium-15 columns\">\n<h2>Les m\u00e9dias sociaux&nbsp;: le sont-ils vraiment&nbsp;?<\/h2>\n<p>\t\t\tL&rsquo;\u00eatre humain est un \u00eatre social par nature et la plupart d&rsquo;entre nous vont mieux en entretenant des liens d&rsquo;amiti\u00e9s. Cependant de nos jours, avec la fr\u00e9n\u00e9sie des m\u00e9dias sociaux devenus si populaires dans le monde entier et inondant nos vies d&rsquo;une fa\u00e7on malsaine, cela a remplac\u00e9 silencieusement la satisfaction du besoin d&rsquo;appartenir \u00e0 un groupe \u2013 c&rsquo;est tout du moins ce qu&rsquo;il en semble. Mais dans aucunes circonstances, ces relations virtuelles ne peuvent remplacer le contact humain direct. De plus, les r\u00e9seaux sociaux ont un c\u00f4t\u00e9 sombre dont peu de gens en sont conscients. Tous les m\u00e9dias sociaux interf\u00e8rent beaucoup plus profond\u00e9ment dans notre vie que nous le r\u00e9alisons ou voulons l&rsquo;admettre. Et ainsi, peu \u00e0 peu, notre perception naturelle de la vie s&rsquo;efface et notre discernement est contamin\u00e9. D\u00e9connectant les utilisateurs de la vraie vie authentique pour donner la priorit\u00e9 \u00e0 une r\u00e9alit\u00e9 virtuelle artificielle et malsaine.<\/p>\n<div class=\"speaker description\"><strong>Isabelle Seiler<\/strong> a travaill\u00e9 avec des enfants et des adolescents de divers milieux, avant de recevoir son premier dipl\u00f4me en travail social \u00e0 l&rsquo;Universit\u00e9 des Sciences Appliqu\u00e9es \u00e0 Cologne, en Allemagne. Elle travaille maintenant comme institutrice en Suisse Centrale, ayant termin\u00e9 sa formation \u00e0 la Haute \u00c9cole P\u00e9dagogique de Lucerne.<\/div>\n<div class=\"speaker description\"><strong>David Seiler<\/strong> \u00e9crit depuis douze ans pour une maison d&rsquo;\u00e9dition suisse, principalement des articles sur des th\u00e8mes relatifs \u00e0 la sant\u00e9. Ayant grandi dans l\u2019\u00e8re du num\u00e9rique, il a \u00e9tudi\u00e9 le sujet des m\u00e9dias sociaux depuis plusieurs ann\u00e9es et donne des conf\u00e9rences sur ce th\u00e8me.<\/div>\n<\/p><\/div>\n<div class=\"small-24 medium-9 columns\">\n<div class=\"row\">\n<div class=\"small-24 medium-12 columns\">\n<p>\t\t\t\t\t<img loading=\"lazy\" decoding=\"async\" class=\"alignnone size-size-400 wp-image-28323\" src=\"https:\/\/www.naturalscience.org\/wp-content\/uploads\/2018\/09\/congress-2018-seiler-david-266x400.jpg\"\n\t\t\t\t\t alt=\"\" width=\"266\" height=\"400\" srcset=\"https:\/\/www.naturalscience.org\/wp-content\/uploads\/2018\/09\/congress-2018-seiler-david-266x400.jpg 266w, https:\/\/www.naturalscience.org\/wp-content\/uploads\/2018\/09\/congress-2018-seiler-david-199x300.jpg 199w, https:\/\/www.naturalscience.org\/wp-content\/uploads\/2018\/09\/congress-2018-seiler-david-109x164.jpg 109w, https:\/\/www.naturalscience.org\/wp-content\/uploads\/2018\/09\/congress-2018-seiler-david-332x500.jpg 332w, https:\/\/www.naturalscience.org\/wp-content\/uploads\/2018\/09\/congress-2018-seiler-david.jpg 601w\" sizes=\"auto, (max-width: 266px) 100vw, 266px\" \/><\/p>\n<div class=\"speaker\"><strong>David Seiler<\/strong>, r\u00e9dacteur, Neuheim, Suisse<\/div>\n<\/p><\/div>\n<div class=\"small-24 medium-12 columns\">\n<p>\t\t\t\t\t<img loading=\"lazy\" decoding=\"async\" class=\"alignnone size-size-400 wp-image-28324\" src=\"https:\/\/www.naturalscience.org\/wp-content\/uploads\/2018\/09\/congress-2018-seiler-isabelle-266x400.jpg\"\n\t\t\t\t\t alt=\"\" width=\"266\" height=\"400\" srcset=\"https:\/\/www.naturalscience.org\/wp-content\/uploads\/2018\/09\/congress-2018-seiler-isabelle-266x400.jpg 266w, https:\/\/www.naturalscience.org\/wp-content\/uploads\/2018\/09\/congress-2018-seiler-isabelle-199x300.jpg 199w, https:\/\/www.naturalscience.org\/wp-content\/uploads\/2018\/09\/congress-2018-seiler-isabelle-109x164.jpg 109w, https:\/\/www.naturalscience.org\/wp-content\/uploads\/2018\/09\/congress-2018-seiler-isabelle-332x500.jpg 332w, https:\/\/www.naturalscience.org\/wp-content\/uploads\/2018\/09\/congress-2018-seiler-isabelle.jpg 601w\" sizes=\"auto, (max-width: 266px) 100vw, 266px\" \/><\/p>\n<div class=\"speaker\"><strong>Isabelle Seiler<\/strong>, institutrice et assistante sociale, Neuheim, Suisse<\/div>\n<\/p><\/div>\n<\/p><\/div>\n<\/p><\/div>\n<\/p><\/div>\n<\/div>\n<p>&nbsp;<\/p>\n<div class=\"lecture\">\n<div class=\"row\">\n<div class=\"small-24 medium-18 columns\">\n<h2>Les addictions \u2014 voil\u00e0 comment elles se d\u00e9veloppent<\/h2>\n<p>\t\t\tBien que les addictions peuvent consid\u00e9rablement varier, de la d\u00e9pendance \u00e0 l&rsquo;alcool jusqu&rsquo;\u00e0 celle de l&rsquo;on peut tout de m\u00eame trouver des racines communes. D&rsquo;un point de vue biologique aussi bien que psychosocial, il y a des facteurs soutenant le d\u00e9veloppement d&rsquo;une addiction et d&rsquo;autres qui en prot\u00e8gent. Seule une compr\u00e9hension de ces facteurs peut nous aider \u00e0 pr\u00e9venir des troubles addictifs ou \u00e0 s&rsquo;occuper des personnes concern\u00e9es de fa\u00e7on ad\u00e9quate.<\/p>\n<h2>Addictions\u2014Traitement et pr\u00e9vention<\/h2>\n<p>\t\t\tQue se soit des jeux, de la pornographie, des cigarettes ou des drogues: notre corps suit toujours le m\u00eame sch\u00e9ma. Au moyen de cas choisis dans son cabinet m\u00e9dical, l&rsquo;intervenant explique comment pr\u00e9venir les troubles de la d\u00e9pendance et comment ils peuvent \u00eatre trait\u00e9s.<\/p>\n<div class=\"speaker description\"><strong>Le m\u00e9decin chef Dr. Kurosch Yazdi<\/strong>, n\u00e9 en 1976, est psychoth\u00e9rapeute et sp\u00e9cialiste en psychiatrie. N\u00e9 en Iran, il a \u00e9tudi\u00e9 la m\u00e9decine \u00e0 Vienne et fini son ann\u00e9e de sp\u00e9cialisation \u00e0 Salzbourg. Depuis 2012, il dirige le Service de Psychiatrie sp\u00e9cialis\u00e9e en addictologie \u00e0 l&rsquo;h\u00f4pital de l&rsquo;Universit\u00e9 de Kepler \u00e0 Linz en Autriche.<\/div>\n<\/p><\/div>\n<div class=\"small-24 medium-6 columns\">\n<p>\t\t\t<img loading=\"lazy\" decoding=\"async\" class=\"alignnone size-size-400 wp-image-28325\" src=\"https:\/\/www.naturalscience.org\/wp-content\/uploads\/2018\/09\/congress-2018-yazdi-267x400.jpg\"\n\t\t\t alt=\"\" width=\"267\" height=\"400\" srcset=\"https:\/\/www.naturalscience.org\/wp-content\/uploads\/2018\/09\/congress-2018-yazdi-267x400.jpg 267w, https:\/\/www.naturalscience.org\/wp-content\/uploads\/2018\/09\/congress-2018-yazdi-200x300.jpg 200w, https:\/\/www.naturalscience.org\/wp-content\/uploads\/2018\/09\/congress-2018-yazdi-109x164.jpg 109w, https:\/\/www.naturalscience.org\/wp-content\/uploads\/2018\/09\/congress-2018-yazdi-333x500.jpg 333w, https:\/\/www.naturalscience.org\/wp-content\/uploads\/2018\/09\/congress-2018-yazdi.jpg 600w\" sizes=\"auto, (max-width: 267px) 100vw, 267px\" \/><\/p>\n<div class=\"speaker\"><strong>Dr. Kurosch Yazdi, M\u00e9decin chef<\/strong>, Linz, Autriche<br \/>\n\t\t\t\t<small><br \/>\n\t\t\t\t\t<a style=\"word-wrap: break-word;\" href=\"http:\/\/www.yazdi.at\/kurosch\/kurosch_person.html\" target=\"_blank\" rel=\"noopener\">www.yazdi.at\/kurosch\/kurosch_person.html<\/a><br \/>\n\t\t\t\t<\/small>\n\t\t\t<\/div>\n<\/p><\/div>\n<\/p><\/div>\n<\/div>\n<p>&nbsp;<\/p>\n<div class=\"lecture\">\n<div class=\"row\">\n<div class=\"small-24 medium-18 columns\">\n<h2>Amour ou sexe&nbsp;? Le pouvoir de cr\u00e9ation<\/h2>\n<p>\t\t\tLe manque de connaissances pouss\u00e9es sur la sexualit\u00e9 est la cause de la d\u00e9gradation croissante de notre civilisation enti\u00e8re. Le sexe, et plus exactement les pratiques sexuelles entre strictement un homme et une femme, est cependant in\u00e9vitable pour s\u00e9curiser la procr\u00e9ation humaine et une continuit\u00e9 de l&rsquo;existence sur terre. Cependant, les pratiques sexuelles malsaines et les relations inconstantes contr\u00f4lent les vies de ceux qui sont immerg\u00e9s dans ce style de vie immoral et malsain et affectent n\u00e9gativement la fa\u00e7on dont ils vivent, pensent et ressentent.<\/p>\n<div class=\"speaker description\">P\u00e8re de six enfants, naturopathe depuis plus de 30 ans et pr\u00eatre ordonn\u00e9, <strong>The Very Rev. Dean em. Paul Probst, SF<\/strong>, dispose d&rsquo;une vaste somme d&rsquo;exp\u00e9riences et de connaissances, le rendant ainsi la personne id\u00e9ale pour The World Foundation for Natural Science en tant que Pr\u00e9sident Europ\u00e9en et \u00e0 expliquer aux gens le rapport entre les sciences naturelles et la religion.\n\t\t\t<\/div>\n<\/p><\/div>\n<div class=\"small-24 medium-6 columns\">\n<p>\t\t\t<img loading=\"lazy\" decoding=\"async\" class=\"alignnone size-size-400 wp-image-28288\" src=\"https:\/\/www.naturalscience.org\/wp-content\/uploads\/2018\/09\/congress-2018-probst-300x400.jpg\"\n\t\t\t alt=\"\" width=\"300\" height=\"400\" srcset=\"https:\/\/www.naturalscience.org\/wp-content\/uploads\/2018\/09\/congress-2018-probst-300x400.jpg 300w, https:\/\/www.naturalscience.org\/wp-content\/uploads\/2018\/09\/congress-2018-probst-225x300.jpg 225w, https:\/\/www.naturalscience.org\/wp-content\/uploads\/2018\/09\/congress-2018-probst-123x164.jpg 123w, https:\/\/www.naturalscience.org\/wp-content\/uploads\/2018\/09\/congress-2018-probst-375x500.jpg 375w, https:\/\/www.naturalscience.org\/wp-content\/uploads\/2018\/09\/congress-2018-probst.jpg 601w\" sizes=\"auto, (max-width: 300px) 100vw, 300px\" \/><\/p>\n<div class=\"speaker\"><strong>The Very Reverend Dean em. Paul Probst, SF<\/strong>, Pr\u00e9sident Europ\u00e9en, The World Foundation for Natural Science, Lucerne, Suisse<br \/>\n\t\t\t\t<small><br \/>\n\t\t\t\t\t<a href=\"https:\/\/www.naturalscience.org\">www.naturalscience.org<\/a><br \/>\n\t\t\t\t<\/small>\n\t\t\t<\/div>\n<\/p><\/div>\n<\/p><\/div>\n<\/div>\n<p>&nbsp;<\/p>\n<div class=\"title-box\">\n<h2>Samedi 3 novembre 2018 de 9h00 \u00e0 18h30<\/h2>\n<\/div>\n<div class=\"lecture\">\n<div class=\"row\">\n<div class=\"small-24 medium-18 columns\">\n<h2>Le sucre, une addiction douce<\/h2>\n<p>\t\t\tLe sucre est autant une substance addictive qu&rsquo;un produit alimentaire, ce qui a des cons\u00e9quences consid\u00e9rables pour notre sant\u00e9. Nombre de maladies li\u00e9es au mode de vie telles que diab\u00e8te, maladies cardio-vasculaires, art\u00e9rioscl\u00e9rose, inflammations chroniques, taux d&rsquo;infection plus \u00e9lev\u00e9, cancer, ob\u00e9sit\u00e9 et troubles du m\u00e9tabolisme, sont associ\u00e9es \u00e0 l&rsquo;\u00e9norme consommation de glucides et de sucres. La r\u00e9ponse au faible pour les sucreries qui vous sera pr\u00e9sent\u00e9e est simple et facile.<\/p>\n<div class=\"speaker description\"><strong>Lukas Waldmann<\/strong> a obtenu son dipl\u00f4me suisse de Naturopathe NTE (Naturopathie Traditionnelle Europ\u00e9enne) et depuis 18 ans, il exerce dans son propre cabinet en utilisant prioritairement les m\u00e9decines alternatives. Il a acquis des connaissances approfondies dans diff\u00e9rents domaines tels ceux des compl\u00e9ments alimentaires naturels, de la th\u00e9rapie m\u00e9tabolique ou encore de la bior\u00e9sonance.<\/div>\n<\/p><\/div>\n<div class=\"small-24 medium-6 columns\">\n\t\t\t<img loading=\"lazy\" decoding=\"async\" class=\"alignnone size-size-400 wp-image-28326\" src=\"https:\/\/www.naturalscience.org\/wp-content\/uploads\/2018\/09\/congress-2018-waldmann-300x400.jpg\"\n\t\t\t alt=\"\" width=\"300\" height=\"400\" srcset=\"https:\/\/www.naturalscience.org\/wp-content\/uploads\/2018\/09\/congress-2018-waldmann-300x400.jpg 300w, https:\/\/www.naturalscience.org\/wp-content\/uploads\/2018\/09\/congress-2018-waldmann-225x300.jpg 225w, https:\/\/www.naturalscience.org\/wp-content\/uploads\/2018\/09\/congress-2018-waldmann-123x164.jpg 123w, https:\/\/www.naturalscience.org\/wp-content\/uploads\/2018\/09\/congress-2018-waldmann-375x500.jpg 375w, https:\/\/www.naturalscience.org\/wp-content\/uploads\/2018\/09\/congress-2018-waldmann.jpg 601w\" sizes=\"auto, (max-width: 300px) 100vw, 300px\" \/><\/p>\n<div class=\"speaker\"><strong>Lukas Waldmann<\/strong>, Naturopathe certifi\u00e9 NTE (Naturopathie Traditionnelle Europ\u00e9enne),<br \/>\n\t\t\t\tRotkreuz, Suisse<br \/>\n\t\t\t\t<small><br \/>\n\t\t\t\t\t<a href=\"http:\/\/www.naturheilpraxis-plus.ch\/\" target=\"_blank\" rel=\"noopener\">www.naturheilpraxis-plus.ch<\/a><br \/>\n\t\t\t\t<\/small>\n\t\t\t<\/div>\n<\/p><\/div>\n<\/p><\/div>\n<\/div>\n<p>&nbsp;<\/p>\n<div class=\"lecture\">\n<div class=\"row\">\n<div class=\"small-24 medium-18 columns\">\n<h2>La reprogrammation cibl\u00e9e immorale de l&rsquo;opinion publique par l&rsquo;industrie du tabac<\/h2>\n<p>\t\t\t\tPlus de 6 millions de d\u00e9c\u00e8s par an mondialement sont caus\u00e9s par le tabagisme malgr\u00e9 ses effets n\u00e9fastes&nbsp;! Ce nombre de d\u00e9c\u00e8s \u00e9vitables est pr\u00e9vu d&rsquo;augmenter au niveau mondial puisque la cigarette est promue avec insouciance dans les pays du tiers monde, en Asie et est omnipr\u00e9sente dans les \u00e9coles de tout niveau. Dans certaines nations plus ais\u00e9es, la consommation de tabac a r\u00e9cemment l\u00e9g\u00e8rement baiss\u00e9, mais maintenant le tabagisme \u00e9lectronique se positionne pour justifier \u00e0 nouveau le tabagisme. Les cigarettes \u00e9lectroniques et les appareils ne br\u00fblant pas le tabac mais le chauffant, sont pr\u00e9tendus \u00eatre jusqu&rsquo;\u00e0 95&nbsp;% plus sains que le tabac. Le diable d\u00e9guis\u00e9&nbsp;?!<\/p>\n<div class=\"speaker description\"><strong>Dr. Karl Cox, PhD<\/strong>, a obtenu son premier dipl\u00f4me universitaire en histoire. Ensuite, il a enseign\u00e9 l&rsquo;anglais \u00e0 Budapest et \u00e0 Madrid et a pass\u00e9 une th\u00e8se de doctorat en informatique en 2002 \u00e0 l&rsquo;Universit\u00e9 de Bournemouth au Royaume-Uni. Depuis, il a publi\u00e9 plus de 80 articles scientifiques dans ce domaine. Ces derni\u00e8res ann\u00e9es, l&rsquo;int\u00e9r\u00eat principal de ses recherches est port\u00e9 sur la manipulation g\u00e9n\u00e9tique des aliments ainsi que sur le danger des cigarettes \u00e9lectroniques et des appareils chauffant le tabac. Dr. Cox donne actuellement des cours magistraux dans le domaine de l\u00b4informatique \u00e0 l\u00b4Universit\u00e9 de Brighton, UK.<\/div>\n<\/p><\/div>\n<div class=\"small-24 medium-6 columns\">\n<p>\t\t\t<img loading=\"lazy\" decoding=\"async\" class=\"alignnone size-size-400 wp-image-28322\" src=\"https:\/\/www.naturalscience.org\/wp-content\/uploads\/2018\/09\/congress-2018-cox-300x400.jpg\"\n\t\t\t alt=\"\" width=\"300\" height=\"400\" srcset=\"https:\/\/www.naturalscience.org\/wp-content\/uploads\/2018\/09\/congress-2018-cox-300x400.jpg 300w, https:\/\/www.naturalscience.org\/wp-content\/uploads\/2018\/09\/congress-2018-cox-225x300.jpg 225w, https:\/\/www.naturalscience.org\/wp-content\/uploads\/2018\/09\/congress-2018-cox-123x164.jpg 123w, https:\/\/www.naturalscience.org\/wp-content\/uploads\/2018\/09\/congress-2018-cox-375x500.jpg 375w, https:\/\/www.naturalscience.org\/wp-content\/uploads\/2018\/09\/congress-2018-cox.jpg 601w\" sizes=\"auto, (max-width: 300px) 100vw, 300px\" \/><\/p>\n<div class=\"speaker\"><strong>Dr. Karl Cox, PhD<\/strong>, Universit\u00e9 de Brighton, Angleterre<\/div>\n<\/p><\/div>\n<\/p><\/div>\n<\/div>\n<p>&nbsp;<\/p>\n<div class=\"lecture\">\n<div class=\"row\">\n<div class=\"small-24 medium-18 columns\">\n<h2>L&rsquo;agriculture urbaine\u00a0\u2014\u00a0Mythe ou r\u00e9alit\u00e9\u00a0?<\/h2>\n<p>\t\t\tL&rsquo;agriculture urbaine, plus que jamais dans les environ 50 derni\u00e8res ann\u00e9es, nous donne des r\u00e9ponses pour nous nourrir avec des produits sains, biologiques, non transg\u00e9niques, sans pesticides ni autres toxines agricoles, contenus sinon sans exception dans nos aliments achet\u00e9s au supermarch\u00e9 ou m\u00eame chez notre \u00e9picier. Le citoyen individuel qui d\u00e9cide d&rsquo;avoir son propre petit espace o\u00f9 il vit, d\u00e9veloppe non seulement une relation plus directe avec la Nature en commen\u00e7ant \u00e0 l&rsquo;appr\u00e9cier d&rsquo;une nouvelle fa\u00e7on, mais aussi il peut cultiver jusqu&rsquo;\u00e0 20 kg d&rsquo;aliments par an sur une surface aussi petite qu&rsquo;un m\u00e8tre carr\u00e9. De plus, l&rsquo;agriculture urbaine est beaucoup plus \u00e9conomique par rapport aux grandes productions agricoles. Par ailleurs, le fermier peut vendre ses produits directement aux consommateurs, obtenant des revenus directs et plus importants qu&rsquo;au lieu de passer par des interm\u00e9diaires et autres agents de distribution. Sans aucun doute, l&rsquo;agriculture urbaine est un mode de vie \u00e0 consid\u00e9rer s\u00e9rieusement et fortement recommand\u00e9 pour une vie plus saine.<\/p>\n<div class=\"speaker description\"><strong>Jos\u00e9 Ernesto De Almeida Molina<\/strong> a re\u00e7u son dipl\u00f4me d&rsquo;ing\u00e9nieur agricole et un Master scientifique en production agricole \u00e0 l&rsquo;Universit\u00e9 Nationale de La Molina \u00e0 Lima au P\u00e9rou, s\u2019\u00e9tant sp\u00e9cialis\u00e9 en d\u00e9veloppement durable et agriculture biologique. Fort d\u2019une exp\u00e9rience professionnelle de 40 ans, il a travaill\u00e9 avec des universit\u00e9s, municipalit\u00e9s, ONG, institutions priv\u00e9es et organismes sociaux. Il est \u00e9galement le directeur g\u00e9n\u00e9ral de l\u2019entreprise priv\u00e9e Madre Tierra SAC, d\u00e9di\u00e9e \u00e0 la promotion de l\u2019agriculture naturelle.<\/div>\n<\/p><\/div>\n<div class=\"small-24 medium-6 columns\">\n<p>\t\t\t<img loading=\"lazy\" decoding=\"async\" class=\"alignnone size-size-400 wp-image-28327\" src=\"https:\/\/www.naturalscience.org\/wp-content\/uploads\/2018\/09\/congress-2018-almeida-molina-300x400.jpg\"\n\t\t\t alt=\"\" width=\"300\" height=\"400\" srcset=\"https:\/\/www.naturalscience.org\/wp-content\/uploads\/2018\/09\/congress-2018-almeida-molina-300x400.jpg 300w, https:\/\/www.naturalscience.org\/wp-content\/uploads\/2018\/09\/congress-2018-almeida-molina-225x300.jpg 225w, https:\/\/www.naturalscience.org\/wp-content\/uploads\/2018\/09\/congress-2018-almeida-molina-123x164.jpg 123w, https:\/\/www.naturalscience.org\/wp-content\/uploads\/2018\/09\/congress-2018-almeida-molina-375x500.jpg 375w, https:\/\/www.naturalscience.org\/wp-content\/uploads\/2018\/09\/congress-2018-almeida-molina.jpg 601w\" sizes=\"auto, (max-width: 300px) 100vw, 300px\" \/><\/p>\n<div class=\"speaker\"><strong>Jos\u00e9 Ernesto de Almeida Molina<\/strong>, ing\u00e9nieur agricole, Lima, P\u00e9rou<\/div>\n<\/p><\/div>\n<\/p><\/div>\n<\/div>\n<p>&nbsp;<\/p>\n<div class=\"lecture\">\n<div class=\"row\">\n<div class=\"small-24 medium-18 columns\">\n<h2>L&rsquo;\u00eatre humain et l&rsquo;animal d\u00e9pendent beaucoup l&rsquo;un de l&rsquo;autre pour avoir une vie saine \u2013 premi\u00e8re partie<\/h2>\n<p>\t\t\tUne vraie gu\u00e9rison requiert de promouvoir et de maintenir autant que possible une vie \u00e9quilibr\u00e9e au niveau du corps, de l&rsquo;esprit, de l&rsquo;\u00e2me, des \u00e9motions et des sentiments. Du fait des relations \u00e9troites entre les deux esp\u00e8ces \u2013 humaine et animale \u2013 il est ainsi tout aussi important de s&rsquo;occuper de nos amis les animaux de la m\u00eame fa\u00e7on que nous devrions nous pr\u00e9occuper de notre propre vie et de notre sant\u00e9. Afin d&rsquo;atteindre et de maintenir notre sant\u00e9, nous avons besoin tout d&rsquo;abord de nous gu\u00e9rir nous-m\u00eame de fa\u00e7on holistique et ensuite d&rsquo;accorder la m\u00eame attention et le m\u00eame soin \u00e0 nos animaux. L&rsquo;\u00e9tat de sant\u00e9 d&rsquo;un animal refl\u00e8te de plusieurs mani\u00e8res l&rsquo;\u00e9tat de sant\u00e9 \u2013 \u00e9motionnellement, mentalement et physiquement \u2013 du propri\u00e9taire et ceci bien souvent beaucoup plus t\u00f4t que cela n&rsquo;apparaisse chez le propri\u00e9taire. Tout ce que nous pensons, ressentons et faisons affectent nos animaux de la m\u00eame mani\u00e8re, simplement parce que tout est connect\u00e9 dans la vie. Alors la conclusion in\u00e9luctable est de simplement faire tout son possible pour garder notre vie en \u00e9quilibre&nbsp;!\n\t\t<\/p><\/div>\n<div class=\"small-24 medium-6 columns\">\n\t\t\t<img loading=\"lazy\" decoding=\"async\" class=\"alignnone size-size-400 wp-image-28329\" src=\"https:\/\/www.naturalscience.org\/wp-content\/uploads\/2018\/09\/congress-2018-roesti-254x400.jpg\"\n\t\t\t alt=\"\" width=\"254\" height=\"400\" srcset=\"https:\/\/www.naturalscience.org\/wp-content\/uploads\/2018\/09\/congress-2018-roesti-254x400.jpg 254w, https:\/\/www.naturalscience.org\/wp-content\/uploads\/2018\/09\/congress-2018-roesti-190x300.jpg 190w, https:\/\/www.naturalscience.org\/wp-content\/uploads\/2018\/09\/congress-2018-roesti-104x164.jpg 104w, https:\/\/www.naturalscience.org\/wp-content\/uploads\/2018\/09\/congress-2018-roesti-317x500.jpg 317w, https:\/\/www.naturalscience.org\/wp-content\/uploads\/2018\/09\/congress-2018-roesti.jpg 601w\" sizes=\"auto, (max-width: 254px) 100vw, 254px\" \/><\/p>\n<div class=\"speaker\"><strong>Dr. med. vet. Andreas Roesti<\/strong>, Wimmis, Suisse<br \/>\n\t\t\t\t<small><a href=\"https:\/\/manimalbalance.jimdo.com\" target=\"_blank\" rel=\"noopener\">manimalbalance.jimdo.com<\/a><\/small>\n\t\t\t<\/div>\n<\/p><\/div>\n<\/p><\/div>\n<\/div>\n<p>&nbsp;<\/p>\n<div class=\"title-box\">\n<h2>Dimanche 4 novembre 2018 de 9h30 \u00e0 13h00<\/h2>\n<\/div>\n<div class=\"lecture\">\n<div class=\"row\">\n<div class=\"small-24 medium-18 columns\">\n<h2>L&rsquo;\u00eatre humain et l&rsquo;animal d\u00e9pendent beaucoup l&rsquo;un de l&rsquo;autre pour avoir une vie saine \u2013 deuxi\u00e8me partie<\/h2>\n<p>\t\t\tPoursuivant la pr\u00e9sentation de samedi apr\u00e8s-midi, nous vous donnerons des d\u00e9monstrations et applications pratiques sur certains de nos amis canins comme exemple, pour approfondir la compr\u00e9hension de cet important sujet si nous voulons \u00e9tablir et garder une bonne relation entre l&rsquo;humain et l&rsquo;animal. Dans la majorit\u00e9 des cas, ces animaux sont l&rsquo;objet de notre affection, et par cons\u00e9quent ils m\u00e9ritent non seulement le meilleur mais au moins ce auquel nous avons acc\u00e8s et ce que nous pouvons appliquer pour une vie saine.<\/p>\n<div class=\"speaker description\"><strong>Dr. med.vet. Andreas Roesti<\/strong>, n\u00e9 le 12 mars 1945 \u00e0 Wimmis en Suisse a re\u00e7u son dipl\u00f4me \u00e0 Berne en 1974. Il eu pendant 3 ans son propre cabinet au bord du d\u00e9sert de Kalahari en Afrique du Sud. Depuis 1985, il a tenu, conjointement avec sa femme, un cabinet mixte pour l\u2019humain et l\u2019animal \u00e0 Wimmis, se sp\u00e9cialisant dans les diagnostiques et la th\u00e9rapie des champs d\u2019interf\u00e9rences. Les formations suppl\u00e9mentaires du Dr. Roesti comportent diff\u00e9rentes m\u00e9thodes compl\u00e9mentaires de gu\u00e9rison, en particulier l\u2019acuponcture contr\u00f4l\u00e9e de l\u2019oreille et du corps. De 2004 \u00e0 2007, il fut le v\u00e9t\u00e9rinaire assign\u00e9 au Centre V\u00e9t\u00e9rinaire Healthbalance \u00e0 Uzwil en Suisse. Il est \u00e9galement un conf\u00e9rencier confirm\u00e9 de l\u2019Acad\u00e9mie Allemande pour l\u2019Acuponcture et l\u2019Auriculom\u00e9decine.<\/div>\n<\/div>\n<div class=\"small-24 medium-6 columns\">\n\t\t\t<img loading=\"lazy\" decoding=\"async\" class=\"alignnone size-size-400 wp-image-28329\" src=\"https:\/\/www.naturalscience.org\/wp-content\/uploads\/2018\/09\/congress-2018-roesti-254x400.jpg\"\n\t\t\t alt=\"\" width=\"254\" height=\"400\" srcset=\"https:\/\/www.naturalscience.org\/wp-content\/uploads\/2018\/09\/congress-2018-roesti-254x400.jpg 254w, https:\/\/www.naturalscience.org\/wp-content\/uploads\/2018\/09\/congress-2018-roesti-190x300.jpg 190w, https:\/\/www.naturalscience.org\/wp-content\/uploads\/2018\/09\/congress-2018-roesti-104x164.jpg 104w, https:\/\/www.naturalscience.org\/wp-content\/uploads\/2018\/09\/congress-2018-roesti-317x500.jpg 317w, https:\/\/www.naturalscience.org\/wp-content\/uploads\/2018\/09\/congress-2018-roesti.jpg 601w\" sizes=\"auto, (max-width: 254px) 100vw, 254px\" \/><\/p>\n<div class=\"speaker\"><strong>Dr. med. vet. Andreas Roesti<\/strong>, Wimmis, Suisse<br \/>\n\t\t\t\t<small><a href=\"https:\/\/manimalbalance.jimdo.com\" target=\"_blank\" rel=\"noopener\">manimalbalance.jimdo.com<\/a><\/small>\n\t\t\t<\/div>\n<\/p><\/div>\n<\/p><\/div>\n<\/div>\n<p>&nbsp;<\/p>\n<div class=\"lecture\">\n<div class=\"row\">\n<div class=\"small-24 columns\" style=\"text-align: center;\">\n<h2>Notre vision et notre engagement pour une plan\u00e8te saine<br \/>\nde fa\u00e7on naturelle&nbsp;!<\/h2>\n<p><span style=\"font-size: 20px; font-weight: bold;\">Conclusion de notre Congr\u00e8s d&rsquo;Anniversaire 2018&nbsp;!<\/span>\n<\/div>\n<\/div>\n<\/div>\n<p>&nbsp;<\/p>\n<div class=\"text-center\" style=\"margin: 20px 0 50px 0;\">\n\t<a class=\"button radius register\" href=\"https:\/\/www.naturalscience.org\/fr\/congres-2018\/inscription\/\"><i class=\"fa fa-hand-o-right \" ><\/i> Inscrivez-vous d\u00e8s maintenant<br \/>\n\t<\/a>\n<\/div>\n<div class=\"content-box green-1 width-100\">\n<div class=\"content-box-title text-center\"><i class=\"fa fa-info-circle\"><\/i> Informations sur le Congr\u00e8s<\/div>\n<div class=\"content-box-body\">\n<div class=\"row\">\n<div class=\"small-24 medium-15 columns\">\n<div class=\"row\">\n<div class=\"small-24 columns\">\n<h3>Programme du Congr\u00e8s<\/h3>\n<table class=\"fees\">\n<tbody>\n<tr>\n<th>&nbsp;<\/th>\n<th>Programme<\/th>\n<th>Inscription<\/th>\n<\/tr>\n<tr>\n<td>Jeudi 1 novembre 2018<\/td>\n<td>19h00 \u00e0 21h00h<\/td>\n<td>15h00 \u00e0 18h45<\/td>\n<\/tr>\n<tr>\n<td>Vendredi 2 novembre 2018<\/td>\n<td>9h00 \u00e0 18h30<\/td>\n<td>8h00 \u00e0 8h45<\/td>\n<\/tr>\n<tr>\n<td>Samedi 3 novembre 2018<\/td>\n<td>9h00 \u00e0 18h30<\/td>\n<td>8h00 \u00e0 8h45<\/td>\n<\/tr>\n<tr>\n<td>Dimanche 4 novembre 2018<\/td>\n<td>9h30 \u00e0 13h00<\/td>\n<td>&nbsp;<\/td>\n<\/tr>\n<\/tbody>\n<\/table>\n<p>\t\t\t\t\t\t&nbsp;<\/p><\/div>\n<\/p><\/div>\n<div class=\"row\">\n<div class=\"small-24 medium-13 columns\">\n<h3>Lieu du Congr\u00e8s<\/h3>\n<p>\t\t\t\t\t\t<strong>H\u00f4tel Maritim<\/strong><br \/>\n\t\t\t\t\t\tBasteistra\u00dfe 40<br \/>\n\t\t\t\t\t\t89073 Ulm, Allemagne<br \/>\n\t\t\t\t\t\t<i class=\"fa fa-angle-right \" ><\/i> <a href=\"https:\/\/www.maritim.fr\/fr\/hotels\/allemagne\/hotel-ulm\/description-de-lhotel#hotel_content\"\n\t\t\t\t\t\t target=\"_blank\" rel=\"noopener\">Site Web<\/a><\/p>\n<p>\t\t\t\t\t\t<a class=\"button radius small\" href=\"https:\/\/www.naturalscience.org\/fr\/congres-2018\/reserver-une-chambre-dhotel\/\">R\u00e9server<br \/>\n\t\t\t\t\t\t\tune chambre d&rsquo;h\u00f4tel<\/a><\/p><\/div>\n<div class=\"small-24 medium-11 columns\">\n<h3>Traductions<\/h3>\n<p>\t\t\t\t\t\tSimultan\u00e9es en anglais, allemand, espagnol, tch\u00e8que et russe<\/p>\n<h3>Avez-vous des questions&nbsp;?<\/h3>\n<p>\t\t\t\t\t\tNous serions heureux de vous aider&nbsp;!<\/p>\n<ul class=\"fa-ul\">\n<li><i class=\"fa fa-envelope-o fa-li\"><\/i> <a href=\"https:\/\/www.naturalscience.org\/fr\/contact\/\">Formulaire de<br \/>\n\t\t\t\t\t\t\t\t\tcontact<\/a><\/li>\n<li><i class=\"fa fa-at fa-li\"><\/i> <a href=\"mailto:contact@naturalscience.org\">contact@naturalscience.org<\/a><\/li>\n<li><i class=\"fa fa-phone fa-li\"><\/i> +41(41)798-0398<\/li>\n<\/ul><\/div>\n<\/p><\/div>\n<\/p><\/div>\n<div class=\"small-24 medium-9 columns\">\n<h3>Frais du Congr\u00e8s<\/h3>\n<table class=\"fees\">\n<tbody>\n<tr>\n<th>&nbsp;<\/th>\n<th>Congr\u00e8s complet<\/th>\n<th>1&nbsp;jours<\/th>\n<th>1&nbsp;journ\u00e9e<\/th>\n<\/tr>\n<tr>\n<td>Par personne<\/td>\n<td>\u20ac 350<\/td>\n<td>\u20ac 300<\/td>\n<td>\u20ac 150<\/td>\n<\/tr>\n<tr>\n<td>\u00ab&nbsp;65 et +&nbsp;\u00bb<br \/>\n\t\t\t\t\t\t\t\t<small>(l&rsquo;\u00e2ge d&rsquo;or&nbsp;!)<\/small><\/td>\n<td>\u20ac 240<\/td>\n<td>\u20ac 190<\/td>\n<td>\u20ac 95<\/td>\n<\/tr>\n<tr>\n<td>Couples mari\u00e9s<br \/>\n\t\t\t\t\t\t\t\t<small>(participation conjointe)<\/small><\/td>\n<td>\u20ac 490<\/td>\n<td>\u20ac 420<\/td>\n<td>\u20ac 210<\/td>\n<\/tr>\n<tr>\n<td>\u00c9tudiants en Universit\u00e9\/\u00c9cole sup\u00e9rieure<\/td>\n<td>\u20ac 120<\/td>\n<td>\u20ac 100<\/td>\n<td>\u20ac 50<\/td>\n<\/tr>\n<tr>\n<td>Adolescents\/\u00c9coliers<\/td>\n<td>\u20ac 95<\/td>\n<td>\u20ac 70<\/td>\n<td>\u20ac 35<\/td>\n<\/tr>\n<\/tbody>\n<\/table><\/div>\n<\/p><\/div>\n<\/p><\/div>\n<\/div>\n<div class=\"text-center\" style=\"margin: 50px 0;\">\n\t<a class=\"button radius register\" href=\"https:\/\/www.naturalscience.org\/fr\/congres-2018\/inscription\/\"><i class=\"fa fa-hand-o-right \" ><\/i> Inscrivez-vous d\u00e8s maintenant<br \/>\n\t<\/a>\n<\/div>\n<div class=\"title-box\">\n<h2>Ce que nos participants en disent<\/h2>\n<\/div>\n<p><script>\n\tjQuery(document).ready(function ($) {\n\t\t$('#congress-guestbook').slick({\n\t\t\tslidesToShow: 3,\n\t\t\tslidesToScroll: 1,\n\t\t\tinfinite: false,\n\t\t\tspeed: 1000,\n\t\t\tautoplay: false,\n\t\t\tresponsive: [{\n\t\t\t\t\tbreakpoint: 850,\n\t\t\t\t\tsettings: {\n\t\t\t\t\t\tslidesToShow: 3\n\t\t\t\t\t}\n\t\t\t\t},\n\t\t\t\t{\n\t\t\t\t\tbreakpoint: 530,\n\t\t\t\t\tsettings: {\n\t\t\t\t\t\tslidesToShow: 2\n\t\t\t\t\t}\n\t\t\t\t},\n\t\t\t\t{\n\t\t\t\t\tbreakpoint: 330,\n\t\t\t\t\tsettings: {\n\t\t\t\t\t\tslidesToShow: 1\n\t\t\t\t\t}\n\t\t\t\t}\n\t\t\t]\n\t\t});\n\t});\n<\/script><\/p>\n<div id=\"congress-guestbook\" class=\"carousel\">\n<div>\n<blockquote><p>Un grand&nbsp;\u00ab&nbsp;merci&nbsp;\u00bb du fond du c\u0153ur aux organisateurs. Comme toujours&nbsp;: tr\u00e8s bon congr\u00e8s, innovateur et<br \/>\n\t\t\tqui ouvre les yeux. Votre engagement et votre enthousiasme sont contagieux. Une bonne raison de les transmettre&nbsp;!<br \/>\n\t\t\t<cite>Suely M., Allemagne<\/cite><\/p><\/blockquote><\/div>\n<div>\n<blockquote><p>Merci beaucoup pour ce nouvel aper\u00e7u et ces th\u00e8mes si int\u00e9ressants&nbsp;! C&#39;est toujours un moment pour se<br \/>\n\t\t\td\u00e9velopper et se former, partager et changer avec les autres participants&nbsp;! Il y a une nette diff\u00e9rence par rapport<br \/>\n\t\t\t\u00e0 d&#39;autres \u00e9v\u00e9nements et congr\u00e8s. Et beaucoup \u00e0 rapporter chez soi et \u00e0<br \/>\n\t\t\tappliquer&nbsp;! <cite>Odile L., Autriche<\/cite><\/p><\/blockquote><\/div>\n<div>\n<blockquote><p>C&#39;\u00e9tait le meilleur congr\u00e8s depuis des ann\u00e9es, tr\u00e8s bien structur\u00e9. Stimulant, passionnant, vrai et<br \/>\n\t\t\tnaturel&nbsp;! Merci tellement pour votre engagement consid\u00e9rable&nbsp;! <cite>Susanne B., Suisse<\/cite><\/p><\/blockquote><\/div>\n<div>\n<blockquote><p>Docteur Natasha&nbsp;: une conf\u00e9renci\u00e8re absolument \u00e9tonnante avec des expos\u00e9s si simples, si clairs, si plein<br \/>\n\t\t\td&#39;\u00e9motions&nbsp;! J&#39;ai ressenti une grande impulsion de devoir me pencher sur ma fa\u00e7on de vivre et de la changer.<br \/>\n\t\t\tPour cela, merci&nbsp;! <cite>Marina K., Lituanie<\/cite><\/p><\/blockquote><\/div>\n<div>\n<blockquote><p>Simplement satisfaite et heureuse d&#39;avoir eu l&#39;opportunit\u00e9 de participer \u00e0 ce congr\u00e8s une fois de<br \/>\n\t\t\tplus. C&#39;est enrichie et avec beaucoup de nouvelles impressions que je retournerai chez moi. Mille merci \u00e0 ces<br \/>\n\t\t\texcellents intervenants&nbsp;! <cite>Brigitta H., Suisse<\/cite><\/p><\/blockquote><\/div>\n<div>\n<blockquote><p>\u00c0 plusieurs niveaux, un congr\u00e8s avant-gardiste qui donne non seulement de nouvelles perspectives mais<br \/>\n\t\t\t\u00e9galement de l&#39;espoir et des visions (qui peuvent devenir r\u00e9elles). L&#39;expos\u00e9 de J\u00f6rg Dossenbach m&#39;a<br \/>\n\t\t\tparticuli\u00e8rement touch\u00e9e. Merci pour ce congr\u00e8s. <cite>Ulrike P., Allemagne<\/cite><\/p><\/blockquote><\/div>\n<\/div>\n<p>&nbsp;<\/p>\n<div class=\"title-box\">\n<h2>Congr\u00e8s de l&rsquo;an pass\u00e9<\/h2>\n<\/div>\n<p><strong><span style=\"color: #993300;\"><br \/>\n\t\tRegardez les <a style=\"color: #993300;\" href=\"https:\/\/www.naturalscience.org\/congress-2017\/watch-lectures\/\">conf\u00e9rences (anglais)<\/a> du dernier Congr\u00e8s en int\u00e9gralit\u00e9 ou lisez la <a style=\"color: #993300;\" href=\"https:\/\/www.naturalscience.org\/fr\/congres-2017\/retrospective\/\">r\u00e9trospective<\/a>.<br \/>\n\t<\/span><br \/>\n<\/strong><\/p>\nngg_shortcode_0_placeholder\n<div class=\"text-center\" style=\"margin: 50px 0;\">\n\t<a class=\"button radius register\" href=\"https:\/\/www.naturalscience.org\/fr\/congres-2018\/inscription\/\"><br \/>\n\t\t<i class=\"fa fa-hand-o-right \" ><\/i> Inscrivez-vous d\u00e8s maintenant<br \/>\n\t<\/a>\n<\/div>\n","protected":false},"excerpt":{"rendered":"du jeudi 1 novembre au dimanche 4 novembre 2018 H\u00f4tel Maritim, Ulm, Allemagne Jeudi 1er novembre 2018 de 19h00 \u00e0 21h00 Discours d&rsquo;ouverture &nbsp; Toute vie est \u00e9lectromagn\u00e9tique\u00a0! L&rsquo;\u00eatre humain est un \u00eatre vivant \u00e9lectromagn\u00e9tique, percevant son environnement \u00e9lectromagn\u00e9tique d&rsquo;une fa\u00e7on \u00e9lectromagn\u00e9tique et communiquant ainsi avec lui. La bio\u00e9lectricit\u00e9 est le fondement de toute vie. [&hellip;]","protected":false},"author":9,"featured_media":0,"parent":0,"menu_order":115,"comment_status":"closed","ping_status":"closed","template":"page-full.php","meta":{"_acf_changed":false,"ngg_post_thumbnail":0,"footnotes":""},"categories":[],"class_list":["post-26400","page","type-page","status-publish","hentry","wpautop"],"acf":[],"yoast_head":"<!-- This site is optimized with the Yoast SEO plugin v27.5 - https:\/\/yoast.com\/product\/yoast-seo-wordpress\/ -->\n<title>23\u00e8me Congr\u00e8s Mondial International \u00ab Nouvelles Perspectives Scientifiques \u00bb - The World Foundation for Natural Science<\/title>\n<meta name=\"robots\" content=\"index, follow, max-snippet:-1, max-image-preview:large, max-video-preview:-1\" \/>\n<link rel=\"canonical\" href=\"https:\/\/www.naturalscience.org\/fr\/congres-2018\/\" \/>\n<meta name=\"twitter:label1\" content=\"Dur\u00e9e de lecture estim\u00e9e\" \/>\n\t<meta name=\"twitter:data1\" content=\"13 minutes\" \/>\n<script type=\"application\/ld+json\" class=\"yoast-schema-graph\">{\"@context\":\"https:\\\/\\\/schema.org\",\"@graph\":[{\"@type\":\"WebPage\",\"@id\":\"https:\\\/\\\/www.naturalscience.org\\\/fr\\\/congres-2018\\\/\",\"url\":\"https:\\\/\\\/www.naturalscience.org\\\/fr\\\/congres-2018\\\/\",\"name\":\"23\u00e8me Congr\u00e8s Mondial International \u00ab Nouvelles Perspectives Scientifiques \u00bb - The World Foundation for Natural Science\",\"isPartOf\":{\"@id\":\"https:\\\/\\\/www.naturalscience.org\\\/#website\"},\"primaryImageOfPage\":{\"@id\":\"https:\\\/\\\/www.naturalscience.org\\\/fr\\\/congres-2018\\\/#primaryimage\"},\"image\":{\"@id\":\"https:\\\/\\\/www.naturalscience.org\\\/fr\\\/congres-2018\\\/#primaryimage\"},\"thumbnailUrl\":\"https:\\\/\\\/www.naturalscience.org\\\/wp-content\\\/uploads\\\/2018\\\/09\\\/congress-2018-hofmann-300x400.jpg\",\"datePublished\":\"2017-12-23T13:12:24+00:00\",\"dateModified\":\"2018-10-27T13:06:04+00:00\",\"breadcrumb\":{\"@id\":\"https:\\\/\\\/www.naturalscience.org\\\/fr\\\/congres-2018\\\/#breadcrumb\"},\"inLanguage\":\"fr-FR\",\"potentialAction\":[{\"@type\":\"ReadAction\",\"target\":[\"https:\\\/\\\/www.naturalscience.org\\\/fr\\\/congres-2018\\\/\"]}]},{\"@type\":\"ImageObject\",\"inLanguage\":\"fr-FR\",\"@id\":\"https:\\\/\\\/www.naturalscience.org\\\/fr\\\/congres-2018\\\/#primaryimage\",\"url\":\"https:\\\/\\\/www.naturalscience.org\\\/wp-content\\\/uploads\\\/2018\\\/09\\\/congress-2018-hofmann-300x400.jpg\",\"contentUrl\":\"https:\\\/\\\/www.naturalscience.org\\\/wp-content\\\/uploads\\\/2018\\\/09\\\/congress-2018-hofmann-300x400.jpg\"},{\"@type\":\"BreadcrumbList\",\"@id\":\"https:\\\/\\\/www.naturalscience.org\\\/fr\\\/congres-2018\\\/#breadcrumb\",\"itemListElement\":[{\"@type\":\"ListItem\",\"position\":1,\"name\":\"Home\",\"item\":\"https:\\\/\\\/www.naturalscience.org\\\/fr\\\/\"},{\"@type\":\"ListItem\",\"position\":2,\"name\":\"23\u00e8me Congr\u00e8s Mondial International&nbsp;\u00ab&nbsp;Nouvelles Perspectives Scientifiques&nbsp;\u00bb\"}]},{\"@type\":\"WebSite\",\"@id\":\"https:\\\/\\\/www.naturalscience.org\\\/#website\",\"url\":\"https:\\\/\\\/www.naturalscience.org\\\/\",\"name\":\"The World Foundation for Natural Science\",\"description\":\"Restoring and Healing the World through Responsibility and Commitment in accord with Natural and Divine Law!\",\"potentialAction\":[{\"@type\":\"SearchAction\",\"target\":{\"@type\":\"EntryPoint\",\"urlTemplate\":\"https:\\\/\\\/www.naturalscience.org\\\/?s={search_term_string}\"},\"query-input\":{\"@type\":\"PropertyValueSpecification\",\"valueRequired\":true,\"valueName\":\"search_term_string\"}}],\"inLanguage\":\"fr-FR\"}]}<\/script>\n<!-- \/ Yoast SEO plugin. -->","yoast_head_json":{"title":"23\u00e8me Congr\u00e8s Mondial International \u00ab Nouvelles Perspectives Scientifiques \u00bb - The World Foundation for Natural Science","robots":{"index":"index","follow":"follow","max-snippet":"max-snippet:-1","max-image-preview":"max-image-preview:large","max-video-preview":"max-video-preview:-1"},"canonical":"https:\/\/www.naturalscience.org\/fr\/congres-2018\/","twitter_misc":{"Dur\u00e9e de lecture estim\u00e9e":"13 minutes"},"schema":{"@context":"https:\/\/schema.org","@graph":[{"@type":"WebPage","@id":"https:\/\/www.naturalscience.org\/fr\/congres-2018\/","url":"https:\/\/www.naturalscience.org\/fr\/congres-2018\/","name":"23\u00e8me Congr\u00e8s Mondial International \u00ab Nouvelles Perspectives Scientifiques \u00bb - The World Foundation for Natural Science","isPartOf":{"@id":"https:\/\/www.naturalscience.org\/#website"},"primaryImageOfPage":{"@id":"https:\/\/www.naturalscience.org\/fr\/congres-2018\/#primaryimage"},"image":{"@id":"https:\/\/www.naturalscience.org\/fr\/congres-2018\/#primaryimage"},"thumbnailUrl":"https:\/\/www.naturalscience.org\/wp-content\/uploads\/2018\/09\/congress-2018-hofmann-300x400.jpg","datePublished":"2017-12-23T13:12:24+00:00","dateModified":"2018-10-27T13:06:04+00:00","breadcrumb":{"@id":"https:\/\/www.naturalscience.org\/fr\/congres-2018\/#breadcrumb"},"inLanguage":"fr-FR","potentialAction":[{"@type":"ReadAction","target":["https:\/\/www.naturalscience.org\/fr\/congres-2018\/"]}]},{"@type":"ImageObject","inLanguage":"fr-FR","@id":"https:\/\/www.naturalscience.org\/fr\/congres-2018\/#primaryimage","url":"https:\/\/www.naturalscience.org\/wp-content\/uploads\/2018\/09\/congress-2018-hofmann-300x400.jpg","contentUrl":"https:\/\/www.naturalscience.org\/wp-content\/uploads\/2018\/09\/congress-2018-hofmann-300x400.jpg"},{"@type":"BreadcrumbList","@id":"https:\/\/www.naturalscience.org\/fr\/congres-2018\/#breadcrumb","itemListElement":[{"@type":"ListItem","position":1,"name":"Home","item":"https:\/\/www.naturalscience.org\/fr\/"},{"@type":"ListItem","position":2,"name":"23\u00e8me Congr\u00e8s Mondial International&nbsp;\u00ab&nbsp;Nouvelles Perspectives Scientifiques&nbsp;\u00bb"}]},{"@type":"WebSite","@id":"https:\/\/www.naturalscience.org\/#website","url":"https:\/\/www.naturalscience.org\/","name":"The World Foundation for Natural Science","description":"Restoring and Healing the World through Responsibility and Commitment in accord with Natural and Divine Law!","potentialAction":[{"@type":"SearchAction","target":{"@type":"EntryPoint","urlTemplate":"https:\/\/www.naturalscience.org\/?s={search_term_string}"},"query-input":{"@type":"PropertyValueSpecification","valueRequired":true,"valueName":"search_term_string"}}],"inLanguage":"fr-FR"}]}},"_links":{"self":[{"href":"https:\/\/www.naturalscience.org\/fr\/wp-json\/wp\/v2\/pages\/26400","targetHints":{"allow":["GET"]}}],"collection":[{"href":"https:\/\/www.naturalscience.org\/fr\/wp-json\/wp\/v2\/pages"}],"about":[{"href":"https:\/\/www.naturalscience.org\/fr\/wp-json\/wp\/v2\/types\/page"}],"author":[{"embeddable":true,"href":"https:\/\/www.naturalscience.org\/fr\/wp-json\/wp\/v2\/users\/9"}],"replies":[{"embeddable":true,"href":"https:\/\/www.naturalscience.org\/fr\/wp-json\/wp\/v2\/comments?post=26400"}],"version-history":[{"count":15,"href":"https:\/\/www.naturalscience.org\/fr\/wp-json\/wp\/v2\/pages\/26400\/revisions"}],"predecessor-version":[{"id":28412,"href":"https:\/\/www.naturalscience.org\/fr\/wp-json\/wp\/v2\/pages\/26400\/revisions\/28412"}],"wp:attachment":[{"href":"https:\/\/www.naturalscience.org\/fr\/wp-json\/wp\/v2\/media?parent=26400"}],"wp:term":[{"taxonomy":"category","embeddable":true,"href":"https:\/\/www.naturalscience.org\/fr\/wp-json\/wp\/v2\/categories?post=26400"}],"curies":[{"name":"wp","href":"https:\/\/api.w.org\/{rel}","templated":true}]}}