{"id":25129,"date":"2017-07-11T19:38:24","date_gmt":"2017-07-11T17:38:24","guid":{"rendered":"http:\/\/www.naturalscience.org\/fr\/?page_id=25129"},"modified":"2017-10-19T19:12:05","modified_gmt":"2017-10-19T17:12:05","slug":"congres-2017","status":"publish","type":"page","link":"https:\/\/www.naturalscience.org\/fr\/congres-2017\/","title":{"rendered":"22\u00e8me Congr\u00e8s Mondial International&nbsp;\u00ab&nbsp;Nouvelles Perspectives Scientifiques&nbsp;\u00bb"},"content":{"rendered":"<p class=\"text-center\" style=\"font-size: 18px; color: #005000;\"><strong>du jeudi 2 novembre au dimanche 5 novembre 2017<br \/>\nH\u00f4tel Maritim, Ulm, Allemagne<\/strong><\/p>\n<div class=\"title-box\">\n<h2>Jeudi 2 novembre 2017 de 19h00 \u00e0 21h00<\/h2>\n<\/div>\n<div class=\"lecture\">\n<div class=\"row\">\n<div class=\"small-24 columns\">\n<h2>Discours d&#39;ouverture et de bienvenue<\/h2>\n<\/div>\n<\/div>\n<\/div>\n<p>&nbsp;<\/p>\n<div class=\"lecture\">\n<div class=\"row\">\n<div class=\"small-24 medium-15 columns\">\n<h2>Les animaux\u00a0\u2014\u00a0Leur droit de vivre et de se d\u00e9velopper<\/h2>\n<p>Les oiseaux, les papillons, les cr\u00e9atures rampantes et tous les autres animaux font autant partie de la cr\u00e9ation que nous. Quand nous aurons appris que, lorsque nous faisons du mal \u00e0 n&#39;importe quelle cr\u00e9ature vivante, nous causons du tort aussi \u00e0 nous-m\u00eame, alors il est certain que nous ne tuerons ni ne maltraiterons un \u00eatre vivant engendr\u00e9 par le Cr\u00e9ateur. Nous avons la responsabilit\u00e9 pour toutes les cr\u00e9atures vivantes et toute vie dans la nature&nbsp;: ce qui nous habilite \u00e0 les aimer, les prot\u00e9ger, les nourrir et \u00e0 ne pas les maltraiter pour des exp\u00e9riences scientifiques.<\/p>\n<div class=\"speaker description\"><strong>Jose Ernesto De Almeida Molina<\/strong> a re\u00e7u son dipl\u00f4me d&#39;ing\u00e9nieur agricole \u00e0 l&#39;Universit\u00e9 Nationale de La Molina en 1982, et en 2016 un Master scientifique en production agricole (avec une sp\u00e9cialisation d\u00e9veloppement durable). Son int\u00e9r\u00eat et son amour pour la nature et les animaux ont toujours \u00e9t\u00e9 comme un fil rouge dans sa vie. Depuis 10 ans, il est le directeur g\u00e9n\u00e9ral de&nbsp;\u00ab\u00a0Madre Tierra\u00a0\u00bb, SAC, une entreprise priv\u00e9e aidant les agriculteurs \u00e0 passer d&#39;une agriculture conventionnelle \u00e0 une agriculture biologique. En plus de ses activit\u00e9s d&#39;enseignement et de recherches dans des universit\u00e9s et des institutions de formation en agro\u00e9cologie et reproduction animale, il est aussi politiquement engag\u00e9 pour les animaux depuis 2016, en tant que coordinateur du comit\u00e9 de protection des animaux du parti Frente Amplio au P\u00e9rou.<\/div>\n<div class=\"speaker description\"><strong>Daniel Schillig<\/strong> dirige depuis 28 ans une ferme biologique avec un \u00e9levage de vaches allaitantes. Une ind\u00e9pendance \u00e9conomique et une autonomie sont depuis toujours un aspect le distinguant. Il fait campagne invariablement pour la petite structure agricole familiale comme solution durable dans l&#39;agriculture. De plus, ses<br \/>\nexp\u00e9riences en tant qu&#39;\u00eatre humain, agriculteur et politicien au niveau local lui ont appris que tout dans la vie est reli\u00e9.<\/div>\n<\/div>\n<div class=\"small-24 medium-9 columns\">\n<div class=\"row\">\n<div class=\"small-24 medium-12 columns\">\n<p><img loading=\"lazy\" decoding=\"async\" class=\"alignnone size-full wp-image-25630\" src=\"https:\/\/www.naturalscience.org\/wp-content\/uploads\/2017\/09\/speaker-almeida-molina.jpg\" alt=\"\" width=\"286\" height=\"382\" srcset=\"https:\/\/www.naturalscience.org\/wp-content\/uploads\/2017\/09\/speaker-almeida-molina.jpg 286w, https:\/\/www.naturalscience.org\/wp-content\/uploads\/2017\/09\/speaker-almeida-molina-225x300.jpg 225w, https:\/\/www.naturalscience.org\/wp-content\/uploads\/2017\/09\/speaker-almeida-molina-123x164.jpg 123w\" sizes=\"auto, (max-width: 286px) 100vw, 286px\" \/><\/p>\n<div class=\"speaker\"><strong>Jose Ernesto De Almeida Molina<\/strong>, ing\u00e9nieur agricole, Lima, P\u00e9rou<\/div>\n<\/div>\n<div class=\"small-24 medium-12 columns\">\n<img loading=\"lazy\" decoding=\"async\" class=\"alignnone size-full wp-image-25611\" src=\"https:\/\/www.naturalscience.org\/wp-content\/uploads\/2017\/09\/speaker-schillig.jpg\" alt=\"\" width=\"286\" height=\"381\" srcset=\"https:\/\/www.naturalscience.org\/wp-content\/uploads\/2017\/09\/speaker-schillig.jpg 286w, https:\/\/www.naturalscience.org\/wp-content\/uploads\/2017\/09\/speaker-schillig-225x300.jpg 225w, https:\/\/www.naturalscience.org\/wp-content\/uploads\/2017\/09\/speaker-schillig-123x164.jpg 123w\" sizes=\"auto, (max-width: 286px) 100vw, 286px\" \/><\/p>\n<div class=\"speaker\"><strong>Daniel Schillig<\/strong>, agriculteur et politicien, Neuheim, Suisse<\/div>\n<\/div>\n<\/div>\n<\/div>\n<\/div>\n<\/div>\n<div class=\"title-box\">\n<h2>Vendredi 3 novembre 2017 de 9h00 \u00e0 18h30<\/h2>\n<\/div>\n<div class=\"lecture\">\n<div class=\"row\">\n<div class=\"small-24 medium-18 columns\">\n<h2>Le printemps devient muet \u2014 Pourquoi toujours plus d&#39;insectes et d&#39;oiseaux disparaissent<\/h2>\n<p>Les insectes et leurs proches esp\u00e8ces repr\u00e9sentent plus de 60\u00a0% de la biodiversit\u00e9 de notre plan\u00e8te et ils assument aussi par cons\u00e9quent des t\u00e2ches importantes dans notre \u00e9cosyst\u00e8me en tant que pollinisateurs des fleurs ou r\u00e9g\u00e9n\u00e9rateurs des sols. M\u00eame les oiseaux, qui se trouvent en d\u00e9pendance directe avec les insectes dans la cha\u00eene alimentaire, sont des maillons indispensables dans la nature. Cependant, le bourdonnement familier des insectes et le chant des oiseaux au printemps deviennent d&#39;ann\u00e9e en ann\u00e9e de plus en plus faibles et menacent m\u00eame de se taire. Qui est responsable pour la disparition des insectes et des oiseaux et que doit-il \u00eatre fait pour arr\u00eater cette tendance afin de l&#39;inverser\u00a0ensuite?<\/p>\n<div class=\"speaker description\"><strong>Sebastian Hausmann<\/strong> a \u00e9tudi\u00e9 la protection de la nature \u00e0 Bernburg ainsi que la biodiversit\u00e9, l&#39;\u00e9volution et l&#39;\u00e9cologie \u00e0 Berlin. Aujourd&#39;hui, il fait des recherches sur l&#39;\u00e9cologie des plantes \u00e0 l&#39;Universit\u00e9 Libre de Berlin dans le cadre de son doctorat. En tant que planificateur paysagiste ind\u00e9pendant, il est constamment confront\u00e9 aux effets sur la nature de l&#39;utilisation des sols par l&#39;Homme. En 2008, il a entendu parler de la disparition des abeilles pour la premi\u00e8re fois, ce qui l&#39;a amen\u00e9 \u00e0 devenir apiculteur lui-m\u00eame et d\u00e9couvrir sa passion pour les insectes. Depuis, son enthousiasme persiste. C&#39;est pourquoi, pendant ses \u00e9tudes, il s&#39;est sp\u00e9cialis\u00e9 dans la pollinisation et pendant ses ann\u00e9es d&#39;apiculture, de formation d&#39;apiculteurs, de planification paysagiste, il a pu agrandir sa connaissance du monde des abeilles de fa\u00e7on cons\u00e9quente.<\/div>\n<\/div>\n<div class=\"small-24 medium-6 columns\">\n<img loading=\"lazy\" decoding=\"async\" src=\"https:\/\/www.naturalscience.org\/wp-content\/uploads\/2017\/07\/speaker-hausmann.jpg\" alt=\"\" width=\"286\" height=\"382\" class=\"alignnone size-full wp-image-25659\" srcset=\"https:\/\/www.naturalscience.org\/wp-content\/uploads\/2017\/07\/speaker-hausmann.jpg 286w, https:\/\/www.naturalscience.org\/wp-content\/uploads\/2017\/07\/speaker-hausmann-225x300.jpg 225w, https:\/\/www.naturalscience.org\/wp-content\/uploads\/2017\/07\/speaker-hausmann-123x164.jpg 123w\" sizes=\"auto, (max-width: 286px) 100vw, 286px\" \/><\/p>\n<div class=\"speaker\"><strong>Sebastian Hausmann, MSc<\/strong>, Berlin, Allemagne<\/div>\n<\/div>\n<\/div>\n<\/div>\n<p>&nbsp;<\/p>\n<div class=\"lecture\">\n<div class=\"row\">\n<div class=\"small-24 medium-18 columns\">\n<h2>Plan\u00e8te Eau \u2014 notre base vitale et notre responsabilit\u00e9<\/h2>\n<p>L&#39;eau a tellement de capacit\u00e9s et de propri\u00e9t\u00e9s diff\u00e9rentes comme aucun autre \u00e9l\u00e9ment. Elle transporte, elle conduit, elle refroidit, elle r\u00e9chauffe, elle nettoie, elle informe, elle nourrit, elle m\u00e9morise, elle gu\u00e9rit et elle \u00e9tanche la soif. L&#39;eau est notre base vitale et nous sommes en train de la d\u00e9truire. Mais si l&#39;eau est pollu\u00e9e et utilis\u00e9e comme d\u00e9charge, notre plan\u00e8te est malade et nous aussi par cons\u00e9quent.<\/p>\n<div class=\"speaker description\">Des \u00e9tudes en g\u00e9ographie, en sciences de la terre et en \u00e9cologie ont offert \u00e0 <strong>Denise Ulrich<\/strong> la possibilit\u00e9 de bien conna\u00eetre notre plan\u00e8te Terre. Reconna\u00eetre et enseigner les rapports entre la terre, l&#39;air, l&#39;eau et l&#39;Homme sont sa pr\u00e9occupation majeure depuis plusieurs ann\u00e9es. Sa propre exp\u00e9rience de la nature lui a montr\u00e9 que derri\u00e8re ses formes physiques, il y a d&#39;autres forces qui animent et maintiennent notre environnement. Afin de comprendre ce sujet plus amplement, elle fait aujourd&#39;hui des<br \/>\n\u00e9tudes portant sur l&#39;\u00e9l\u00e9ment le plus fascinant sur terre, l&#39;eau.<\/div>\n<\/div>\n<div class=\"small-24 medium-6 columns\">\n<img loading=\"lazy\" decoding=\"async\" class=\"alignnone size-full wp-image-25614\" src=\"https:\/\/www.naturalscience.org\/wp-content\/uploads\/2017\/09\/speaker-ulrich-d.jpg\" alt=\"\" width=\"286\" height=\"382\" srcset=\"https:\/\/www.naturalscience.org\/wp-content\/uploads\/2017\/09\/speaker-ulrich-d.jpg 286w, https:\/\/www.naturalscience.org\/wp-content\/uploads\/2017\/09\/speaker-ulrich-d-225x300.jpg 225w, https:\/\/www.naturalscience.org\/wp-content\/uploads\/2017\/09\/speaker-ulrich-d-123x164.jpg 123w\" sizes=\"auto, (max-width: 286px) 100vw, 286px\" \/><\/p>\n<div class=\"speaker\"><strong>Denise Ulrich, Dipl\u00f4m\u00e9e en g\u00e9ographie et enseignement secondaire<\/strong>, Hohenrain, Suisse<\/div>\n<\/div>\n<\/div>\n<\/div>\n<p>&nbsp;<\/p>\n<div class=\"lecture\">\n<div class=\"row\">\n<div class=\"small-24 medium-18 columns\">\n<h2>L&#39;abondance des oc\u00e9ans \u2014 combien de temps existera-t- elle encore\u00a0?<\/h2>\n<p>Les mers repr\u00e9sentent le plus grand r\u00e9servoir d&#39;eau du globe. Les poissons des oc\u00e9ans sont l&#39;alimentation principale d&#39;un milliard de personnes. Mais les mers et oc\u00e9ans sont aujourd&#39;hui loin d&#39;\u00eatre purs et intactes. Avec eux, toute vie se retrouve \u00e9galement en situation de d\u00e9tresse. Chaque jour, nous empoisonnons ce monde unique en son genre avec des choses de tous les jours dont nous n&#39;avons plus besoin ou que nous avons utilis\u00e9 de fa\u00e7on excessive ou utilisons sans r\u00e9fl\u00e9chir aux cons\u00e9quences. En sommes-nous au moins conscients\u00a0? Nous avons besoin de la mer et elle a besoin de nous.<\/p>\n<div class=\"speaker description\"><strong>Sabrina Amico<\/strong> s&#39;int\u00e9resse \u00e0 l&#39;eau et \u00e0 la mer, ayant une vraie passion pour les oc\u00e9ans et leurs cr\u00e9atures auxquelles elle se sent reli\u00e9e depuis sa petite enfance. C&#39;est son d\u00e9sir le plus fort de mieux comprendre cet \u00e9l\u00e9ment vital pour les \u00eatres humains et toute la plan\u00e8te \u00e0 un niveau holistique, de d\u00e9montrer les corr\u00e9lations moins connues et ceci faisant, de promouvoir une relation plus aimante et plus respectueuse vis \u00e0 vis de cette magnifique partie de la nature, incomparablement pr\u00e9cieuse.<\/div>\n<\/div>\n<div class=\"small-24 medium-6 columns\">\n<img loading=\"lazy\" decoding=\"async\" class=\"alignnone size-full wp-image-25615\" src=\"https:\/\/www.naturalscience.org\/wp-content\/uploads\/2017\/09\/speaker-amico.jpg\" alt=\"\" width=\"286\" height=\"382\" srcset=\"https:\/\/www.naturalscience.org\/wp-content\/uploads\/2017\/09\/speaker-amico.jpg 286w, https:\/\/www.naturalscience.org\/wp-content\/uploads\/2017\/09\/speaker-amico-225x300.jpg 225w, https:\/\/www.naturalscience.org\/wp-content\/uploads\/2017\/09\/speaker-amico-123x164.jpg 123w\" sizes=\"auto, (max-width: 286px) 100vw, 286px\" \/><\/p>\n<div class=\"speaker\"><strong>Sabrina Amico, Licence de Philosophie<\/strong>, Beinwil, Suisse<\/div>\n<\/div>\n<\/div>\n<\/div>\n<p>&nbsp;<\/p>\n<div class=\"lecture\">\n<div class=\"row\">\n<div class=\"small-24 medium-18 columns\">\n<h2>Les cosm\u00e9tiques, nuisibles \u00e0 notre sant\u00e9 et \u00e0 notre environnement\u00a0?<\/h2>\n<p>Les cosm\u00e9tiques, contrairement aux produits technologiques, ont l&#39;avantage de ne pas devoir porter d&#39;\u00e9tiquette d&#39;avertissement. C&#39;est m\u00eame pratiquement impossible pour le consommateur de discerner les produits corporels recommandables et respectueux de l&#39;environnement. La politique, sbire des grosses industries, joue le jeu. Actuellement, il y a plus d&#39;ingr\u00e9dients polluants dans le secteur des produits de soins corporels que d&#39;ingr\u00e9dients soignants et le business tourne. C&#39;est la publicit\u00e9 intensive qui permet la vente de 90\u00a0% des cosm\u00e9tiques et non pas une forte demande.<\/p>\n<div class=\"speaker description\"><strong>Willi Luger<\/strong> fait tout autrement\u00a0! Par son p\u00e8re, il se trouve depuis l&#39;enfance dans le monde de la coiffure et apr\u00e8s 20 ans de m\u00e9tier, il d\u00e9cide de changer compl\u00e8tement de direction. Apportant une r\u00e9ponse aux nombreux probl\u00e8mes de sant\u00e9 li\u00e9s \u00e0 sa profession, Willi Luger a invent\u00e9 une formule unique, cons\u00e9quente et \u00e9cologique<br \/>\ncomme alternative aux produits traditionnels pour coiffeurs et a fond\u00e9 CULUMNATURA\u00ae. Sa compr\u00e9hension des relations durables \u00e9cologiques, un contexte en naturopathie et m\u00e9decine alternative ainsi que la connaissance en d\u00e9coulant sur l&#39;ampleur des ingr\u00e9dients chimiques contenus dans les produits cosm\u00e9tiques l&#39;ont motiv\u00e9 finalement \u00e0 se tourner compl\u00e8tement et de fa\u00e7on<br \/>\ncons\u00e9quente vers des cosm\u00e9tiques naturels et&nbsp;\u00ab\u00a0honn\u00eates\u00a0\u00bb \u2014 sans show ni gadget\u00a0! Les ingr\u00e9dients \u00e0 la mode sont pour lui hors de question.<\/div>\n<\/div>\n<div class=\"small-24 medium-6 columns\">\n<img loading=\"lazy\" decoding=\"async\" class=\"alignnone size-full wp-image-25616\" src=\"https:\/\/www.naturalscience.org\/wp-content\/uploads\/2017\/09\/speaker-luger.jpg\" alt=\"\" width=\"286\" height=\"382\" srcset=\"https:\/\/www.naturalscience.org\/wp-content\/uploads\/2017\/09\/speaker-luger.jpg 286w, https:\/\/www.naturalscience.org\/wp-content\/uploads\/2017\/09\/speaker-luger-225x300.jpg 225w, https:\/\/www.naturalscience.org\/wp-content\/uploads\/2017\/09\/speaker-luger-123x164.jpg 123w\" sizes=\"auto, (max-width: 286px) 100vw, 286px\" \/><\/p>\n<div class=\"speaker\"><strong>Willi Luger<\/strong>, ma\u00eetre coiffeur et cr\u00e9ateur d&rsquo;entreprise, Ernstbrunn, Autriche<\/div>\n<p><a href=\"http:\/\/www.culumnatura-naturkosmetik.com\" target=\"_blank\" rel=\"noopener\">www.culumnatura-naturkosmetik.com<\/a>\n<\/div>\n<\/div>\n<\/div>\n<div class=\"title-box\">\n<h2>Samedi 4 novembre 2017 de 9h00  \u00e0 18h30<\/h2>\n<\/div>\n<div class=\"lecture\">\n<div class=\"row\">\n<div class=\"small-24 medium-15 columns\">\n<h2>Les plaques \u00e0 induction sont-elles dangereuses&nbsp;?<\/h2>\n<p>Les plaques \u00e0 induction sont pratiques, \u00e9conomiques et \u00e9vincent de plus en plus les cuisini\u00e8res \u00e9lectriques et les gazini\u00e8res, et ceci mondialement. Cependant, elles ont un grave inconv\u00e9nient&nbsp;: le champ magn\u00e9tique important, engendr\u00e9 pendant son utilisation, n&rsquo;est pas bon pour la sant\u00e9. D&rsquo;ailleurs, m\u00eame des organismes officiels et des autorit\u00e9s incitent \u00e0 la prudence. De plus, il est suppos\u00e9 que, par la cuisson sur une plaque \u00e0 induction, l&rsquo;\u00e9nergie vitale de ce qui est cuit est amoindrie, voir m\u00eame d\u00e9truite.<\/p>\n<div class=\"speaker description\"><strong>Marcel Hofmann<\/strong> a obtenu, apr\u00e8s un apprentissage de monteur \u00e9lectricien, un Master scientifique en G\u00e9nie \u00e9lectrique \u00e0 l&rsquo;Universit\u00e9 Northeastern \u00e0 Boston, USA. Apr\u00e8s de premi\u00e8res exp\u00e9riences pratiques dans le domaine de la t\u00e9l\u00e9phonie mobile, il commen\u00e7a \u00e0 s\u2019int\u00e9resser aux effets des rayonnements \u00e9lectromagn\u00e9tiques. Depuis plus de 10 ans, il conduit des mesures \u00e9lectro-biologiques et il informe les gens sur les effets de ces gadgets et appareils \u00e9lectroniques utilis\u00e9s quotidiennement.<\/div>\n<div class=\"speaker description\"><strong>Franz Ulrich<\/strong> a un dipl\u00f4me d&rsquo;ing\u00e9nieur en \u00e9lectricit\u00e9 (EPF Zurich) et dirige son propre cabinet de conseil en \u00e9nergie depuis dix ans. De plus en plus, il conseille dans le domaine des rayonnements \u00e9lectromagn\u00e9tiques et leur impact sur la sant\u00e9 humaine.<\/div>\n<\/div>\n<div class=\"small-24 medium-9 columns\">\n<div class=\"row\">\n<div class=\"small-24 medium-12 columns\">\n<img loading=\"lazy\" decoding=\"async\" src=\"https:\/\/www.naturalscience.org\/wp-content\/uploads\/2017\/07\/speaker-hofmann-2.jpg\" alt=\"\" width=\"286\" height=\"382\" class=\"alignnone size-full wp-image-25657\" srcset=\"https:\/\/www.naturalscience.org\/wp-content\/uploads\/2017\/07\/speaker-hofmann-2.jpg 286w, https:\/\/www.naturalscience.org\/wp-content\/uploads\/2017\/07\/speaker-hofmann-2-225x300.jpg 225w, https:\/\/www.naturalscience.org\/wp-content\/uploads\/2017\/07\/speaker-hofmann-2-123x164.jpg 123w\" sizes=\"auto, (max-width: 286px) 100vw, 286px\" \/><\/p>\n<div class=\"speaker\"><strong>Marcel Hofmann, MSEE <\/strong>, ETS, Utzigen, Suisse<\/div>\n<\/div>\n<div class=\"small-24 medium-12 columns\">\n<img loading=\"lazy\" decoding=\"async\" class=\"alignnone size-full wp-image-25623\" src=\"https:\/\/www.naturalscience.org\/wp-content\/uploads\/2017\/09\/speaker-ulrich-f.jpg\" alt=\"\" width=\"286\" height=\"382\" srcset=\"https:\/\/www.naturalscience.org\/wp-content\/uploads\/2017\/09\/speaker-ulrich-f.jpg 286w, https:\/\/www.naturalscience.org\/wp-content\/uploads\/2017\/09\/speaker-ulrich-f-225x300.jpg 225w, https:\/\/www.naturalscience.org\/wp-content\/uploads\/2017\/09\/speaker-ulrich-f-123x164.jpg 123w\" sizes=\"auto, (max-width: 286px) 100vw, 286px\" \/><\/p>\n<div class=\"speaker\"><strong>Franz Ulrich, ing\u00e9nieur en \u00e9lectricit\u00e9 EPF<\/strong>, Hohenrain, Switzerland<\/div>\n<\/div>\n<\/div>\n<\/div>\n<\/div>\n<\/div>\n<p>&nbsp;<\/p>\n<div class=\"lecture\">\n<div class=\"row\">\n<div class=\"small-24 medium-18 columns\">\n<h2>Cancer \u2014 Fin de cette terrible menace<\/h2>\n<p>Avez-vous d\u00e9j\u00e0 entendu parler du protocole Banerji&nbsp;? Depuis trois g\u00e9n\u00e9rations, les Banerji, famille indienne de m\u00e9decins de Calcutta, ont trait\u00e9 une quantit\u00e9 innombrable de personnes suivant des protocoles standardis\u00e9s d\u00e9velopp\u00e9s d&rsquo;apr\u00e8s l&rsquo;hom\u00e9opathie selon Hahnemann. Gr\u00e2ce \u00e0 ce grand nombre de traitements donn\u00e9s, des prescriptions efficaces pour presque toute maladie concevable en ont r\u00e9sult\u00e9. Les succ\u00e8s de gu\u00e9rison, scientifiquement document\u00e9s, attirent l&rsquo;attention. Est-ce que ces formules se retrouvent comme sur un plateau devant nous, qui sommes de plus en plus \u00e2g\u00e9s et souffrons progressivement de maladies d\u00e9g\u00e9n\u00e9ratives chroniques&nbsp;? Pourrait-ce devenir une solution au gouffre sans fond des co\u00fbts de la sant\u00e9&nbsp;?<\/p>\n<div class=\"speaker description\">D\u00e8s son enfance, <strong>Rolf Backenecker<\/strong> \u00e9tait en contact avec la naturopathie traditionnelle europ\u00e9enne dans le cabinet de sa m\u00e8re. Malgr\u00e9 ses racines dans le monde de la sant\u00e9, il a tout d&rsquo;abord fait des \u00e9tudes d&rsquo;ing\u00e9nieur \u00e9lectrique, suivies d&rsquo;\u00e9tudes approfondies d&rsquo;\u00e9conomie et de gestion d&rsquo;entreprise. C&rsquo;est seulement plus tard que les graines sem\u00e9es dans son enfance ont port\u00e9 leurs premiers fruits apr\u00e8s des formations de naturopathie, de bior\u00e9sonance, de m\u00e9decine orthomol\u00e9culaire, d&rsquo;hom\u00e9opathie, de phytoth\u00e9rapie ainsi que de programmation neurolinguistique (PLN).<\/div>\n<\/div>\n<div class=\"small-24 medium-6 columns\">\n<img loading=\"lazy\" decoding=\"async\" src=\"https:\/\/www.naturalscience.org\/wp-content\/uploads\/2017\/07\/speaker-backenecker.jpg\" alt=\"\" width=\"286\" height=\"382\" class=\"alignnone size-full wp-image-25655\" srcset=\"https:\/\/www.naturalscience.org\/wp-content\/uploads\/2017\/07\/speaker-backenecker.jpg 286w, https:\/\/www.naturalscience.org\/wp-content\/uploads\/2017\/07\/speaker-backenecker-225x300.jpg 225w, https:\/\/www.naturalscience.org\/wp-content\/uploads\/2017\/07\/speaker-backenecker-123x164.jpg 123w\" sizes=\"auto, (max-width: 286px) 100vw, 286px\" \/><\/p>\n<div class=\"speaker\"><strong>Rolf Backenecker<\/strong>, Naturopathe, Meilen, Suisse<\/div>\n<p><a href=\"http:\/\/www.therapiehaus.ch\" target=\"_blank\" rel=\"noopener\">www.therapiehaus.ch<\/a>\n<\/div>\n<\/div>\n<\/div>\n<p>&nbsp;<\/p>\n<div class=\"lecture\">\n<div class=\"row\">\n<div class=\"small-24 medium-18 columns\">\n<h2>La Chiropratique Gonstead \u2014 Gu\u00e9rir de l&rsquo;int\u00e9rieur <\/h2>\n<p>L&rsquo;appareil locomoteur humain est sur toutes les l\u00e8vres. Ces probl\u00e8mes ne surviennent non seulement \u00e0 cause des d\u00e9fauts de posture li\u00e9s \u00e0 notre style de vie mais aussi \u00e0 cause d&rsquo;accidents et de chutes, surtout dans l&rsquo;enfance ou m\u00eame lors du travail pendant la naissance. Il peut y avoir un d\u00e9placement de l&rsquo;ossature, ce qui perturbe les nerfs. Les troubles qui en r\u00e9sultent peuvent nous rendre la vie tr\u00e8s difficile. Beaucoup de personnes se trouvent ainsi oblig\u00e9es de prendre des m\u00e9dicaments quotidiennement, voire de se faire op\u00e9rer ou bien recherchent d\u00e9sesp\u00e9r\u00e9ment une solution pendant des ann\u00e9es. La chiropratique Gonstead apporte une aide avec une analyse cibl\u00e9e et une grande sensibilit\u00e9 pour r\u00e9amorcer le processus de gu\u00e9rison de l&rsquo;appareil locomoteur et du syst\u00e8me nerveux.<\/p>\n<div class=\"speaker description\"><strong>Dr Stefan Rauber<\/strong> a pass\u00e9 son examen d&rsquo;\u00c9tat \u00e0 l&rsquo;H\u00f4pital Universitaire Balgrist \u00e0 Zurich. De 1997 \u00e0 2009, il s&rsquo;est form\u00e9 en Technique Chiropratique Gonstead Fullspine. De 2001 \u00e0 2005, il a travaill\u00e9 dans un cabinet ind\u00e9pendant \u00e0 l&rsquo;h\u00f4pital Bethesda \u00e0 B\u00e2le. Depuis 2006, il a son propre cabinet \u00e0 Wallisellen. Des formations compl\u00e9mentaires ont suivi, entre autres en p\u00e9diatrie ICPA (International Chiropractic Pediatrics Association), en analyse du point terminal et technique d&rsquo;ajustement Thompson, des s\u00e9minaires ICPA&nbsp;: chiropratique pour les nourrissons, les enfants, les femmes enceintes et un dipl\u00f4me avec mention en kin\u00e9siologie appliqu\u00e9e.<\/div>\n<\/div>\n<div class=\"small-24 medium-6 columns\">\n<img loading=\"lazy\" decoding=\"async\" class=\"alignnone size-full wp-image-25619\" src=\"https:\/\/www.naturalscience.org\/wp-content\/uploads\/2017\/09\/speaker-rauber.jpg\" alt=\"\" width=\"286\" height=\"382\" srcset=\"https:\/\/www.naturalscience.org\/wp-content\/uploads\/2017\/09\/speaker-rauber.jpg 286w, https:\/\/www.naturalscience.org\/wp-content\/uploads\/2017\/09\/speaker-rauber-225x300.jpg 225w, https:\/\/www.naturalscience.org\/wp-content\/uploads\/2017\/09\/speaker-rauber-123x164.jpg 123w\" sizes=\"auto, (max-width: 286px) 100vw, 286px\" \/><\/p>\n<div class=\"speaker\"><strong>Dr Stefan Rauber<\/strong>, Wallisellen, Zurich, Suisse<\/div>\n<p><a href=\"http:\/\/www.chiropraktik-wallisellen.ch\/en\" target=\"_blank\" rel=\"noopener\">www.chiropraktik-wallisellen.ch<\/a>\n<\/div>\n<\/div>\n<\/div>\n<p>&nbsp;<\/p>\n<div class=\"lecture\">\n<div class=\"row\">\n<div class=\"small-24 medium-18 columns\">\n<h2>Comment les anti-douleurs et les tranquillisants rendent les gens d\u00e9pendants<\/h2>\n<p>De plus en plus de gens prennent, dans leur d\u00e9tresse, des anti-douleurs, des tranquillisants, des psychotropes, des stimulants, des laxatifs ou ce qu&rsquo;ils pensent pouvoir les soulager. Souvent les personnes concern\u00e9es tombent dans un cercle vicieux de d\u00e9pendance et de d\u00e9gradation physique ou psychique \u00e0 long terme. Des \u00e9tudes de cas montrent comment on peut avoir des r\u00e9sultats durables avec des moyens naturels, sans nuire au corps.<\/p>\n<div class=\"speaker description\"><strong>Lukas Waldmann<\/strong> a obtenu son dipl\u00f4me de naturopathe \u00e0 l\u00b4\u00c9cole de M\u00e9decine naturelle appliqu\u00e9e \u00e0 Zurich, Suisse. Depuis 17 ans, il travaille dans son propre cabinet en utilisant prioritairement les m\u00e9decines alternatives. Il a acquis des connaissances approfondies dans diff\u00e9rents domaines tels ceux des compl\u00e9ments alimentaires naturels, de la th\u00e9rapie m\u00e9tabolique ou encore de la bior\u00e9sonance. Lukas Waldmann coop\u00e8re avec des m\u00e9decins et dentistes et c&rsquo;est l&rsquo;un des rares sp\u00e9cialistes en glyconutriments en Suisse. <\/div>\n<\/div>\n<div class=\"small-24 medium-6 columns\">\n<img loading=\"lazy\" decoding=\"async\" class=\"alignnone size-full wp-image-25624\" src=\"https:\/\/www.naturalscience.org\/wp-content\/uploads\/2017\/09\/speaker-waldmann.jpg\" alt=\"\" width=\"286\" height=\"382\" srcset=\"https:\/\/www.naturalscience.org\/wp-content\/uploads\/2017\/09\/speaker-waldmann.jpg 286w, https:\/\/www.naturalscience.org\/wp-content\/uploads\/2017\/09\/speaker-waldmann-225x300.jpg 225w, https:\/\/www.naturalscience.org\/wp-content\/uploads\/2017\/09\/speaker-waldmann-123x164.jpg 123w\" sizes=\"auto, (max-width: 286px) 100vw, 286px\" \/><\/p>\n<div class=\"speaker\"><strong>Lukas Waldmann<\/strong>, Naturopathe, Rotkreuz, Suisse<\/div>\n<p><a href=\"http:\/\/www.naturheilpraxis-plus.ch\" target=\"_blank\" rel=\"noopener\">www.naturheilpraxis-plus.ch<\/a>\n<\/div>\n<\/div>\n<\/div>\n<div class=\"title-box\">\n<h2>Dimanche 5 novembre 2017 de 9h30 \u00e0 13h00<\/h2>\n<\/div>\n<div class=\"lecture\">\n<div class=\"row\">\n<div class=\"small-24 medium-18 columns\">\n<h2>Les maladies sont-elles malfaisantes&nbsp;? \u2014 Non, votre corps communique avec vous<\/h2>\n<p>La maladie ou le cancer ne sont pas des hasards, ni une question de destin ou de punition, mais ils se d\u00e9veloppent comme r\u00e9sultat d&rsquo;une r\u00e9action, en fait normale, du corps qui n&rsquo;est pas \u00e9quilibr\u00e9. Ce qui provoque la disharmonie chez l&rsquo;Homme est, dans beaucoup de cas, ce que nous appelons le stress. Apprenez comment la vie spirituelle est la cl\u00e9 afin d&rsquo;\u00e9viter un stress inutile et comment communiquer avec notre corps hautement intelligent. <\/p>\n<div class=\"speaker description\">P\u00e8re de six enfants, naturopathe depuis plus de 30 ans et pr\u00eatre ordonn\u00e9, <strong>The Very Rev. Dean em. Paul Probst, SF<\/strong>, dispose d&rsquo;une vaste somme d&rsquo;exp\u00e9riences et de connaissances. Ces accomplissements le rendent apte \u00e0 diriger The World Foundation for Natural Science en tant que Pr\u00e9sident Europ\u00e9en et \u00e0 expliquer aux gens le rapport entre les sciences naturelles et la religion.<\/div>\n<\/div>\n<div class=\"small-24 medium-6 columns\">\n<img loading=\"lazy\" decoding=\"async\" src=\"https:\/\/www.naturalscience.org\/wp-content\/uploads\/2017\/10\/speaker-probst.jpg\" alt=\"\" width=\"286\" height=\"382\" class=\"alignnone size-full wp-image-25694\" srcset=\"https:\/\/www.naturalscience.org\/wp-content\/uploads\/2017\/10\/speaker-probst.jpg 286w, https:\/\/www.naturalscience.org\/wp-content\/uploads\/2017\/10\/speaker-probst-225x300.jpg 225w, https:\/\/www.naturalscience.org\/wp-content\/uploads\/2017\/10\/speaker-probst-123x164.jpg 123w\" sizes=\"auto, (max-width: 286px) 100vw, 286px\" \/><\/p>\n<div class=\"speaker\"><strong>The Very Reverend Dean em.<br \/>\nPaul Probst, SF<\/strong><br \/>\nPr\u00e9sident Europ\u00e9en, The World Foundation for Natural Science, Lucerne, Suisse<\/div>\n<p><a href=\"https:\/\/www.naturalscience.org\/\" target=\"_blank\" rel=\"noopener\">www.naturalscience.org<\/a>\n<\/div>\n<\/div>\n<\/div>\n<p>&nbsp;<\/p>\n<div class=\"content-box green-1 width-100\">\n<div class=\"content-box-title text-center\"><i class=\"fa fa-info-circle\"><\/i> Informations sur le Congr\u00e8s<\/div>\n<div class=\"content-box-body\">\n<div class=\"row\">\n<div class=\"small-24 medium-15 columns\">\n<div class=\"row\">\n<div class=\"small-24 columns\">\n<h3>Programme du Congr\u00e8s<\/h3>\n<table class=\"fees\">\n<tbody>\n<tr>\n<th>&nbsp;<\/th>\n<th>Programme<\/th>\n<th>Inscription<\/th>\n<\/tr>\n<tr>\n<td>Jeudi 2 novembre 2017<\/td>\n<td>19h00 \u00e0 21h00h<\/td>\n<td>15h00 \u00e0 18h45<\/td>\n<\/tr>\n<tr>\n<td>Vendredi 3 novembre 2017<\/td>\n<td>9h00 \u00e0 18h30<\/td>\n<td>8h00 \u00e0 8h45<\/td>\n<\/tr>\n<tr>\n<td>Samedi 4 novembre 2017<\/td>\n<td>9h00 \u00e0 18h30<\/td>\n<td>8h00 \u00e0 8h45<\/td>\n<\/tr>\n<tr>\n<td>Dimanche 5 novembre 2017<\/td>\n<td>9h30 \u00e0 13h00<\/td>\n<td>&nbsp;<\/td>\n<\/tr>\n<\/tbody>\n<\/table>\n<p>&nbsp;<\/p>\n<\/div>\n<\/div>\n<div class=\"row\">\n<div class=\"small-24 medium-13 columns\">\n<h3>Lieu du Congr\u00e8s<\/h3>\n<p><strong>H\u00f4tel Maritim<\/strong><br \/>\nBasteistra\u00dfe 40<br \/>\n89073 Ulm, Allemagne<br \/>\n<i class=\"fa fa-angle-right \" ><\/i> <a href=\"https:\/\/www.maritim.fr\/fr\/hotels\/allemagne\/hotel-ulm\/description-de-lhotel#hotel_content\" target=\"_blank\" rel=\"noopener\">Site Web<\/a><\/p>\n<p><a class=\"button radius small\" href=\"https:\/\/www.naturalscience.org\/fr\/congres-2017\/reserver-une-chambre-dhotel\/\">R\u00e9server une chambre d&rsquo;h\u00f4tel<\/a><\/p>\n<\/div>\n<div class=\"small-24 medium-11 columns\">\n<h3>Traductions<\/h3>\n<p>Simultan\u00e9es en anglais, allemand, espagnol, tch\u00e8que et russe<\/p>\n<h3>Avez-vous des questions&nbsp;?<\/h3>\n<p>Nous serions heureux de vous aider&nbsp;!<\/p>\n<ul class=\"fa-ul\">\n<li><i class=\"fa fa-envelope-o fa-li\"><\/i> <a href=\"https:\/\/www.naturalscience.org\/contact\/\">Formulaire de contact<\/a><\/li>\n<li><i class=\"fa fa-at fa-li\"><\/i> <a href=\"mailto:contact@naturalscience.org\">contact@naturalscience.org<\/a><\/li>\n<li><i class=\"fa fa-phone fa-li\"><\/i> +41(41)798-0398<\/li>\n<\/ul>\n<\/div>\n<\/div>\n<\/div>\n<div class=\"small-24 medium-9 columns\">\n<h3>Frais du Congr\u00e8s<\/h3>\n<table class=\"fees\">\n<tbody>\n<tr>\n<th>&nbsp;<\/th>\n<th>Congr\u00e8s complet<\/th>\n<th>1&nbsp;journ\u00e9e<\/th>\n<\/tr>\n<tr>\n<td>Par personne<\/td>\n<td>\u20ac 350<\/td>\n<td>\u20ac 150<\/td>\n<\/tr>\n<tr>\n<td>\u00ab&nbsp;65 et +&nbsp;\u00bb (l\u2019\u00e2ge d\u2019or&nbsp;! )<\/td>\n<td>\u20ac 240<\/td>\n<td>\u20ac 95<\/td>\n<\/tr>\n<tr>\n<td>Couples mari\u00e9s<br \/>\n<small>(participation conjointe)<\/small><\/td>\n<td>\u20ac 490<\/td>\n<td>\u20ac 210<\/td>\n<\/tr>\n<tr>\n<td>\u00c9tudiants en Universit\u00e9\/\u00c9cole sup\u00e9rieure<\/td>\n<td>\u20ac 120<\/td>\n<td>\u20ac 50<\/td>\n<\/tr>\n<tr>\n<td>Adolescents\/\u00c9coliers<\/td>\n<td>\u20ac 95<\/td>\n<td>\u20ac 35<\/td>\n<\/tr>\n<\/tbody>\n<\/table>\n<\/div>\n<\/div>\n<\/div>\n<\/div>\n<div class=\"text-center\" style=\"margin: 50px 0;\"><a class=\"button radius register\" href=\"https:\/\/www.naturalscience.org\/fr\/congres-2017\/inscription\/\"><i class=\"fa fa-hand-o-right \" ><\/i> Inscrivez-vous d\u00e8s maintenant<\/a>\u2002\u2002\u2002\u2002<!--<a class=\"button radius large\" href=\"https:\/\/www.naturalscience.org\/fr\/congres-2016\/programme\/\">Programme<\/a>--><\/div>\n<div class=\"title-box\">\n<h2>Ce que nos participants en disent<\/h2>\n<\/div>\n<p><script>\njQuery(document).ready(function ($) {\n\t$('#congress-guestbook').slick({\n\t\tslidesToShow: 3, \n\t\tslidesToScroll: 1,\n\t\tinfinite: false,\n\t\tspeed: 1000,\n\t\tautoplay: false,\n\t\tresponsive: [\n\t\t\t{breakpoint: 850, settings: { slidesToShow: 3 }},\n\t\t\t{breakpoint: 530, settings: { slidesToShow: 2 }},\n\t\t\t{breakpoint: 330, settings: { slidesToShow: 1 }}\n\t\t]\n\t});\n});\n<\/script><\/p>\n<div id=\"congress-guestbook\" class=\"carousel\">\n<div>\n<blockquote><p>Un grand&nbsp;\u00ab\u00a0merci\u00a0\u00bb du fond du c\u0153ur aux organisateurs. Comme toujours&nbsp;: tr\u00e8s bon congr\u00e8s, innovateur et qui ouvre les yeux. Votre engagement et votre enthousiasme sont contagieux. Une bonne raison de les transmettre&nbsp;! <cite>Suely M., Allemagne<\/cite><\/p><\/blockquote>\n<\/div>\n<div>\n<blockquote><p>Merci beaucoup pour ce nouvel aper\u00e7u et ces th\u00e8mes si int\u00e9ressants&nbsp;! C&#39;est toujours un moment pour se d\u00e9velopper et se former, partager et changer avec les autres participants&nbsp;! Il y a une nette diff\u00e9rence par rapport \u00e0 d&#39;autres \u00e9v\u00e9nements et congr\u00e8s. Et beaucoup \u00e0 rapporter chez soi et \u00e0<br \/>\nappliquer&nbsp;! <cite>Odile L., Autriche<\/cite><\/p><\/blockquote>\n<\/div>\n<div>\n<blockquote><p>C&#39;\u00e9tait le meilleur congr\u00e8s depuis des ann\u00e9es, tr\u00e8s bien structur\u00e9. Stimulant, passionnant, vrai et naturel&nbsp;! Merci tellement pour votre engagement consid\u00e9rable&nbsp;! <cite>Susanne B., Suisse<\/cite><\/p><\/blockquote>\n<\/div>\n<div>\n<blockquote><p>Docteur Natasha&nbsp;: une conf\u00e9renci\u00e8re absolument \u00e9tonnante avec des expos\u00e9s si simples, si clairs, si plein d&#39;\u00e9motions&nbsp;! J&#39;ai ressenti une grande impulsion de devoir me pencher sur ma fa\u00e7on de vivre et de la changer. Pour cela, merci&nbsp;! <cite>Marina K., Lituanie<\/cite><\/p><\/blockquote>\n<\/div>\n<div>\n<blockquote><p>Simplement satisfaite et heureuse d&#39;avoir eu l&#39;opportunit\u00e9 de participer \u00e0 ce congr\u00e8s une fois de plus. C&#39;est enrichie et avec beaucoup de nouvelles impressions que je retournerai chez moi. Mille merci \u00e0 ces excellents intervenants&nbsp;! <cite>Brigitta H., Suisse<\/cite><\/p><\/blockquote>\n<\/div>\n<div>\n<blockquote><p>\u00c0 plusieurs niveaux, un congr\u00e8s avant-gardiste qui donne non seulement de nouvelles perspectives mais \u00e9galement de l&#39;espoir et des visions (qui peuvent devenir r\u00e9elles). L&#39;expos\u00e9 de J\u00f6rg Dossenbach m&#39;a particuli\u00e8rement touch\u00e9e. Merci pour ce congr\u00e8s. <cite>Ulrike P., Allemagne<\/cite><\/p><\/blockquote>\n<\/div>\n<\/div>\n<p>&nbsp;<\/p>\n<div class=\"title-box\">\n<h2>Congr\u00e8s de l&rsquo;an pass\u00e9<\/h2>\n<\/div>\n<p><strong><span style=\"color: #993300;\"><br \/>\nRegardez les <a style=\"color: #993300;\" href=\"https:\/\/www.naturalscience.org\/congress-2016\/watch-lectures\/\">conf\u00e9rences (anglais)<\/a> du dernier Congr\u00e8s en int\u00e9gralit\u00e9 ou lisez la <a style=\"color: #993300;\" href=\"https:\/\/www.naturalscience.org\/fr\/congres-2016\/retrospective\/\">r\u00e9trospective<\/a>.<\/span><\/strong><\/p>\nngg_shortcode_0_placeholder\n<div class=\"text-center\" style=\"margin: 50px 0;\"><a class=\"button radius register\" href=\"https:\/\/www.naturalscience.org\/fr\/congres-2017\/inscription\/\"><i class=\"fa fa-hand-o-right \" ><\/i> Inscrivez-vous d\u00e8s maintenant<\/a>\u2002\u2002\u2002\u2002<!--<a class=\"button radius large\" href=\"https:\/\/www.naturalscience.org\/fr\/congres-2016\/programme\/\">Programme<\/a>--><\/div>\n","protected":false},"excerpt":{"rendered":"du jeudi 2 novembre au dimanche 5 novembre 2017 H\u00f4tel Maritim, Ulm, Allemagne Jeudi 2 novembre 2017 de 19h00 \u00e0 21h00 Discours d&#39;ouverture et de bienvenue &nbsp; Les animaux\u00a0\u2014\u00a0Leur droit de vivre et de se d\u00e9velopper Les oiseaux, les papillons, les cr\u00e9atures rampantes et tous les autres animaux font autant partie de la cr\u00e9ation que [&hellip;]","protected":false},"author":9,"featured_media":0,"parent":0,"menu_order":82,"comment_status":"closed","ping_status":"closed","template":"page-full.php","meta":{"_acf_changed":false,"ngg_post_thumbnail":0,"footnotes":""},"categories":[],"class_list":["post-25129","page","type-page","status-publish","hentry","wpautop"],"acf":[],"yoast_head":"<!-- This site is optimized with the Yoast SEO plugin v27.5 - https:\/\/yoast.com\/product\/yoast-seo-wordpress\/ -->\n<title>22\u00e8me Congr\u00e8s Mondial International \u00ab Nouvelles Perspectives Scientifiques \u00bb - The World Foundation for Natural Science<\/title>\n<meta name=\"robots\" content=\"index, follow, max-snippet:-1, max-image-preview:large, max-video-preview:-1\" \/>\n<link rel=\"canonical\" href=\"https:\/\/www.naturalscience.org\/fr\/congres-2017\/\" \/>\n<meta name=\"twitter:label1\" content=\"Dur\u00e9e de lecture estim\u00e9e\" \/>\n\t<meta name=\"twitter:data1\" content=\"15 minutes\" \/>\n<script type=\"application\/ld+json\" class=\"yoast-schema-graph\">{\"@context\":\"https:\\\/\\\/schema.org\",\"@graph\":[{\"@type\":\"WebPage\",\"@id\":\"https:\\\/\\\/www.naturalscience.org\\\/fr\\\/congres-2017\\\/\",\"url\":\"https:\\\/\\\/www.naturalscience.org\\\/fr\\\/congres-2017\\\/\",\"name\":\"22\u00e8me Congr\u00e8s Mondial International \u00ab Nouvelles Perspectives Scientifiques \u00bb - The World Foundation for Natural Science\",\"isPartOf\":{\"@id\":\"https:\\\/\\\/www.naturalscience.org\\\/#website\"},\"primaryImageOfPage\":{\"@id\":\"https:\\\/\\\/www.naturalscience.org\\\/fr\\\/congres-2017\\\/#primaryimage\"},\"image\":{\"@id\":\"https:\\\/\\\/www.naturalscience.org\\\/fr\\\/congres-2017\\\/#primaryimage\"},\"thumbnailUrl\":\"https:\\\/\\\/www.naturalscience.org\\\/wp-content\\\/uploads\\\/2017\\\/09\\\/speaker-almeida-molina.jpg\",\"datePublished\":\"2017-07-11T17:38:24+00:00\",\"dateModified\":\"2017-10-19T17:12:05+00:00\",\"breadcrumb\":{\"@id\":\"https:\\\/\\\/www.naturalscience.org\\\/fr\\\/congres-2017\\\/#breadcrumb\"},\"inLanguage\":\"fr-FR\",\"potentialAction\":[{\"@type\":\"ReadAction\",\"target\":[\"https:\\\/\\\/www.naturalscience.org\\\/fr\\\/congres-2017\\\/\"]}]},{\"@type\":\"ImageObject\",\"inLanguage\":\"fr-FR\",\"@id\":\"https:\\\/\\\/www.naturalscience.org\\\/fr\\\/congres-2017\\\/#primaryimage\",\"url\":\"https:\\\/\\\/www.naturalscience.org\\\/wp-content\\\/uploads\\\/2017\\\/09\\\/speaker-almeida-molina.jpg\",\"contentUrl\":\"https:\\\/\\\/www.naturalscience.org\\\/wp-content\\\/uploads\\\/2017\\\/09\\\/speaker-almeida-molina.jpg\"},{\"@type\":\"BreadcrumbList\",\"@id\":\"https:\\\/\\\/www.naturalscience.org\\\/fr\\\/congres-2017\\\/#breadcrumb\",\"itemListElement\":[{\"@type\":\"ListItem\",\"position\":1,\"name\":\"Home\",\"item\":\"https:\\\/\\\/www.naturalscience.org\\\/fr\\\/\"},{\"@type\":\"ListItem\",\"position\":2,\"name\":\"22\u00e8me Congr\u00e8s Mondial International&nbsp;\u00ab&nbsp;Nouvelles Perspectives Scientifiques&nbsp;\u00bb\"}]},{\"@type\":\"WebSite\",\"@id\":\"https:\\\/\\\/www.naturalscience.org\\\/#website\",\"url\":\"https:\\\/\\\/www.naturalscience.org\\\/\",\"name\":\"The World Foundation for Natural Science\",\"description\":\"Restoring and Healing the World through Responsibility and Commitment in accord with Natural and Divine Law!\",\"potentialAction\":[{\"@type\":\"SearchAction\",\"target\":{\"@type\":\"EntryPoint\",\"urlTemplate\":\"https:\\\/\\\/www.naturalscience.org\\\/?s={search_term_string}\"},\"query-input\":{\"@type\":\"PropertyValueSpecification\",\"valueRequired\":true,\"valueName\":\"search_term_string\"}}],\"inLanguage\":\"fr-FR\"}]}<\/script>\n<!-- \/ Yoast SEO plugin. -->","yoast_head_json":{"title":"22\u00e8me Congr\u00e8s Mondial International \u00ab Nouvelles Perspectives Scientifiques \u00bb - The World Foundation for Natural Science","robots":{"index":"index","follow":"follow","max-snippet":"max-snippet:-1","max-image-preview":"max-image-preview:large","max-video-preview":"max-video-preview:-1"},"canonical":"https:\/\/www.naturalscience.org\/fr\/congres-2017\/","twitter_misc":{"Dur\u00e9e de lecture estim\u00e9e":"15 minutes"},"schema":{"@context":"https:\/\/schema.org","@graph":[{"@type":"WebPage","@id":"https:\/\/www.naturalscience.org\/fr\/congres-2017\/","url":"https:\/\/www.naturalscience.org\/fr\/congres-2017\/","name":"22\u00e8me Congr\u00e8s Mondial International \u00ab Nouvelles Perspectives Scientifiques \u00bb - The World Foundation for Natural Science","isPartOf":{"@id":"https:\/\/www.naturalscience.org\/#website"},"primaryImageOfPage":{"@id":"https:\/\/www.naturalscience.org\/fr\/congres-2017\/#primaryimage"},"image":{"@id":"https:\/\/www.naturalscience.org\/fr\/congres-2017\/#primaryimage"},"thumbnailUrl":"https:\/\/www.naturalscience.org\/wp-content\/uploads\/2017\/09\/speaker-almeida-molina.jpg","datePublished":"2017-07-11T17:38:24+00:00","dateModified":"2017-10-19T17:12:05+00:00","breadcrumb":{"@id":"https:\/\/www.naturalscience.org\/fr\/congres-2017\/#breadcrumb"},"inLanguage":"fr-FR","potentialAction":[{"@type":"ReadAction","target":["https:\/\/www.naturalscience.org\/fr\/congres-2017\/"]}]},{"@type":"ImageObject","inLanguage":"fr-FR","@id":"https:\/\/www.naturalscience.org\/fr\/congres-2017\/#primaryimage","url":"https:\/\/www.naturalscience.org\/wp-content\/uploads\/2017\/09\/speaker-almeida-molina.jpg","contentUrl":"https:\/\/www.naturalscience.org\/wp-content\/uploads\/2017\/09\/speaker-almeida-molina.jpg"},{"@type":"BreadcrumbList","@id":"https:\/\/www.naturalscience.org\/fr\/congres-2017\/#breadcrumb","itemListElement":[{"@type":"ListItem","position":1,"name":"Home","item":"https:\/\/www.naturalscience.org\/fr\/"},{"@type":"ListItem","position":2,"name":"22\u00e8me Congr\u00e8s Mondial International&nbsp;\u00ab&nbsp;Nouvelles Perspectives Scientifiques&nbsp;\u00bb"}]},{"@type":"WebSite","@id":"https:\/\/www.naturalscience.org\/#website","url":"https:\/\/www.naturalscience.org\/","name":"The World Foundation for Natural Science","description":"Restoring and Healing the World through Responsibility and Commitment in accord with Natural and Divine Law!","potentialAction":[{"@type":"SearchAction","target":{"@type":"EntryPoint","urlTemplate":"https:\/\/www.naturalscience.org\/?s={search_term_string}"},"query-input":{"@type":"PropertyValueSpecification","valueRequired":true,"valueName":"search_term_string"}}],"inLanguage":"fr-FR"}]}},"_links":{"self":[{"href":"https:\/\/www.naturalscience.org\/fr\/wp-json\/wp\/v2\/pages\/25129","targetHints":{"allow":["GET"]}}],"collection":[{"href":"https:\/\/www.naturalscience.org\/fr\/wp-json\/wp\/v2\/pages"}],"about":[{"href":"https:\/\/www.naturalscience.org\/fr\/wp-json\/wp\/v2\/types\/page"}],"author":[{"embeddable":true,"href":"https:\/\/www.naturalscience.org\/fr\/wp-json\/wp\/v2\/users\/9"}],"replies":[{"embeddable":true,"href":"https:\/\/www.naturalscience.org\/fr\/wp-json\/wp\/v2\/comments?post=25129"}],"version-history":[{"count":14,"href":"https:\/\/www.naturalscience.org\/fr\/wp-json\/wp\/v2\/pages\/25129\/revisions"}],"predecessor-version":[{"id":25796,"href":"https:\/\/www.naturalscience.org\/fr\/wp-json\/wp\/v2\/pages\/25129\/revisions\/25796"}],"wp:attachment":[{"href":"https:\/\/www.naturalscience.org\/fr\/wp-json\/wp\/v2\/media?parent=25129"}],"wp:term":[{"taxonomy":"category","embeddable":true,"href":"https:\/\/www.naturalscience.org\/fr\/wp-json\/wp\/v2\/categories?post=25129"}],"curies":[{"name":"wp","href":"https:\/\/api.w.org\/{rel}","templated":true}]}}