{"id":38295,"date":"2022-12-13T17:49:33","date_gmt":"2022-12-13T16:49:33","guid":{"rendered":"https:\/\/www.naturalscience.org\/?page_id=38295"},"modified":"2022-12-13T17:49:33","modified_gmt":"2022-12-13T16:49:33","slug":"lo-digital-no-es-verde-de-la-ideologia-a-la-realidad","status":"publish","type":"page","link":"https:\/\/www.naturalscience.org\/es\/congreso-2022\/presentaciones\/lo-digital-no-es-verde-de-la-ideologia-a-la-realidad\/","title":{"rendered":"Lo Digital no es Verde \u2013 De la  Ideolog\u00eda a la Realidad"},"content":{"rendered":"<p><i><strong>Marcel Hofmann<\/strong>, MSEE, Utzigen, Suiza<\/i><\/p>\n<p>&nbsp;<\/p>\n<p>La suposici\u00f3n de que la digitalizaci\u00f3n ayuda a proteger el medioambiente fue contradicha por Marcel Hofmann en su presentaci\u00f3n. Una de las principales razones es que la digitalizaci\u00f3n se basa en recopilar, transmitir, procesar y almacenar datos, lo que requiere mucha electricidad. La columna vertebral de la digitalizaci\u00f3n es la 5G; para futuros desarrollos como hologramas y autom\u00f3viles aut\u00f3nomos, el 6G ya se est\u00e1 preparando. En este contexto, la gente suele hablar de la eficiencia energ\u00e9tica de la 5G. Esto es cierto si se considera la energ\u00eda por paquetes de datos. Sin embargo, lo que se olvida es que se deben procesar muchos m\u00e1s datos que antes y, por lo tanto, se necesitan muchas m\u00e1s antenas. Seg\u00fan un estudio de Huawei, el 5G aumentar\u00e1 la demanda de energ\u00eda en un 21%. Estos datos recopilados tambi\u00e9n deben almacenarse en centros de datos, que tambi\u00e9n dependen de la electricidad. Por lo tanto, el aumento de energ\u00eda requerido entre 2019 y 2024 para operar los aproximadamente 85 centros de datos en Suiza corresponde a la energ\u00eda producida por una planta de energ\u00eda nuclear suiza. Para una sola consulta de b\u00fasqueda en Google, se necesitan 0,3 vatios hora. Esto significa que, a nivel mundial, m\u00e1s de tres billones de consultas de b\u00fasqueda s\u00f3lo en Google consumen alrededor de 900 GWh al a\u00f1o, lo que corresponde a 3\/4 del consumo de la electricidad de una ciudad como Basilea (Suiza).&nbsp;\u00a1Y la operaci\u00f3n de la peque\u00f1a cantidad de 1,5 millones de taxis robot generar\u00eda el mismo volumen de datos que produce el uso de Internet de toda la poblaci\u00f3n mundial!<\/p>\n<p><img loading=\"lazy\" decoding=\"async\" class=\"aligncenter size-size-400 wp-image-38038\" src=\"https:\/\/www.naturalscience.org\/wp-content\/uploads\/2022\/11\/HOLOGRAM-400x225.jpg\" alt=\"\" width=\"400\" height=\"225\" srcset=\"https:\/\/www.naturalscience.org\/wp-content\/uploads\/2022\/11\/HOLOGRAM-400x225.jpg 400w, https:\/\/www.naturalscience.org\/wp-content\/uploads\/2022\/11\/HOLOGRAM-300x169.jpg 300w, https:\/\/www.naturalscience.org\/wp-content\/uploads\/2022\/11\/HOLOGRAM-1024x576.jpg 1024w, https:\/\/www.naturalscience.org\/wp-content\/uploads\/2022\/11\/HOLOGRAM-768x432.jpg 768w, https:\/\/www.naturalscience.org\/wp-content\/uploads\/2022\/11\/HOLOGRAM-164x92.jpg 164w, https:\/\/www.naturalscience.org\/wp-content\/uploads\/2022\/11\/HOLOGRAM-500x281.jpg 500w, https:\/\/www.naturalscience.org\/wp-content\/uploads\/2022\/11\/HOLOGRAM.jpg 1280w\" sizes=\"auto, (max-width: 400px) 100vw, 400px\" \/><\/p>\n<p>Tenemos que ser conscientes de que la digitalizaci\u00f3n se basa en datos. Y los datos son el petr\u00f3leo del siglo XXI. As\u00ed, la digitalizaci\u00f3n crea nuevos problemas, porque la mayor recolecci\u00f3n de datos favorece una mayor vigilancia. Marcel Hofmann se\u00f1ala que cada acci\u00f3n en internet deja un rastro de los datos.&nbsp;\u00bfSabe lo que consciente o inconscientemente revela sobre usted en Internet?<\/p>\n<p><img loading=\"lazy\" decoding=\"async\" class=\"aligncenter wp-image-38039 size-size-500\" src=\"https:\/\/www.naturalscience.org\/wp-content\/uploads\/2022\/11\/RESSOURCES-500x281.jpg\" alt=\"\" width=\"500\" height=\"281\" srcset=\"https:\/\/www.naturalscience.org\/wp-content\/uploads\/2022\/11\/RESSOURCES-500x281.jpg 500w, https:\/\/www.naturalscience.org\/wp-content\/uploads\/2022\/11\/RESSOURCES-300x169.jpg 300w, https:\/\/www.naturalscience.org\/wp-content\/uploads\/2022\/11\/RESSOURCES-1024x576.jpg 1024w, https:\/\/www.naturalscience.org\/wp-content\/uploads\/2022\/11\/RESSOURCES-768x432.jpg 768w, https:\/\/www.naturalscience.org\/wp-content\/uploads\/2022\/11\/RESSOURCES-164x92.jpg 164w, https:\/\/www.naturalscience.org\/wp-content\/uploads\/2022\/11\/RESSOURCES-400x225.jpg 400w, https:\/\/www.naturalscience.org\/wp-content\/uploads\/2022\/11\/RESSOURCES.jpg 1280w\" sizes=\"auto, (max-width: 500px) 100vw, 500px\" \/><\/p>\n<p>El impacto de la digitalizaci\u00f3n en la naturaleza tampoco es insignificante. La fabricaci\u00f3n de un autom\u00f3vil el\u00e9ctrico requiere cuatro veces m\u00e1s cobre que un veh\u00edculo convencional de gasolina o de di\u00e9sel; para el 2030,&nbsp;\u00a1esto ser\u00eda 30 veces m\u00e1s que hoy! La producci\u00f3n de veh\u00edculos el\u00e9ctricos, parques e\u00f3licos o tel\u00e9fonos inteligentes tambi\u00e9n requiere tierras raras adem\u00e1s de litio, cobalto, manganeso o cobre. Es especialmente en las profundidades del mar que la extracci\u00f3n de estos recursos es motivo de preocupaci\u00f3n, ya que resulta en da\u00f1os irreversibles al ecosistema y a sus habitantes, como la especialista sobre el mar de The World Foundation for Natural Science, Sabrina Amico, en forma impresionante ha demostrado en su contribuci\u00f3n. El fondo marino, que representa el 95% del volumen de los oc\u00e9anos y cubre el 54% de la superficie total de la Tierra y es un h\u00e1bitat muy sensible para innumerables especies animales y vegetales (para muchas de ellas, el fondo marino es su \u00fanico h\u00e1bitat), es poco probable que se recupere de una intervenci\u00f3n tan descomunal como la miner\u00eda en aguas profundas. Lo que esto conlleva para la Tierra en su conjunto no es previsible.<\/p>\n<div id=\"attachment_38248\" style=\"width: 400px\" class=\"wp-caption aligncenter\"><img loading=\"lazy\" decoding=\"async\" aria-describedby=\"caption-attachment-38248\" class=\"wp-image-38248 size-size-400\" src=\"https:\/\/www.naturalscience.org\/wp-content\/uploads\/2022\/12\/DEEP-SEA.-1-400x267.jpg\" alt=\"\" width=\"400\" height=\"267\" srcset=\"https:\/\/www.naturalscience.org\/wp-content\/uploads\/2022\/12\/DEEP-SEA.-1-400x267.jpg 400w, https:\/\/www.naturalscience.org\/wp-content\/uploads\/2022\/12\/DEEP-SEA.-1-300x200.jpg 300w, https:\/\/www.naturalscience.org\/wp-content\/uploads\/2022\/12\/DEEP-SEA.-1-1024x684.jpg 1024w, https:\/\/www.naturalscience.org\/wp-content\/uploads\/2022\/12\/DEEP-SEA.-1-768x513.jpg 768w, https:\/\/www.naturalscience.org\/wp-content\/uploads\/2022\/12\/DEEP-SEA.-1-1536x1025.jpg 1536w, https:\/\/www.naturalscience.org\/wp-content\/uploads\/2022\/12\/DEEP-SEA.-1-2048x1367.jpg 2048w, https:\/\/www.naturalscience.org\/wp-content\/uploads\/2022\/12\/DEEP-SEA.-1-164x109.jpg 164w, https:\/\/www.naturalscience.org\/wp-content\/uploads\/2022\/12\/DEEP-SEA.-1-500x334.jpg 500w\" sizes=\"auto, (max-width: 400px) 100vw, 400px\" \/><p id=\"caption-attachment-38248\" class=\"wp-caption-text\">&nbsp;<\/p><\/div>\n<p>Si la digitalizaci\u00f3n consume m\u00e1s electricidad, da\u00f1a considerablemente la naturaleza y conlleva riesgos de seguridad para los datos privados de los usuarios, surge con raz\u00f3n la pregunta de qu\u00e9 se supone que es \u201cverde\u201d con relaci\u00f3n a lo digital. Y no olvidemos, se\u00f1al\u00f3 Marcel Hofmann en sus comentarios finales,&nbsp;\u00a1que la naturaleza funciona de forma anal\u00f3gica!<\/p>\n<p>&nbsp;<\/p>\n<p><small>22. octubre 2022, Hotel M\u00f6venpick, Regensdorf<\/small><\/p>\n","protected":false},"excerpt":{"rendered":"Marcel Hofmann, MSEE, Utzigen, Suiza &nbsp; La suposici\u00f3n de que la digitalizaci\u00f3n ayuda a proteger el medioambiente fue contradicha por Marcel Hofmann en su presentaci\u00f3n. Una de las principales razones es que la digitalizaci\u00f3n se basa en recopilar, transmitir, procesar y almacenar datos, lo que requiere mucha electricidad. La columna vertebral de la digitalizaci\u00f3n es [&hellip;]","protected":false},"author":14,"featured_media":0,"parent":38284,"menu_order":6,"comment_status":"closed","ping_status":"closed","template":"page-full.php","meta":{"_acf_changed":false,"ngg_post_thumbnail":0,"footnotes":""},"categories":[],"class_list":["post-38295","page","type-page","status-publish","hentry","wpautop"],"acf":[],"yoast_head":"<!-- This site is optimized with the Yoast SEO plugin v27.4 - https:\/\/yoast.com\/product\/yoast-seo-wordpress\/ -->\n<title>Lo Digital no es Verde \u2013 De la Ideolog\u00eda a la Realidad - The World Foundation for Natural Science<\/title>\n<meta name=\"robots\" content=\"index, follow, max-snippet:-1, max-image-preview:large, max-video-preview:-1\" \/>\n<link rel=\"canonical\" href=\"https:\/\/www.naturalscience.org\/es\/congreso-2022\/presentaciones\/lo-digital-no-es-verde-de-la-ideologia-a-la-realidad\/\" \/>\n<meta name=\"twitter:label1\" content=\"Tiempo de lectura\" \/>\n\t<meta name=\"twitter:data1\" content=\"3 minutos\" \/>\n<script type=\"application\/ld+json\" class=\"yoast-schema-graph\">{\"@context\":\"https:\\\/\\\/schema.org\",\"@graph\":[{\"@type\":\"WebPage\",\"@id\":\"https:\\\/\\\/www.naturalscience.org\\\/es\\\/congreso-2022\\\/presentaciones\\\/lo-digital-no-es-verde-de-la-ideologia-a-la-realidad\\\/\",\"url\":\"https:\\\/\\\/www.naturalscience.org\\\/es\\\/congreso-2022\\\/presentaciones\\\/lo-digital-no-es-verde-de-la-ideologia-a-la-realidad\\\/\",\"name\":\"Lo Digital no es Verde \u2013 De la Ideolog\u00eda a la Realidad - The World Foundation for Natural Science\",\"isPartOf\":{\"@id\":\"https:\\\/\\\/www.naturalscience.org\\\/#website\"},\"primaryImageOfPage\":{\"@id\":\"https:\\\/\\\/www.naturalscience.org\\\/es\\\/congreso-2022\\\/presentaciones\\\/lo-digital-no-es-verde-de-la-ideologia-a-la-realidad\\\/#primaryimage\"},\"image\":{\"@id\":\"https:\\\/\\\/www.naturalscience.org\\\/es\\\/congreso-2022\\\/presentaciones\\\/lo-digital-no-es-verde-de-la-ideologia-a-la-realidad\\\/#primaryimage\"},\"thumbnailUrl\":\"https:\\\/\\\/www.naturalscience.org\\\/wp-content\\\/uploads\\\/2022\\\/11\\\/HOLOGRAM-400x225.jpg\",\"datePublished\":\"2022-12-13T16:49:33+00:00\",\"breadcrumb\":{\"@id\":\"https:\\\/\\\/www.naturalscience.org\\\/es\\\/congreso-2022\\\/presentaciones\\\/lo-digital-no-es-verde-de-la-ideologia-a-la-realidad\\\/#breadcrumb\"},\"inLanguage\":\"es\",\"potentialAction\":[{\"@type\":\"ReadAction\",\"target\":[\"https:\\\/\\\/www.naturalscience.org\\\/es\\\/congreso-2022\\\/presentaciones\\\/lo-digital-no-es-verde-de-la-ideologia-a-la-realidad\\\/\"]}]},{\"@type\":\"ImageObject\",\"inLanguage\":\"es\",\"@id\":\"https:\\\/\\\/www.naturalscience.org\\\/es\\\/congreso-2022\\\/presentaciones\\\/lo-digital-no-es-verde-de-la-ideologia-a-la-realidad\\\/#primaryimage\",\"url\":\"https:\\\/\\\/www.naturalscience.org\\\/wp-content\\\/uploads\\\/2022\\\/11\\\/HOLOGRAM-400x225.jpg\",\"contentUrl\":\"https:\\\/\\\/www.naturalscience.org\\\/wp-content\\\/uploads\\\/2022\\\/11\\\/HOLOGRAM-400x225.jpg\"},{\"@type\":\"BreadcrumbList\",\"@id\":\"https:\\\/\\\/www.naturalscience.org\\\/es\\\/congreso-2022\\\/presentaciones\\\/lo-digital-no-es-verde-de-la-ideologia-a-la-realidad\\\/#breadcrumb\",\"itemListElement\":[{\"@type\":\"ListItem\",\"position\":1,\"name\":\"Home\",\"item\":\"https:\\\/\\\/www.naturalscience.org\\\/es\\\/\"},{\"@type\":\"ListItem\",\"position\":2,\"name\":\"25\u00b0 Congreso Mundial Internacional \u201cNuevas Perspectivas Cient\u00edficas\u201d\",\"item\":\"https:\\\/\\\/www.naturalscience.org\\\/es\\\/congreso-2022\\\/\"},{\"@type\":\"ListItem\",\"position\":3,\"name\":\"Presentaci\u00f3nes\",\"item\":\"https:\\\/\\\/www.naturalscience.org\\\/es\\\/congreso-2022\\\/presentaciones\\\/\"},{\"@type\":\"ListItem\",\"position\":4,\"name\":\"Lo Digital no es Verde \u2013 De la Ideolog\u00eda a la Realidad\"}]},{\"@type\":\"WebSite\",\"@id\":\"https:\\\/\\\/www.naturalscience.org\\\/#website\",\"url\":\"https:\\\/\\\/www.naturalscience.org\\\/\",\"name\":\"The World Foundation for Natural Science\",\"description\":\"Restoring and Healing the World through Responsibility and Commitment in accord with Natural and Divine Law!\",\"potentialAction\":[{\"@type\":\"SearchAction\",\"target\":{\"@type\":\"EntryPoint\",\"urlTemplate\":\"https:\\\/\\\/www.naturalscience.org\\\/?s={search_term_string}\"},\"query-input\":{\"@type\":\"PropertyValueSpecification\",\"valueRequired\":true,\"valueName\":\"search_term_string\"}}],\"inLanguage\":\"es\"}]}<\/script>\n<!-- \/ Yoast SEO plugin. -->","yoast_head_json":{"title":"Lo Digital no es Verde \u2013 De la Ideolog\u00eda a la Realidad - The World Foundation for Natural Science","robots":{"index":"index","follow":"follow","max-snippet":"max-snippet:-1","max-image-preview":"max-image-preview:large","max-video-preview":"max-video-preview:-1"},"canonical":"https:\/\/www.naturalscience.org\/es\/congreso-2022\/presentaciones\/lo-digital-no-es-verde-de-la-ideologia-a-la-realidad\/","twitter_misc":{"Tiempo de lectura":"3 minutos"},"schema":{"@context":"https:\/\/schema.org","@graph":[{"@type":"WebPage","@id":"https:\/\/www.naturalscience.org\/es\/congreso-2022\/presentaciones\/lo-digital-no-es-verde-de-la-ideologia-a-la-realidad\/","url":"https:\/\/www.naturalscience.org\/es\/congreso-2022\/presentaciones\/lo-digital-no-es-verde-de-la-ideologia-a-la-realidad\/","name":"Lo Digital no es Verde \u2013 De la Ideolog\u00eda a la Realidad - The World Foundation for Natural Science","isPartOf":{"@id":"https:\/\/www.naturalscience.org\/#website"},"primaryImageOfPage":{"@id":"https:\/\/www.naturalscience.org\/es\/congreso-2022\/presentaciones\/lo-digital-no-es-verde-de-la-ideologia-a-la-realidad\/#primaryimage"},"image":{"@id":"https:\/\/www.naturalscience.org\/es\/congreso-2022\/presentaciones\/lo-digital-no-es-verde-de-la-ideologia-a-la-realidad\/#primaryimage"},"thumbnailUrl":"https:\/\/www.naturalscience.org\/wp-content\/uploads\/2022\/11\/HOLOGRAM-400x225.jpg","datePublished":"2022-12-13T16:49:33+00:00","breadcrumb":{"@id":"https:\/\/www.naturalscience.org\/es\/congreso-2022\/presentaciones\/lo-digital-no-es-verde-de-la-ideologia-a-la-realidad\/#breadcrumb"},"inLanguage":"es","potentialAction":[{"@type":"ReadAction","target":["https:\/\/www.naturalscience.org\/es\/congreso-2022\/presentaciones\/lo-digital-no-es-verde-de-la-ideologia-a-la-realidad\/"]}]},{"@type":"ImageObject","inLanguage":"es","@id":"https:\/\/www.naturalscience.org\/es\/congreso-2022\/presentaciones\/lo-digital-no-es-verde-de-la-ideologia-a-la-realidad\/#primaryimage","url":"https:\/\/www.naturalscience.org\/wp-content\/uploads\/2022\/11\/HOLOGRAM-400x225.jpg","contentUrl":"https:\/\/www.naturalscience.org\/wp-content\/uploads\/2022\/11\/HOLOGRAM-400x225.jpg"},{"@type":"BreadcrumbList","@id":"https:\/\/www.naturalscience.org\/es\/congreso-2022\/presentaciones\/lo-digital-no-es-verde-de-la-ideologia-a-la-realidad\/#breadcrumb","itemListElement":[{"@type":"ListItem","position":1,"name":"Home","item":"https:\/\/www.naturalscience.org\/es\/"},{"@type":"ListItem","position":2,"name":"25\u00b0 Congreso Mundial Internacional \u201cNuevas Perspectivas Cient\u00edficas\u201d","item":"https:\/\/www.naturalscience.org\/es\/congreso-2022\/"},{"@type":"ListItem","position":3,"name":"Presentaci\u00f3nes","item":"https:\/\/www.naturalscience.org\/es\/congreso-2022\/presentaciones\/"},{"@type":"ListItem","position":4,"name":"Lo Digital no es Verde \u2013 De la Ideolog\u00eda a la Realidad"}]},{"@type":"WebSite","@id":"https:\/\/www.naturalscience.org\/#website","url":"https:\/\/www.naturalscience.org\/","name":"The World Foundation for Natural Science","description":"Restoring and Healing the World through Responsibility and Commitment in accord with Natural and Divine Law!","potentialAction":[{"@type":"SearchAction","target":{"@type":"EntryPoint","urlTemplate":"https:\/\/www.naturalscience.org\/?s={search_term_string}"},"query-input":{"@type":"PropertyValueSpecification","valueRequired":true,"valueName":"search_term_string"}}],"inLanguage":"es"}]}},"_links":{"self":[{"href":"https:\/\/www.naturalscience.org\/es\/wp-json\/wp\/v2\/pages\/38295","targetHints":{"allow":["GET"]}}],"collection":[{"href":"https:\/\/www.naturalscience.org\/es\/wp-json\/wp\/v2\/pages"}],"about":[{"href":"https:\/\/www.naturalscience.org\/es\/wp-json\/wp\/v2\/types\/page"}],"author":[{"embeddable":true,"href":"https:\/\/www.naturalscience.org\/es\/wp-json\/wp\/v2\/users\/14"}],"replies":[{"embeddable":true,"href":"https:\/\/www.naturalscience.org\/es\/wp-json\/wp\/v2\/comments?post=38295"}],"version-history":[{"count":1,"href":"https:\/\/www.naturalscience.org\/es\/wp-json\/wp\/v2\/pages\/38295\/revisions"}],"predecessor-version":[{"id":38296,"href":"https:\/\/www.naturalscience.org\/es\/wp-json\/wp\/v2\/pages\/38295\/revisions\/38296"}],"up":[{"embeddable":true,"href":"https:\/\/www.naturalscience.org\/es\/wp-json\/wp\/v2\/pages\/38284"}],"wp:attachment":[{"href":"https:\/\/www.naturalscience.org\/es\/wp-json\/wp\/v2\/media?parent=38295"}],"wp:term":[{"taxonomy":"category","embeddable":true,"href":"https:\/\/www.naturalscience.org\/es\/wp-json\/wp\/v2\/categories?post=38295"}],"curies":[{"name":"wp","href":"https:\/\/api.w.org\/{rel}","templated":true}]}}