{"id":29179,"date":"2019-02-18T11:08:23","date_gmt":"2019-02-18T10:08:23","guid":{"rendered":"https:\/\/www.naturalscience.org\/?page_id=29179"},"modified":"2019-11-07T19:14:49","modified_gmt":"2019-11-07T18:14:49","slug":"kongress-2019","status":"publish","type":"page","link":"https:\/\/www.naturalscience.org\/de\/kongress-2019\/","title":{"rendered":"24. Internationaler \u201eNeuer Wissenschaftlicher Ausblick\u201d Welt-Kongress"},"content":{"rendered":"<div class=\"invitation row\">\r\n<div class=\"small-24 columns\">\r\n<div class=\"document-wrapper\" style=\"float: left; margin-right: 15px;\">\r\n<div class=\"title\">Einladungsbrief<\/div>\r\n<a href=\"https:\/\/www.naturalscience.org\/wp-content\/uploads\/2019\/10\/congress-2019-invitation-de.pdf\" target=\"_blank\" rel=\"noopener noreferrer\"><img loading=\"lazy\" decoding=\"async\" class=\"alignnone size-medium wp-image-31166\" src=\"https:\/\/www.naturalscience.org\/wp-content\/uploads\/2019\/10\/congress-2019-invitation-de-cover-228x300.jpg\" alt=\"\" width=\"228\" height=\"300\" srcset=\"https:\/\/www.naturalscience.org\/wp-content\/uploads\/2019\/10\/congress-2019-invitation-de-cover-228x300.jpg 228w, https:\/\/www.naturalscience.org\/wp-content\/uploads\/2019\/10\/congress-2019-invitation-de-cover-768x1012.jpg 768w, https:\/\/www.naturalscience.org\/wp-content\/uploads\/2019\/10\/congress-2019-invitation-de-cover-777x1024.jpg 777w, https:\/\/www.naturalscience.org\/wp-content\/uploads\/2019\/10\/congress-2019-invitation-de-cover-125x164.jpg 125w, https:\/\/www.naturalscience.org\/wp-content\/uploads\/2019\/10\/congress-2019-invitation-de-cover-304x400.jpg 304w, https:\/\/www.naturalscience.org\/wp-content\/uploads\/2019\/10\/congress-2019-invitation-de-cover-380x500.jpg 380w, https:\/\/www.naturalscience.org\/wp-content\/uploads\/2019\/10\/congress-2019-invitation-de-cover.jpg 801w\" sizes=\"auto, (max-width: 228px) 100vw, 228px\" \/><\/a>\r\n<div class=\"button-outer\">\r\n<div class=\"button-inner\"><a class=\"button radius large\" href=\"https:\/\/www.naturalscience.org\/wp-content\/uploads\/2019\/10\/congress-2019-invitation-de.pdf\" target=\"_blank\" rel=\"noopener noreferrer\">Lesen <small>(PDF)<\/small><\/a><\/div>\r\n<\/div>\r\n<\/div>\r\n&#8222;Schon ist es wieder so weit, dass ich Sie zu einem weiteren <strong>Internationalen \u201eNeuer Wissenschaftlicher Ausblick\u201c Welt-Kongress<\/strong> von The World Foundation for Natural Science einladen darf. Auch dieses Jahr werden Freunde der Natur aus aller Welt in Ulm zusammenkommen, die bereit sind, f\u00fcr unsere Mutter Erde einzustehen und aus ihr einen lebenswerteren Ort zu machen. Daf\u00fcr braucht es Mut, Enthusiasmus, Inspiration und oft auch Geduld. So setzen wir uns nun schon seit \u00fcber dreissig Jahren f\u00fcr ein Leben ohne sch\u00e4dliche Mikrowellentechnologie ein und jetzt <strong>endlich beginnen die Menschen aufzuwachen und unsere Botschaft ernst zu nehmen<\/strong>. Die geplante Einf\u00fchrung von 5G ist offenbar der Tropfen, der das Fass zum \u00dcberlaufen gebracht hat. \u201eGenug ist genug!\u201c Das ist der Tenor, den wir \u00fcberall h\u00f6ren. Die Menschen erkennen die Gier, die vor nichts Halt macht auf der Jagd nach immer noch mehr Mammon, und fangen nun an, sich gegen 5G und dessen Auswirkungen zur Wehr zu setzen. Zum Thema 5G haben wir Ihnen am diesj\u00e4hrigen Kongress viel zu sagen.&#8220;\r\n\r\n&#8222;\u00c4hnliches zeigt sich beim Thema Klimawandel. Die Anzeichen mehren sich, dass, was vordergr\u00fcndig ein mutiges Aufbegehren einer Jugendlichen, die sich Sorgen um die Zukunft unserer Welt macht, zu sein scheint, in Wahrheit eine von langer Hand und von konkreten Interessen gesteuerte PR-Aktion ist. Dieses sechzehnj\u00e4hrige M\u00e4dchen nutzt jede gebotene Plattform, um uns einzuh\u00e4mmern, dass wir in Panik geraten sollten. Doch gerade die Angst trennt uns vom wahren Leben und bringt \u00fcberhaupt keine L\u00f6sungen hervor, denn wo Angst ist, gibt es keine Liebe. Was wir lieben, zerst\u00f6ren wir nicht. Es ist die Liebe, die uns motiviert, etwas zu besch\u00fctzen, zu ver\u00e4ndern, zu verbessern, nicht in Panik, sondern <strong>im Frieden, und indem wir unser Bestes geben, um dem Leben zu dienen<\/strong>.&#8220; <a class=\"more-link\" style=\"color: maroon;\" href=\"https:\/\/www.naturalscience.org\/wp-content\/uploads\/2019\/10\/congress-2019-invitation-de.pdf\" target=\"_blank\" rel=\"noopener noreferrer\"><strong>Weiterlesen&#8230; (PDF)<\/strong><\/a>\r\n\r\n<\/div>\r\n<\/div>\r\n&nbsp;\r\n<div class=\"lecture\">\r\n<div class=\"row\">\r\n<div class=\"small-24 medium-9 columns\"><img loading=\"lazy\" decoding=\"async\" class=\"alignnone size-full wp-image-30934\" src=\"https:\/\/www.naturalscience.org\/wp-content\/uploads\/2019\/09\/congress-2019-topic-together.jpg\" alt=\"\" width=\"400\" height=\"270\" srcset=\"https:\/\/www.naturalscience.org\/wp-content\/uploads\/2019\/09\/congress-2019-topic-together.jpg 400w, https:\/\/www.naturalscience.org\/wp-content\/uploads\/2019\/09\/congress-2019-topic-together-300x203.jpg 300w, https:\/\/www.naturalscience.org\/wp-content\/uploads\/2019\/09\/congress-2019-topic-together-164x111.jpg 164w\" sizes=\"auto, (max-width: 400px) 100vw, 400px\" \/><\/div>\r\n<div class=\"small-24 medium-15 columns\">\r\n<h2>Die Last der Einsamkeit<\/h2>\r\n<div class=\"subtitle\">Warum das Mit- und F\u00fcreinander f\u00fcr uns essenziell ist<\/div>\r\n<div class=\"speaker\"><strong>The Very Reverend Dean em. Paul PROBST, SF<\/strong>,\r\nEurop\u00e4ischer Pr\u00e4sident,\r\nThe World Foundation for Natural Science, Luzern,\r\nSchweiz<\/div>\r\n<a class=\"button radius small\" href=\"\/de\/kongress-2019\/programm\/#probst\"><i class=\"fa fa-angle-right \" ><\/i> Mehr Informationen<\/a>\r\n\r\n<\/div>\r\n<\/div>\r\n<\/div>\r\n<div class=\"lecture\">\r\n<div class=\"row\">\r\n<div class=\"small-24 medium-9 columns\"><img loading=\"lazy\" decoding=\"async\" class=\"alignnone size-size-400 wp-image-31131\" src=\"https:\/\/www.naturalscience.org\/wp-content\/uploads\/2019\/09\/congress-2019-topic-5G-1-400x270.jpg\" alt=\"\" width=\"400\" height=\"270\" srcset=\"https:\/\/www.naturalscience.org\/wp-content\/uploads\/2019\/09\/congress-2019-topic-5G-1.jpg 400w, https:\/\/www.naturalscience.org\/wp-content\/uploads\/2019\/09\/congress-2019-topic-5G-1-300x203.jpg 300w, https:\/\/www.naturalscience.org\/wp-content\/uploads\/2019\/09\/congress-2019-topic-5G-1-164x111.jpg 164w\" sizes=\"auto, (max-width: 400px) 100vw, 400px\" \/><\/div>\r\n<div class=\"small-24 medium-15 columns\">\r\n<h2>5G \u2013 Total digital?<\/h2>\r\n<div class=\"subtitle\">Warum 5G mehr ist als nur ein neuer Mobilfunkstandard<\/div>\r\n<div class=\"speaker\"><strong>Franz ULRICH<\/strong>, Dipl. El.-Ing. ETH, Hohenrain, Schweiz<\/div>\r\n<a class=\"button radius small\" href=\"\/de\/kongress-2019\/programm\/#ulrich1\"><i class=\"fa fa-angle-right \" ><\/i> Mehr Informationen<\/a>\r\n\r\n<\/div>\r\n<\/div>\r\n<\/div>\r\n<div class=\"lecture\">\r\n<div class=\"row\">\r\n<div class=\"small-24 medium-9 columns\"><img loading=\"lazy\" decoding=\"async\" class=\"alignnone size-full wp-image-30937\" src=\"https:\/\/www.naturalscience.org\/wp-content\/uploads\/2019\/09\/congress-2019-topic-5G.jpg\" alt=\"\" width=\"400\" height=\"270\" srcset=\"https:\/\/www.naturalscience.org\/wp-content\/uploads\/2019\/09\/congress-2019-topic-5G.jpg 400w, https:\/\/www.naturalscience.org\/wp-content\/uploads\/2019\/09\/congress-2019-topic-5G-300x203.jpg 300w, https:\/\/www.naturalscience.org\/wp-content\/uploads\/2019\/09\/congress-2019-topic-5G-164x111.jpg 164w\" sizes=\"auto, (max-width: 400px) 100vw, 400px\" \/><\/div>\r\n<div class=\"small-24 medium-15 columns\">\r\n<h2>Ist Mobilfunk ungesund?<\/h2>\r\n<div class=\"subtitle\">Die sichtbaren Auswirkungen elektromagnetischer Strahlung<\/div>\r\n<div class=\"speaker\"><strong>Denise ULRICH<\/strong>, MSc in Geographie, Dipl. HLA H\u00f6heres Lehramt, Hohenrain, Schweiz<\/div>\r\n<a class=\"button radius small\" href=\"\/de\/kongress-2019\/programm\/#ulrich2\"><i class=\"fa fa-angle-right \" ><\/i> Mehr Informationen<\/a>\r\n\r\n<\/div>\r\n<\/div>\r\n<\/div>\r\n<div class=\"lecture\">\r\n<div class=\"row\">\r\n<div class=\"small-24 medium-9 columns\"><img loading=\"lazy\" decoding=\"async\" class=\"alignnone size-size-400 wp-image-31052\" src=\"https:\/\/www.naturalscience.org\/wp-content\/uploads\/2019\/09\/congress-2019-topic-chain-400x271.jpg\" alt=\"\" width=\"400\" height=\"271\" srcset=\"https:\/\/www.naturalscience.org\/wp-content\/uploads\/2019\/09\/congress-2019-topic-chain.jpg 400w, https:\/\/www.naturalscience.org\/wp-content\/uploads\/2019\/09\/congress-2019-topic-chain-300x203.jpg 300w, https:\/\/www.naturalscience.org\/wp-content\/uploads\/2019\/09\/congress-2019-topic-chain-164x111.jpg 164w\" sizes=\"auto, (max-width: 400px) 100vw, 400px\" \/><\/div>\r\n<div class=\"small-24 medium-15 columns\">\r\n<h2>\u201eWer rastet, der rostet!\u201d<\/h2>\r\n<div class=\"subtitle\">Eine praktische Anleitung f\u00fcr mehr Bewegung im Alltag<\/div>\r\n<div class=\"speaker\"><strong>Gabriela BAUMANN<\/strong>, Dipl. Dorntherapeutin, Horgen, Schweiz<\/div>\r\n<a class=\"button radius small\" href=\"\/de\/kongress-2019\/programm\/#baumann\"><i class=\"fa fa-angle-right \" ><\/i> Mehr Informationen<\/a>\r\n\r\n<\/div>\r\n<\/div>\r\n<\/div>\r\n<div class=\"lecture\">\r\n<div class=\"row\">\r\n<div class=\"small-24 medium-9 columns\"><img loading=\"lazy\" decoding=\"async\" class=\"alignnone size-size-400 wp-image-30932\" src=\"https:\/\/www.naturalscience.org\/wp-content\/uploads\/2019\/09\/congress-2019-topic-bees-400x270.jpg\" alt=\"\" width=\"400\" height=\"270\" srcset=\"https:\/\/www.naturalscience.org\/wp-content\/uploads\/2019\/09\/congress-2019-topic-bees.jpg 400w, https:\/\/www.naturalscience.org\/wp-content\/uploads\/2019\/09\/congress-2019-topic-bees-300x203.jpg 300w, https:\/\/www.naturalscience.org\/wp-content\/uploads\/2019\/09\/congress-2019-topic-bees-164x111.jpg 164w\" sizes=\"auto, (max-width: 400px) 100vw, 400px\" \/><\/div>\r\n<div class=\"small-24 medium-15 columns\">\r\n<h2>Beekeeping Revolution &#8211; Artenschutz f\u00fcr Honigbienen<\/h2>\r\n<div class=\"subtitle\">Was die Honigbiene jetzt braucht<\/div>\r\n<div class=\"speaker\"><strong>Torben SCHIFFER<\/strong>, Lehrer, Neu Wumstorf, Deutschland<\/div>\r\n<a class=\"button radius small\" href=\"\/de\/kongress-2019\/programm\/#schiffer\"><i class=\"fa fa-angle-right \" ><\/i> Mehr Informationen<\/a>\r\n\r\n<\/div>\r\n<\/div>\r\n<\/div>\r\n<div class=\"lecture\">\r\n<div class=\"row\">\r\n<div class=\"small-24 medium-9 columns\"><img loading=\"lazy\" decoding=\"async\" class=\"alignnone size-full wp-image-30935\" src=\"https:\/\/www.naturalscience.org\/wp-content\/uploads\/2019\/09\/congress-2019-topic-toxins.jpg\" alt=\"\" width=\"400\" height=\"270\" srcset=\"https:\/\/www.naturalscience.org\/wp-content\/uploads\/2019\/09\/congress-2019-topic-toxins.jpg 400w, https:\/\/www.naturalscience.org\/wp-content\/uploads\/2019\/09\/congress-2019-topic-toxins-300x203.jpg 300w, https:\/\/www.naturalscience.org\/wp-content\/uploads\/2019\/09\/congress-2019-topic-toxins-164x111.jpg 164w\" sizes=\"auto, (max-width: 400px) 100vw, 400px\" \/><\/div>\r\n<div class=\"small-24 medium-15 columns\">\r\n<h2>Vom Gift befreit<\/h2>\r\n<div class=\"subtitle\">So helfen wir unserem K\u00f6rper, Toxine sicher loszuwerden<\/div>\r\n<div class=\"speaker\"><strong>Lukas WALDMANN<\/strong>, eidg. dipl. Heilpraktiker TEN, Rotkreuz, Schweiz<\/div>\r\n<a class=\"button radius small\" href=\"\/de\/kongress-2019\/programm\/#waldmann\"><i class=\"fa fa-angle-right \" ><\/i> Mehr Informationen<\/a>\r\n\r\n<\/div>\r\n<\/div>\r\n<\/div>\r\n<div class=\"lecture\">\r\n<div class=\"row\">\r\n<div class=\"small-24 medium-9 columns\"><img loading=\"lazy\" decoding=\"async\" class=\"alignnone size-full wp-image-30933\" src=\"https:\/\/www.naturalscience.org\/wp-content\/uploads\/2019\/09\/congress-2019-topic-plastic.jpg\" alt=\"\" width=\"400\" height=\"270\" srcset=\"https:\/\/www.naturalscience.org\/wp-content\/uploads\/2019\/09\/congress-2019-topic-plastic.jpg 400w, https:\/\/www.naturalscience.org\/wp-content\/uploads\/2019\/09\/congress-2019-topic-plastic-300x203.jpg 300w, https:\/\/www.naturalscience.org\/wp-content\/uploads\/2019\/09\/congress-2019-topic-plastic-164x111.jpg 164w\" sizes=\"auto, (max-width: 400px) 100vw, 400px\" \/><\/div>\r\n<div class=\"small-24 medium-15 columns\">\r\n<h2>Plastik ade!<\/h2>\r\n<div class=\"subtitle\">Ein Leben ohne Plastik ist m\u00f6glich<\/div>\r\n<div class=\"speaker\"><strong>Anneliese BUNK<\/strong>, Spiegel-Beststeller-Autorin, M\u00fcnchen, Deutschland<\/div>\r\n<a class=\"button radius small\" href=\"\/de\/kongress-2019\/programm\/#bunk\"><i class=\"fa fa-angle-right \" ><\/i> Mehr Informationen<\/a>\r\n\r\n<\/div>\r\n<\/div>\r\n<\/div>\r\n<div class=\"lecture\">\r\n<div class=\"row\">\r\n<div class=\"small-24 medium-9 columns\"><img loading=\"lazy\" decoding=\"async\" class=\"alignnone size-size-400 wp-image-30936\" src=\"https:\/\/www.naturalscience.org\/wp-content\/uploads\/2019\/09\/congress-2019-topic-wood-400x270.jpg\" alt=\"\" width=\"400\" height=\"270\" srcset=\"https:\/\/www.naturalscience.org\/wp-content\/uploads\/2019\/09\/congress-2019-topic-wood.jpg 400w, https:\/\/www.naturalscience.org\/wp-content\/uploads\/2019\/09\/congress-2019-topic-wood-300x203.jpg 300w, https:\/\/www.naturalscience.org\/wp-content\/uploads\/2019\/09\/congress-2019-topic-wood-164x111.jpg 164w\" sizes=\"auto, (max-width: 400px) 100vw, 400px\" \/><\/div>\r\n<div class=\"small-24 medium-15 columns\">\r\n<h2>Bauen mit Holz<\/h2>\r\n<div class=\"subtitle\">Ohne Kompromiss, gesund, unabh\u00e4ngig und im Kreislauf<\/div>\r\n<div class=\"speaker\"><strong>Florian THOMA<\/strong>, Dipl. Ing., St. Johann im Pongau, \u00d6sterreich<\/div>\r\n<a class=\"button radius small\" href=\"\/de\/kongress-2019\/programm\/#thoma\"><i class=\"fa fa-angle-right \" ><\/i> Mehr Informationen<\/a>\r\n\r\n<\/div>\r\n<\/div>\r\n<\/div>\r\n<div class=\"text-center\" style=\"margin: 20px 0 40px 0;\"><a class=\"button radius\" href=\"\/de\/kongress-2019\/programm\/\"><i class=\"fa fa-angle-right \" ><\/i> Zur \u00dcbersicht der Vortr\u00e4ge und Referenten<\/a><\/div>\r\n<a name=\"congress-info\"><\/a>\r\n<div class=\"content-box green-1 width-100\">\r\n<div class=\"content-box-title text-center\"><i class=\"fa fa-info-circle\"><\/i> Informationen zum Kongress<\/div>\r\n<div class=\"content-box-body\">\r\n<div class=\"row\">\r\n<div class=\"small-24 medium-14 columns\">\r\n<div class=\"row\">\r\n<div class=\"small-24 columns\">\r\n<h3 style=\"margin-bottom: 0;\">Zeiten<\/h3>\r\n<table class=\"schedule\">\r\n<tbody>\r\n<tr>\r\n<th><\/th>\r\n<th>Programm<\/th>\r\n<th>Registration<\/th>\r\n<\/tr>\r\n<tr>\r\n<td>Donnerstag, 31. Oktober 2019<\/td>\r\n<td>19:00 \u2013 21:00 Uhr<\/td>\r\n<td>ab 15:00 \u2013 18:45 Uhr<\/td>\r\n<\/tr>\r\n<tr>\r\n<td>Freitag, 1. November 2019<\/td>\r\n<td>9:00 \u2013 18:30 Uhr<\/td>\r\n<td>ab 8:00 \u2013 8:45 Uhr<\/td>\r\n<\/tr>\r\n<tr>\r\n<td>Samstag, 2. November 2019<\/td>\r\n<td>9:00 \u2013 18:30 Uhr<\/td>\r\n<td>ab 8:00 \u2013 8:45 Uhr<\/td>\r\n<\/tr>\r\n<tr>\r\n<td>Sonntag, 3. November 2019<\/td>\r\n<td>9:30 \u2013 13:00 Uhr<\/td>\r\n<td><\/td>\r\n<\/tr>\r\n<\/tbody>\r\n<\/table>\r\n\r\n<\/div>\r\n<\/div>\r\n<div class=\"row\">\r\n<div class=\"small-24 medium-13 columns\">\r\n<h3>Durchf\u00fchrungsort<\/h3>\r\nMaritim Hotel<br>\r\nBasteistra\u00dfe 40<br>\r\n89073 Ulm, Deutschland<br>\r\n\r\n<p><i class=\"fa fa-angle-right \" ><\/i> <a href=\"https:\/\/www.naturalscience.org\/wp-content\/uploads\/2019\/09\/congress-2019-hotel-map-de.pdf\" target=\"_blank\" rel=\"noopener noreferrer\">Infos zu Hotel und Anreise (PDF)<\/a><br>\r\n<i class=\"fa fa-angle-right \" ><\/i> <a href=\"http:\/\/www.maritim.de\/de\/hotels\/deutschland\/hotel-ulm\/uebersicht#hotel_content\" target=\"_blank\" rel=\"noopener noreferrer\">Webseite<\/a><\/p>\r\n<p><a class=\"button radius small\" href=\"https:\/\/www.naturalscience.org\/de\/kongress-2019\/hotelzimmer-reservieren\/\"><i class=\"fa fa-bed fa- \"><\/i> Hotelzimmer reservieren<\/a><\/p>\r\n\r\n<\/div>\r\n<div class=\"small-24 medium-11 columns\">\r\n<h3>\u00dcbersetzungen<\/h3>\r\nSimultan in Deutsch, Englisch, Spanisch, Tschechisch, Russisch\r\n\r\n&nbsp;\r\n<h3>Haben Sie Fragen?<\/h3>\r\nWir helfen Ihnen gerne weiter!\r\n<ul class=\"fa-ul\">\r\n \t<li><i class=\"fa fa-envelope-o fa-li\"><\/i> <a href=\"https:\/\/www.naturalscience.org\/de\/kontakt\/\">Kontaktformular<\/a><\/li>\r\n \t<li><i class=\"fa fa-at fa-li\"><\/i> <a href=\"mailto:kontakt@naturalscience.org\"> kontakt@naturalscience.org<\/a><\/li>\r\n \t<li><i class=\"fa fa-phone fa-li\"><\/i> +41(41)798-0398<\/li>\r\n<\/ul>\r\n<\/div>\r\n<\/div>\r\n<\/div>\r\n<div class=\"small-24 medium-10 columns\">\r\n<h3 style=\"margin-bottom: 0;\">Geb\u00fchren<\/h3>\r\n<table class=\"fees\">\r\n<tbody>\r\n<tr>\r\n<th><\/th>\r\n<th class=\"hightlight\">Ganzer\r\nKongress<\/th>\r\n<th>2&nbsp;Tage<\/th>\r\n<th>1&nbsp;Tag<\/th>\r\n<\/tr>\r\n<tr>\r\n<td>Einzelperson<\/td>\r\n<td class=\"hightlight\">\u20ac&nbsp;380<br>\r\n<small>CHF 420<\/small><\/td>\r\n<td>\u20ac 340<br>\r\n<small>CHF 375<\/small><\/td>\r\n<td>\u20ac 175<br>\r\n<small>CHF&nbsp;195<\/small><\/td>\r\n<\/tr>\r\n<tr>\r\n<td>&#8222;65+&#8220;\r\n<small>(Goldenes Lebensalter!)<\/small><\/td>\r\n<td class=\"hightlight\">\u20ac&nbsp;260<br>\r\n<small>CHF 290<\/small><\/td>\r\n<td>\u20ac 230<br>\r\n<small>CHF 255<\/small><\/td>\r\n<td>\u20ac 120<br>\r\n<small>CHF&nbsp;135<\/small><\/td>\r\n<\/tr>\r\n<tr>\r\n<td>Ehepaare\r\npro Person<\/td>\r\n<td class=\"hightlight\">\u20ac&nbsp;260<br>\r\n<small>CHF 290<\/small><\/td>\r\n<td>\u20ac 230<br>\r\n<small>CHF 255<\/small><\/td>\r\n<td>\u20ac 120<br>\r\n<small>CHF&nbsp;135<\/small><\/td>\r\n<\/tr>\r\n<tr>\r\n<td>Universit\u00e4ts-\/\r\nHochschul-\r\nStudenten<\/td>\r\n<td class=\"hightlight\">\u20ac&nbsp;135<br>\r\n<small>CHF 150<\/small><\/td>\r\n<td>\u20ac 115<br>\r\n<small>CHF 130<\/small><\/td>\r\n<td>\u20ac 60<br>\r\n<small>CHF&nbsp;65<\/small><\/td>\r\n<\/tr>\r\n<tr>\r\n<td>Jugendliche\/\r\nSch\u00fcler<\/td>\r\n<td class=\"hightlight\">\u20ac&nbsp;100<br>\r\n<small>CHF 110<\/small><\/td>\r\n<td>\u20ac 75<br>\r\n<small>CHF 85<\/small><\/td>\r\n<td>\u20ac 40<br>\r\n<small>CHF&nbsp;45<\/small><\/td>\r\n<\/tr>\r\n<tr>\r\n<td>+ Essenspaket <span onClick=\"showFoodPackageInfo()\" style=\"cursor: pointer;\"><i class=\"fa fa-question-circle \" ><\/i><\/span><\/td>\r\n<td class=\"hightlight\">\u20ac 100<br>\r\n<small>CHF 110<\/small><\/td>\r\n<td>\u20ac 100<br>\r\n<small>CHF 110<\/small><\/td>\r\n<td>\u20ac 50<br>\r\n<small>CHF&nbsp;55<\/small><\/td>\r\n<\/tr>\r\n<\/tbody>\r\n<\/table>\r\n\r\n<h3>Brosch\u00fcre<\/h3>\r\n<p>Alle Informationen zum Programm und den Daten finden Sie auch in unserer Kongress-Brosch\u00fcre:\r\n<a class=\"button radius small\" href=\"https:\/\/www.naturalscience.org\/wp-content\/uploads\/2019\/10\/congress-2019-brochure-de.pdf\" target=\"_blank\" rel=\"noopener noreferrer\"><i class=\"fa fa-download \" ><\/i>  Brosch\u00fcre herunterladen<\/a>\r\n<\/p>\r\n\r\n<\/div>\r\n<\/div>\r\n<\/div>\r\n<\/div>\r\n<div class=\"text-center\" style=\"margin: 50px 0;\"><a class=\"button radius register\" href=\"https:\/\/www.naturalscience.org\/de\/kongress-2019\/registration\/\"><i class=\"fa fa-hand-o-right \" ><\/i> Jetzt anmelden<\/a><\/div>\r\n<div class=\"title-box\">\r\n<h2>Was unsere Teilnehmer sagen<\/h2>\r\n<\/div>\r\n<script>\r\njQuery(document).ready(function ($) {\r\n\t$('#congress-guestbook').slick({\r\n\t\tslidesToShow: 3, \r\n\t\tslidesToScroll: 1,\r\n\t\tinfinite: false,\r\n\t\tspeed: 1000,\r\n\t\tautoplay: false,\r\n\t\tresponsive: [\r\n\t\t\t{breakpoint: 850, settings: { slidesToShow: 3 }},\r\n\t\t\t{breakpoint: 530, settings: { slidesToShow: 2 }},\r\n\t\t\t{breakpoint: 330, settings: { slidesToShow: 1 }}\r\n\t\t]\r\n\t});\r\n});\r\n<\/script>\r\n<div id=\"congress-guestbook\" class=\"carousel\">\r\n<div>\r\n<blockquote>Das war definitiv der beste und interessanteste Kongress, den wir je hatten. Die Referenten konnten ihre Themen so interessant wie noch nie vermitteln und es waren viele neue Themen und Informationen dabei. Vielen Dank<cite>Miriam D., Deutschland<\/cite><\/blockquote>\r\n<\/div>\r\n<div>\r\n<blockquote>Ich war diesmal das erste Mal hier. Das ist wunderbar zu f\u00fchlen und zu sehen, wie wir alle zu einer Einheit geh\u00f6ren aber trotzdem einzigartig unseren Lebensweg gehen. Danke Euch allen f\u00fcr die wunderbare Veranstaltung, f\u00fcr Eure Liebe!<cite>Alireza T., Schweiz<\/cite><\/blockquote>\r\n<\/div>\r\n<div>\r\n<blockquote>Vielen Dank f\u00fcr diesen grossartigen Kongress! Es war der beste bisher, mit tollen Referenten, lebenswichtigen Informationen und Instrumenten! So geht es voran! Alles Liebe und allen weiterhin viel Erfolg!<cite>Susanne W., Deutschland<\/cite><\/blockquote>\r\n<\/div>\r\n<div>\r\n<blockquote>Vielen herzlichen Dank an alle Involvierten! Wie immer: sehr gut, wegweisend und augen\u00f6ffnend. Euer Engagement und Begeisterung ist ansteckend. Guter Grund das weiterzugeben!<cite>Suely M., Deutschland<\/cite><\/blockquote>\r\n<\/div>\r\n<div>\r\n<blockquote>Herzlichen Dank f\u00fcr diesen weiteren Ausblick und so interessante Themen! Es ist immer eine Zeit f\u00fcr Wachstum, Lernen, Erfahren, Teilen und sich mit den anderen Teilnehmern auszutauschen! Es ist sp\u00fcrbar anders als bei anderen Veranstaltungen und Kongressen. Und vieles um es nach Hause zu bringen und anzuwenden.<cite>Odile L., \u00d6sterreich<\/cite><\/blockquote>\r\n<\/div>\r\n<div>\r\n<blockquote>Dies war der beste Kongress seit Jahren, sehr gut aufgebaut. Erfrischend, erhebend, echt und nat\u00fcrlich! Vielen herzlichen Dank f\u00fcr euer enormes Engagement!<cite>Susanne B., Schweiz<\/cite><\/blockquote>\r\n<\/div>\r\n<div>\r\n<blockquote>Doktor Natasha \u2013 h\u00f6chst erstaunliche Referentin; und ihr Referat war so einfach, so klar, so emotional! Ich habe den starken Impuls bekommen, auf meinem Weg innezuhalten und meinen Lebensstil zu korrigieren. Habt Dank daf\u00fcr!<cite>Marina K., Litauen<\/cite><\/blockquote>\r\n<\/div>\r\n<div>\r\n<blockquote>Einfach zufrieden, gl\u00fccklich einmal mehr diesem Kongress beiwohnen zu d\u00fcrfen. Bereichert, mit vielen neuen Eindr\u00fccken werde ich nach Hause fahren. Vielen Dank an die exzellenten Referenten!<cite>Brigitta H., Schweiz<\/cite><\/blockquote>\r\n<\/div>\r\n<div>\r\n<blockquote>Auf vielen Ebenen wieder ein richtungsweisender Kongress, der nicht nur einen neuen Ausblick gibt sondern auch Hoffnung und Visionen (die Realit\u00e4t werden) mitgibt. Der Vortrag von J\u00f6rg Dossenbach hat mich besonders ber\u00fchrt. Danke f\u00fcr diesen Kongress.<cite>Ulrike P., Deutschland <\/cite><\/blockquote>\r\n<\/div>\r\n<\/div>\r\n&nbsp;\r\n<div class=\"title-box\">\r\n<h2>Letztj\u00e4hriger Kongress<\/h2>\r\n<\/div>\r\nSehen Sie sich die <a style=\"color: #993300;\" href=\"https:\/\/www.naturalscience.org\/de\/kongress-2018\/vortraege-ansehen\/\">Vortr\u00e4ge<\/a> des letztj\u00e4hrigen Kongresses in voller L\u00e4nge an oder lesen Sie den <a style=\"color: #993300;\" href=\"https:\/\/www.naturalscience.org\/de\/kongress-2018\/rueckblick\/\">R\u00fcckblick<\/a>.\r\n<div class=\"text-center\" style=\"margin: 50px 0;\"><a class=\"button radius register\" href=\"https:\/\/www.naturalscience.org\/de\/kongress-2019\/registration\/\"><i class=\"fa fa-hand-o-right \" ><\/i> Jetzt anmelden<\/a><\/div>\r\n\r\n\r\n<script>\r\nfunction showFoodPackageInfo() {\r\n\tvex.open({\r\n\t\tclassName: 'vex-theme-default event-modal',\r\n\t\tcontent: '<div style=\"padding: 5px 18px 0 15px;\"><h3><strong>Essenspaket<\/strong><\/h3><p style=\"padding: 0;\">Neuerdings stehen uns f\u00fcr die Essenspausen im Maritim Hotel zwei reservierte R\u00e4ume zur Verf\u00fcgung, ein gr\u00f6\u00dferer mit Platz f\u00fcr ungef\u00e4hr 250 Personen sowie ein kleinerer, der vor allem f\u00fcr unsere jugendlichen Kongressteilnehmer gedacht ist. W\u00e4hrend der Kongressdauer wird dort jeweils mittags und abends ein Buffet angeboten.<\/p><p style=\"padding: 0;\">Es ist vorgesehen, dass es w\u00e4hrend des Abendessens sogenannte themenbezogene Expertentische geben wird, wo die einzigartige Gelegenheit besteht, sich mit den verschiedenen Experten auszutauschen und Fragen zu stellen.<\/p><\/div>'\r\n\t}); \r\n}\r\n<\/script>\r\n","protected":false},"excerpt":{"rendered":"Einladungsbrief Lesen (PDF) &#8222;Schon ist es wieder so weit, dass ich Sie zu einem weiteren Internationalen \u201eNeuer Wissenschaftlicher Ausblick\u201c Welt-Kongress von The World Foundation for Natural Science einladen darf. Auch dieses Jahr werden Freunde der Natur aus aller Welt in Ulm zusammenkommen, die bereit sind, f\u00fcr unsere Mutter Erde einzustehen und aus ihr einen lebenswerteren [&hellip;]","protected":false},"author":9,"featured_media":0,"parent":0,"menu_order":106,"comment_status":"closed","ping_status":"closed","template":"page-full.php","meta":{"_acf_changed":false,"ngg_post_thumbnail":0,"footnotes":""},"categories":[],"class_list":["post-29179","page","type-page","status-publish","hentry","no-wpautop"],"acf":[],"yoast_head":"<!-- This site is optimized with the Yoast SEO plugin v27.5 - https:\/\/yoast.com\/product\/yoast-seo-wordpress\/ -->\n<title>24. Internationaler \u201eNeuer Wissenschaftlicher Ausblick\u201d Welt-Kongress - The World Foundation for Natural Science<\/title>\n<meta name=\"description\" content=\"Ein Kongress, der praktische L\u00f6sungen aufzeigen wird, wie wir t\u00e4glich einen Unterschied bewirken k\u00f6nnen, um in Einklang mit der Natur das Gleichgewicht auf diesem wunderbaren Planeten wiederherzustellen.\" \/>\n<meta name=\"robots\" content=\"index, follow, max-snippet:-1, max-image-preview:large, max-video-preview:-1\" \/>\n<link rel=\"canonical\" href=\"https:\/\/www.naturalscience.org\/de\/kongress-2019\/\" \/>\n<meta name=\"twitter:label1\" content=\"Gesch\u00e4tzte Lesezeit\" \/>\n\t<meta name=\"twitter:data1\" content=\"5\u00a0Minuten\" \/>\n<script type=\"application\/ld+json\" class=\"yoast-schema-graph\">{\"@context\":\"https:\\\/\\\/schema.org\",\"@graph\":[{\"@type\":\"WebPage\",\"@id\":\"https:\\\/\\\/www.naturalscience.org\\\/de\\\/kongress-2019\\\/\",\"url\":\"https:\\\/\\\/www.naturalscience.org\\\/de\\\/kongress-2019\\\/\",\"name\":\"24. Internationaler \u201eNeuer Wissenschaftlicher Ausblick\u201d Welt-Kongress - The World Foundation for Natural Science\",\"isPartOf\":{\"@id\":\"https:\\\/\\\/www.naturalscience.org\\\/#website\"},\"primaryImageOfPage\":{\"@id\":\"https:\\\/\\\/www.naturalscience.org\\\/de\\\/kongress-2019\\\/#primaryimage\"},\"image\":{\"@id\":\"https:\\\/\\\/www.naturalscience.org\\\/de\\\/kongress-2019\\\/#primaryimage\"},\"thumbnailUrl\":\"https:\\\/\\\/www.naturalscience.org\\\/wp-content\\\/uploads\\\/2019\\\/10\\\/congress-2019-invitation-de-cover-228x300.jpg\",\"datePublished\":\"2019-02-18T10:08:23+00:00\",\"dateModified\":\"2019-11-07T18:14:49+00:00\",\"description\":\"Ein Kongress, der praktische L\u00f6sungen aufzeigen wird, wie wir t\u00e4glich einen Unterschied bewirken k\u00f6nnen, um in Einklang mit der Natur das Gleichgewicht auf diesem wunderbaren Planeten wiederherzustellen.\",\"breadcrumb\":{\"@id\":\"https:\\\/\\\/www.naturalscience.org\\\/de\\\/kongress-2019\\\/#breadcrumb\"},\"inLanguage\":\"de\",\"potentialAction\":[{\"@type\":\"ReadAction\",\"target\":[\"https:\\\/\\\/www.naturalscience.org\\\/de\\\/kongress-2019\\\/\"]}]},{\"@type\":\"ImageObject\",\"inLanguage\":\"de\",\"@id\":\"https:\\\/\\\/www.naturalscience.org\\\/de\\\/kongress-2019\\\/#primaryimage\",\"url\":\"https:\\\/\\\/www.naturalscience.org\\\/wp-content\\\/uploads\\\/2019\\\/10\\\/congress-2019-invitation-de-cover-228x300.jpg\",\"contentUrl\":\"https:\\\/\\\/www.naturalscience.org\\\/wp-content\\\/uploads\\\/2019\\\/10\\\/congress-2019-invitation-de-cover-228x300.jpg\"},{\"@type\":\"BreadcrumbList\",\"@id\":\"https:\\\/\\\/www.naturalscience.org\\\/de\\\/kongress-2019\\\/#breadcrumb\",\"itemListElement\":[{\"@type\":\"ListItem\",\"position\":1,\"name\":\"Home\",\"item\":\"https:\\\/\\\/www.naturalscience.org\\\/de\\\/\"},{\"@type\":\"ListItem\",\"position\":2,\"name\":\"24. Internationaler \u201eNeuer Wissenschaftlicher Ausblick\u201d Welt-Kongress\"}]},{\"@type\":\"WebSite\",\"@id\":\"https:\\\/\\\/www.naturalscience.org\\\/#website\",\"url\":\"https:\\\/\\\/www.naturalscience.org\\\/\",\"name\":\"The World Foundation for Natural Science\",\"description\":\"Restoring and Healing the World through Responsibility and Commitment in accord with Natural and Divine Law!\",\"potentialAction\":[{\"@type\":\"SearchAction\",\"target\":{\"@type\":\"EntryPoint\",\"urlTemplate\":\"https:\\\/\\\/www.naturalscience.org\\\/?s={search_term_string}\"},\"query-input\":{\"@type\":\"PropertyValueSpecification\",\"valueRequired\":true,\"valueName\":\"search_term_string\"}}],\"inLanguage\":\"de\"}]}<\/script>\n<!-- \/ Yoast SEO plugin. -->","yoast_head_json":{"title":"24. Internationaler \u201eNeuer Wissenschaftlicher Ausblick\u201d Welt-Kongress - The World Foundation for Natural Science","description":"Ein Kongress, der praktische L\u00f6sungen aufzeigen wird, wie wir t\u00e4glich einen Unterschied bewirken k\u00f6nnen, um in Einklang mit der Natur das Gleichgewicht auf diesem wunderbaren Planeten wiederherzustellen.","robots":{"index":"index","follow":"follow","max-snippet":"max-snippet:-1","max-image-preview":"max-image-preview:large","max-video-preview":"max-video-preview:-1"},"canonical":"https:\/\/www.naturalscience.org\/de\/kongress-2019\/","twitter_misc":{"Gesch\u00e4tzte Lesezeit":"5\u00a0Minuten"},"schema":{"@context":"https:\/\/schema.org","@graph":[{"@type":"WebPage","@id":"https:\/\/www.naturalscience.org\/de\/kongress-2019\/","url":"https:\/\/www.naturalscience.org\/de\/kongress-2019\/","name":"24. Internationaler \u201eNeuer Wissenschaftlicher Ausblick\u201d Welt-Kongress - The World Foundation for Natural Science","isPartOf":{"@id":"https:\/\/www.naturalscience.org\/#website"},"primaryImageOfPage":{"@id":"https:\/\/www.naturalscience.org\/de\/kongress-2019\/#primaryimage"},"image":{"@id":"https:\/\/www.naturalscience.org\/de\/kongress-2019\/#primaryimage"},"thumbnailUrl":"https:\/\/www.naturalscience.org\/wp-content\/uploads\/2019\/10\/congress-2019-invitation-de-cover-228x300.jpg","datePublished":"2019-02-18T10:08:23+00:00","dateModified":"2019-11-07T18:14:49+00:00","description":"Ein Kongress, der praktische L\u00f6sungen aufzeigen wird, wie wir t\u00e4glich einen Unterschied bewirken k\u00f6nnen, um in Einklang mit der Natur das Gleichgewicht auf diesem wunderbaren Planeten wiederherzustellen.","breadcrumb":{"@id":"https:\/\/www.naturalscience.org\/de\/kongress-2019\/#breadcrumb"},"inLanguage":"de","potentialAction":[{"@type":"ReadAction","target":["https:\/\/www.naturalscience.org\/de\/kongress-2019\/"]}]},{"@type":"ImageObject","inLanguage":"de","@id":"https:\/\/www.naturalscience.org\/de\/kongress-2019\/#primaryimage","url":"https:\/\/www.naturalscience.org\/wp-content\/uploads\/2019\/10\/congress-2019-invitation-de-cover-228x300.jpg","contentUrl":"https:\/\/www.naturalscience.org\/wp-content\/uploads\/2019\/10\/congress-2019-invitation-de-cover-228x300.jpg"},{"@type":"BreadcrumbList","@id":"https:\/\/www.naturalscience.org\/de\/kongress-2019\/#breadcrumb","itemListElement":[{"@type":"ListItem","position":1,"name":"Home","item":"https:\/\/www.naturalscience.org\/de\/"},{"@type":"ListItem","position":2,"name":"24. Internationaler \u201eNeuer Wissenschaftlicher Ausblick\u201d Welt-Kongress"}]},{"@type":"WebSite","@id":"https:\/\/www.naturalscience.org\/#website","url":"https:\/\/www.naturalscience.org\/","name":"The World Foundation for Natural Science","description":"Restoring and Healing the World through Responsibility and Commitment in accord with Natural and Divine Law!","potentialAction":[{"@type":"SearchAction","target":{"@type":"EntryPoint","urlTemplate":"https:\/\/www.naturalscience.org\/?s={search_term_string}"},"query-input":{"@type":"PropertyValueSpecification","valueRequired":true,"valueName":"search_term_string"}}],"inLanguage":"de"}]}},"_links":{"self":[{"href":"https:\/\/www.naturalscience.org\/de\/wp-json\/wp\/v2\/pages\/29179","targetHints":{"allow":["GET"]}}],"collection":[{"href":"https:\/\/www.naturalscience.org\/de\/wp-json\/wp\/v2\/pages"}],"about":[{"href":"https:\/\/www.naturalscience.org\/de\/wp-json\/wp\/v2\/types\/page"}],"author":[{"embeddable":true,"href":"https:\/\/www.naturalscience.org\/de\/wp-json\/wp\/v2\/users\/9"}],"replies":[{"embeddable":true,"href":"https:\/\/www.naturalscience.org\/de\/wp-json\/wp\/v2\/comments?post=29179"}],"version-history":[{"count":31,"href":"https:\/\/www.naturalscience.org\/de\/wp-json\/wp\/v2\/pages\/29179\/revisions"}],"predecessor-version":[{"id":31252,"href":"https:\/\/www.naturalscience.org\/de\/wp-json\/wp\/v2\/pages\/29179\/revisions\/31252"}],"wp:attachment":[{"href":"https:\/\/www.naturalscience.org\/de\/wp-json\/wp\/v2\/media?parent=29179"}],"wp:term":[{"taxonomy":"category","embeddable":true,"href":"https:\/\/www.naturalscience.org\/de\/wp-json\/wp\/v2\/categories?post=29179"}],"curies":[{"name":"wp","href":"https:\/\/api.w.org\/{rel}","templated":true}]}}