{"id":25118,"date":"2017-07-11T19:29:36","date_gmt":"2017-07-11T17:29:36","guid":{"rendered":"http:\/\/www.naturalscience.org\/de\/?page_id=25118"},"modified":"2018-09-17T21:20:56","modified_gmt":"2018-09-17T19:20:56","slug":"kongress-2017","status":"publish","type":"page","link":"https:\/\/www.naturalscience.org\/de\/kongress-2017\/","title":{"rendered":"22. Internationaler \u201cNeuer Wissenschaftlicher Ausblick\u201d Welt-Kongress"},"content":{"rendered":"<p class=\"text-center\" style=\"font-size: 18px; color: #005000;\"><strong>Von Donnerstag, 2. November bis Sonntag, 5. November 2017<br \/>\nMaritim Hotel, Ulm, Deutschland<\/strong><\/p>\n<div class=\"invitation row\">\n<div class=\"small-24 medium-16 columns\">\nWir freuen uns, Ihnen die Themen f\u00fcr unseren Welt-Kongress 2017 in Ulm vorstellen zu k\u00f6nnen. Dieses Jahr befassen wir uns intensiv mit praktischen L\u00f6sungen, um die Gesundheit unseres Planeten und damit auch unserer physischen K\u00f6rper wiederherzustellen:<\/p>\n<ul>\n<li>Wir befassen uns mit dem Gesundheitszustand der Meere und Ozeane und zeigen L\u00f6sungswege auf, die wir gemeinsam gehen k\u00f6nnen.<\/li>\n<li>Wir werden Ihnen erkl\u00e4ren, weshalb immer mehr Insekten und V\u00f6gel verschwinden und was wir tun m\u00fcssen, um diese Entwicklung aufzuhalten und dann wieder umzukehren.<\/li>\n<li>Wir zeigen Ihnen auf, wie man mit Hilfe von nat\u00fcrlichen Mitteln den Weg aus dem Teufelskreis der Abh\u00e4ngigkeit von Schmerzmitteln, Beruhigungspillen, Psychopharmaka, Abf\u00fchrmitteln etc. finden kann.<\/li>\n<li>Kosmetika enthalten inzwischen mehr Schadstoffe als pflegende Zus\u00e4tze \u2013 Wir stellen Ihnen Produkte vor, die im Sinne der K\u00f6rperpflege und des Umweltschutzes empfehlenswert sind.<\/li>\n<\/ul>\n<p>Sind Sie bereit, die Initiative zu ergreifen f\u00fcr eine bessere, sauberere und ges\u00fcndere Welt und damit auch f\u00fcr die Gesundheit Ihres eigenen physischen K\u00f6rpers? Dann kommen Sie nach Ulm! Mahatma Gandhi sagte uns, dass wir selbst die Ver\u00e4nderung sein sollen, die wir uns w\u00fcnschen f\u00fcr diese Welt. Wir versprechen Ihnen, dass Ihre Anwesenheit am Kongress einen positiven Unterschied bewirken wird \u2013 nicht nur f\u00fcr Sie selbst, sondern f\u00fcr den ganzen Planeten!\n<\/p><\/div>\n<div class=\"small-24 medium-8 columns\">\n<div class=\"document-wrapper\">\n<div class=\"title\">Einladungsbrief<\/div>\n<p><a href=\"https:\/\/www.naturalscience.org\/wp-content\/uploads\/2017\/10\/congress-2017-invite-letter-de-3.pdf\" target=\"_blank\"><img loading=\"lazy\" decoding=\"async\" src=\"https:\/\/www.naturalscience.org\/wp-content\/uploads\/2017\/07\/congress-2017-invite-letter-de-cover-309x400.png\" alt=\"\" width=\"309\" height=\"400\" class=\"alignnone size-size-400 wp-image-25685\" srcset=\"https:\/\/www.naturalscience.org\/wp-content\/uploads\/2017\/07\/congress-2017-invite-letter-de-cover-309x400.png 309w, https:\/\/www.naturalscience.org\/wp-content\/uploads\/2017\/07\/congress-2017-invite-letter-de-cover-232x300.png 232w, https:\/\/www.naturalscience.org\/wp-content\/uploads\/2017\/07\/congress-2017-invite-letter-de-cover-768x994.png 768w, https:\/\/www.naturalscience.org\/wp-content\/uploads\/2017\/07\/congress-2017-invite-letter-de-cover-791x1024.png 791w, https:\/\/www.naturalscience.org\/wp-content\/uploads\/2017\/07\/congress-2017-invite-letter-de-cover-127x164.png 127w, https:\/\/www.naturalscience.org\/wp-content\/uploads\/2017\/07\/congress-2017-invite-letter-de-cover-386x500.png 386w, https:\/\/www.naturalscience.org\/wp-content\/uploads\/2017\/07\/congress-2017-invite-letter-de-cover.png 1699w\" sizes=\"auto, (max-width: 309px) 100vw, 309px\" \/><\/a><\/p>\n<div class=\"button-outer\">\n<div class=\"button-inner\"><a class=\"button radius large\" href=\"https:\/\/www.naturalscience.org\/wp-content\/uploads\/2017\/10\/congress-2017-invite-letter-de-3.pdf\" target=\"_blank\">Lesen <small>(PDF)<\/small><\/a><\/div>\n<\/div>\n<\/div>\n<p><a class=\"button radius register\" href=\"https:\/\/www.naturalscience.org\/de\/kongress-2017\/registration\/\"><i class=\"fa fa-hand-o-right \" ><\/i>&nbsp;&nbsp;Jetzt anmelden<\/a>\u2002\u2002\u2002\n<\/div>\n<\/div>\n<div class=\"title-box\">\n<h2>Donnerstag, 2. November 2017, 19:00 Uhr &#8211; 21:00 Uhr<\/h2>\n<\/div>\n<div class=\"lecture\">\n<div class=\"row\">\n<div class=\"small-24 columns\">\n<h2>Begr\u00fc\u00dfung und Er\u00f6ffnungsansprache<\/h2>\n<\/div>\n<\/div>\n<\/div>\n<p>&nbsp;<\/p>\n<div class=\"lecture\">\n<div class=\"row\">\n<div class=\"small-24 medium-18 columns\">\n<h2>Un-Wohlsein und Krankheit\u2014Segen oder Fluch?<\/h2>\n<p>Un-Wohlsein und Krankheiten (wie beispielsweise Krebs) treten nicht durch Zufall, Schicksal oder, wie einige sogar glauben, als Strafe Gottes auf. Sie entwickeln sich allm\u00e4hlich als Ergebnis einer nat\u00fcrlichen Reaktion unseres K\u00f6rpers, wenn unser Leben physisch, emotional, mental und geistig nicht mehr im Gleichgewicht ist. Die Ursache von Dis-Harmonie im Menschen nennen wir oft \u201eStress\u201c.<\/p>\n<div class=\"speaker description\">Als Vater von sechs Kindern, Heilpraktiker mit \u00fcber 30 Jahren Erfahrung und geweihter Priester verf\u00fcgt <strong>The\u00a0Very\u00a0Rev. Dean em. Paul Probst, SF<\/strong>, \u00fcber einen immensen Erfahrungs- und Wissensschatz, der es ihm erlaubt, The World Foundation for Natural Science als deren Europ\u00e4ischer Pr\u00e4sident kompetent zu f\u00fchren und den Menschen die Zusammenh\u00e4nge zwischen Naturwissenschaft und Religion zu vermitteln.<\/div>\n<\/div>\n<div class=\"small-24 medium-6 columns\">\n<p><img loading=\"lazy\" decoding=\"async\" src=\"https:\/\/www.naturalscience.org\/wp-content\/uploads\/2017\/10\/speaker-probst.jpg\" alt=\"\" width=\"286\" height=\"382\" class=\"alignnone size-full wp-image-25694\" srcset=\"https:\/\/www.naturalscience.org\/wp-content\/uploads\/2017\/10\/speaker-probst.jpg 286w, https:\/\/www.naturalscience.org\/wp-content\/uploads\/2017\/10\/speaker-probst-225x300.jpg 225w, https:\/\/www.naturalscience.org\/wp-content\/uploads\/2017\/10\/speaker-probst-123x164.jpg 123w\" sizes=\"auto, (max-width: 286px) 100vw, 286px\" \/><\/p>\n<div class=\"speaker\"><strong>The Very Reverend Dean em.<br \/>\nPaul Probst, SF<\/strong><br \/>\nEurop\u00e4ischer Pr\u00e4sident, The World Foundation for Natural Science, Luzern, Schweiz<\/div>\n<p><a href=\"https:\/\/www.naturalscience.org\/\" target=\"_blank\" rel=\"noopener\">www.naturalscience.org<\/a><\/p>\n<\/div>\n<\/div>\n<\/div>\n<div class=\"title-box\">\n<h2>Freitag, 3. November 2017, 9:00 &#8211; 18:30 Uhr<\/h2>\n<\/div>\n<div class=\"lecture\">\n<div class=\"row\">\n<div class=\"small-24 medium-18 columns\">\n<h2>Der stumme Fr\u00fchling\u2014Warum immer mehr Insekten und V\u00f6gel verschwinden<\/h2>\n<p>Insekten und deren nahe Verwandte machen \u00fcber 60&nbsp;% der Artenvielfalt unseres Planeten aus. Dementsprechend \u00fcbernehmen sie wichtige Aufgaben in unseren \u00d6kosystemen, etwa als Best\u00e4uber an den Bl\u00fcten oder als Stoffumwandler im Boden. Auch die V\u00f6gel, die in der Nahrungskette in direkter Abh\u00e4ngigkeit von den Insekten stehen, sind unverzichtbare Bindeglieder in der Natur. Doch das vertraute Summen der Insekten und der Gesang der V\u00f6gel im Fr\u00fchling wird von Jahr zu Jahr immer leiser und droht gar zu verstummen.<\/p>\n<div class=\"speaker description\"><strong>Sebastian Hausmann<\/strong> studierte Naturschutz in Bernburg und Biodiversit\u00e4t, Evolution und \u00d6kologie in Berlin. Heute forscht er an der Freien Universit\u00e4t Berlin im Rahmen seiner Promotion im Fachbereich Pflanzen\u00f6kologie. Als er im Jahr 2008 erstmals vom Bienensterben h\u00f6rte, begann er selbst Bienen zu halten und entdeckte seine Leidenschaft f\u00fcr Insekten. In seinen Studien hat er sich auf das Thema der Best\u00e4ubung spezialisiert und sich \u00fcber die Jahre ein fundiertes Wissen im Bereich Bienen erarbeitet.<\/div>\n<\/div>\n<div class=\"small-24 medium-6 columns\">\n<img loading=\"lazy\" decoding=\"async\" src=\"https:\/\/www.naturalscience.org\/wp-content\/uploads\/2017\/07\/speaker-hausmann.jpg\" alt=\"\" width=\"286\" height=\"382\" class=\"alignnone size-full wp-image-25659\" srcset=\"https:\/\/www.naturalscience.org\/wp-content\/uploads\/2017\/07\/speaker-hausmann.jpg 286w, https:\/\/www.naturalscience.org\/wp-content\/uploads\/2017\/07\/speaker-hausmann-225x300.jpg 225w, https:\/\/www.naturalscience.org\/wp-content\/uploads\/2017\/07\/speaker-hausmann-123x164.jpg 123w\" sizes=\"auto, (max-width: 286px) 100vw, 286px\" \/><\/p>\n<div class=\"speaker\"><strong>Sebastian Hausmann, M.Sc.<\/strong>, Berlin, Deutschland<\/div>\n<\/div>\n<\/div>\n<\/div>\n<p>&nbsp;<\/p>\n<div class=\"lecture\">\n<div class=\"row\">\n<div class=\"small-24 medium-18 columns\">\n<h2>Kosmetika\u2014Sind sie sch\u00e4dlich f\u00fcr K\u00f6rper und Umwelt?<\/h2>\n<p>Kosmetika haben im Gegensatz zu technischen Produkten das Privileg, dass keine Gefahrenkennzeichnung angegeben werden muss. Es ist daher fast unm\u00f6glich zu erkennen, welche Produkte im Sinne der K\u00f6rperpflege und des Umweltschutzes empfehlenswert sind. Mittlerweile werden mehr Schadstoffe als pflegende Zus\u00e4tze verarbeitet; die Politik als Handlanger der Gro\u00dfindustrie spielt freudig mit. Und der Rubel rollt: 90&nbsp;% der Kosmetika werden aufgrund von intensiver Werbung und nicht wegen des hohen Bedarfs verkauft.<\/p>\n<div class=\"speaker description\"><strong>Willi Luger<\/strong> macht alles anders! Durch seinen Vater seit Kindheit mit dem Friseurberuf verbunden, entschloss er sich nach 20 Jahren Berufsleben zu einer lebensver\u00e4ndernden Kehrtwende. Als Antwort auf die vielen Gesundheitsprobleme in der Friseurbranche entwickelte Willi Luger eine einzigartige, konsequent \u00f6kologische Alternative zur herk\u00f6mmlichen Friseurkosmetik, eine \u201eehrliche\u201c Naturkosmetik ohne Show und Gag! Trendige Inhaltsstoffe sind bei ihm fehl am Platz.<\/div>\n<\/div>\n<div class=\"small-24 medium-6 columns\">\n<img loading=\"lazy\" decoding=\"async\" class=\"alignnone size-full wp-image-25616\" src=\"https:\/\/www.naturalscience.org\/wp-content\/uploads\/2017\/09\/speaker-luger.jpg\" alt=\"\" width=\"286\" height=\"382\" srcset=\"https:\/\/www.naturalscience.org\/wp-content\/uploads\/2017\/09\/speaker-luger.jpg 286w, https:\/\/www.naturalscience.org\/wp-content\/uploads\/2017\/09\/speaker-luger-225x300.jpg 225w, https:\/\/www.naturalscience.org\/wp-content\/uploads\/2017\/09\/speaker-luger-123x164.jpg 123w\" sizes=\"auto, (max-width: 286px) 100vw, 286px\" \/><\/p>\n<div class=\"speaker\"><strong>Willi Luger<\/strong>, Friseurmeister und Firmengr\u00fcnder, Ernstbrunn, \u00d6sterreich<\/div>\n<p><a href=\"http:\/\/www.culumnatura-naturkosmetik.com\" target=\"_blank\" rel=\"noopener\">www.culumnatura-naturkosmetik.com<\/a>\n<\/div>\n<\/div>\n<\/div>\n<p>&nbsp;<\/p>\n<div class=\"lecture\">\n<div class=\"row\">\n<div class=\"small-24 medium-18 columns\">\n<h2>Planet Wasser\u2014Unsere Lebensgrundlage und unsere Verantwortung<\/h2>\n<p>Wasser hat so viele verschiedene F\u00e4higkeiten und Eigenschaften wie kaum ein anderes Element. Es transportiert, leitet, k\u00fchlt, w\u00e4rmt, reinigt, informiert, ern\u00e4hrt, speichert, heilt und l\u00f6scht den Durst. Wasser ist unsere Lebensgrundlage \u2013 und wir zerst\u00f6ren sie. Aber wenn das Wasser verschmutzt und verm\u00fcllt ist, dann ist der Planet krank, und somit auch wir.<\/p>\n<div class=\"speaker description\"><strong>Denise Ulrich<\/strong> bot das Studium der Geografie, Erdwissenschaften und \u00d6kologie die Gelegenheit, sich intensiv mit der Erde, unserem Heimatplaneten, zu besch\u00e4ftigen. Das Erkennen und Lehren von Zusammenh\u00e4ngen zwischen Boden, Luft, Wasser und dem Menschen besch\u00e4ftigt sie seit vielen Jahren. Eigene Erfahrungen in der Natur zeigen ihr, dass hinter den physischen Formen weitere Kr\u00e4fte sind, die unsere Umwelt beleben und zusammenhalten.<\/div>\n<\/div>\n<div class=\"small-24 medium-6 columns\">\n<img loading=\"lazy\" decoding=\"async\" class=\"alignnone size-full wp-image-25614\" src=\"https:\/\/www.naturalscience.org\/wp-content\/uploads\/2017\/09\/speaker-ulrich-d.jpg\" alt=\"\" width=\"286\" height=\"382\" srcset=\"https:\/\/www.naturalscience.org\/wp-content\/uploads\/2017\/09\/speaker-ulrich-d.jpg 286w, https:\/\/www.naturalscience.org\/wp-content\/uploads\/2017\/09\/speaker-ulrich-d-225x300.jpg 225w, https:\/\/www.naturalscience.org\/wp-content\/uploads\/2017\/09\/speaker-ulrich-d-123x164.jpg 123w\" sizes=\"auto, (max-width: 286px) 100vw, 286px\" \/><\/p>\n<div class=\"speaker\"><strong>Denise Ulrich, Dipl. Geographin, Dipl. HLA H\u00f6heres Lehramt<\/strong>, Hohenrain, Schweiz<\/div>\n<\/div>\n<\/div>\n<\/div>\n<p>&nbsp;<\/p>\n<div class=\"lecture\">\n<div class=\"row\">\n<div class=\"small-24 medium-18 columns\">\n<h2>Der Reichtum der Ozeane&#8230;.\u2014Wie lange existiert er noch?<\/h2>\n<p>Die Meere sind das gr\u00f6\u00dfte Wasserreservoir der Erde. Die Fische der Ozeane sind die Haupt-Nahrungsquelle f\u00fcr eine Milliarde Menschen. Aber die Ozeane sind heute alles andere als heil und rein; sie und alles Leben darin befinden sich in gr\u00f6\u00dfter Bedr\u00e4ngnis. T\u00e4glich vergiften wir diese einzigartige Welt immer mehr mit Dingen aus unserem Alltag, die wir nicht l\u00e4nger wollen oder die wir exzessiv verwenden oder einsetzen, ohne \u00fcber die Konsequenzen nachzudenken. Sind wir uns dessen \u00fcberhaupt bewusst? Wir brauchen die Meere und die Meere brauchen uns.<\/p>\n<div class=\"speaker description\"><strong>Sabrina Amico<\/strong> besch\u00e4ftigt sich aus Passion seit vielen Jahren mit dem Wasser und den Meeren. Sie war seit fr\u00fchester Kindheit mit den Ozeanen und den Meereslebewesen eng verbunden. Es ist ihr ein Herzensanliegen, dieses f\u00fcr die Menschen und den ganzen Planeten Erde lebenswichtige Element aus einer ganzheitlichen Perspektive zu verstehen, weniger bekannte Zusammenh\u00e4nge aufzuzeigen und dadurch einen liebevollen und respektvollen Umgang mit dem Wasserelement zu f\u00f6rdern.<\/div>\n<\/div>\n<div class=\"small-24 medium-6 columns\">\n<img loading=\"lazy\" decoding=\"async\" class=\"alignnone size-full wp-image-25615\" src=\"https:\/\/www.naturalscience.org\/wp-content\/uploads\/2017\/09\/speaker-amico.jpg\" alt=\"\" width=\"286\" height=\"382\" srcset=\"https:\/\/www.naturalscience.org\/wp-content\/uploads\/2017\/09\/speaker-amico.jpg 286w, https:\/\/www.naturalscience.org\/wp-content\/uploads\/2017\/09\/speaker-amico-225x300.jpg 225w, https:\/\/www.naturalscience.org\/wp-content\/uploads\/2017\/09\/speaker-amico-123x164.jpg 123w\" sizes=\"auto, (max-width: 286px) 100vw, 286px\" \/><\/p>\n<div class=\"speaker\"><strong>Sabrina Amico, lic. phil. I<\/strong>, Beinwil, Schweiz<\/div>\n<\/div>\n<\/div>\n<\/div>\n<div class=\"title-box\">\n<h2>Samstag, 4. November 2017, 9:00 &#8211; 18:30 Uhr<\/h2>\n<\/div>\n<div class=\"lecture\">\n<div class=\"row\">\n<div class=\"small-24 medium-18 columns\">\n<h2>Krebs\u2014Das Ende dieser erschreckenden Bedrohung<\/h2>\n<p>Haben Sie schon einmal etwas vom Banerji-Protokoll geh\u00f6rt? Seit drei Generationen behandelt die indische \u00c4rztefamilie Banerji in Kalkutta unz\u00e4hlige Menschen mit standardisierten Protokollen, die aus der Hahnemann\u2019schen Hom\u00f6opathie entwickelt sind. Durch die immense Anzahl Behandlungen sind \u00fcber die Jahre wirkungsvolle Anwendungsrezepte f\u00fcr fast alle denkbaren Erkrankungen entstanden. K\u00f6nnte dies ein Schl\u00fcssel gegen die ins Unermessliche steigenden Gesundheitskosten sein?<\/p>\n<div class=\"speaker description\"><strong>Rolf Backenecker<\/strong> ist schon als Kind in der Praxis seiner Mutter mit Naturheilkunde in Kontakt gekommen. Erst nach einem Studium als Elektroingenieur und Vertiefungsstudien in Betriebswirtschaft und Unternehmensf\u00fchrung trugen die in der Kindheit gesetzten Samen erste Fr\u00fcchte, und es folgten Ausbildungen zum Naturheilpraktiker mit Spezialisierung auf Bioresonanz, Orthomolekularer Medizin, Hom\u00f6opathie und Pflanzenheilkunde sowie Neuro-Linguistischer Programmierung (NLP).<\/div>\n<\/div>\n<div class=\"small-24 medium-6 columns\">\n<img loading=\"lazy\" decoding=\"async\" src=\"https:\/\/www.naturalscience.org\/wp-content\/uploads\/2017\/07\/speaker-backenecker.jpg\" alt=\"\" width=\"286\" height=\"382\" class=\"alignnone size-full wp-image-25655\" srcset=\"https:\/\/www.naturalscience.org\/wp-content\/uploads\/2017\/07\/speaker-backenecker.jpg 286w, https:\/\/www.naturalscience.org\/wp-content\/uploads\/2017\/07\/speaker-backenecker-225x300.jpg 225w, https:\/\/www.naturalscience.org\/wp-content\/uploads\/2017\/07\/speaker-backenecker-123x164.jpg 123w\" sizes=\"auto, (max-width: 286px) 100vw, 286px\" \/><\/p>\n<div class=\"speaker\"><strong>Rolf Backenecker<\/strong>, Heilpraktiker, Meilen, Schweiz<\/div>\n<p><a href=\"http:\/\/www.therapiehaus.ch\" target=\"_blank\" rel=\"noopener\">www.therapiehaus.ch<\/a>\n<\/div>\n<\/div>\n<\/div>\n<p>&nbsp;<\/p>\n<div class=\"lecture\">\n<div class=\"row\">\n<div class=\"small-24 medium-15 columns\">\n<h2>Induktionsherde\u2014Eine Gefahr f\u00fcr unsere Gesundheit<\/h2>\n<p>Induktionsherde sind praktisch, energiesparend und verdr\u00e4ngen weltweit immer mehr den konventionellen Elektro- oder Gaskochherd. Doch sie haben einen gravierenden Nachteil: Das beim Kochen entstehende starke Magnetfeld ist gesundheitssch\u00e4digend, weshalb selbst offizielle Beh\u00f6rden zur Vorsicht mahnen. Zudem besteht die Vermutung, dass durch das Kochen auf dem Induktionsherd die Lebensenergie des gekochten Essens geschw\u00e4cht oder sogar zerst\u00f6rt wird.<\/p>\n<div class=\"speaker description\"><strong>Marcel Hofmann<\/strong> hat nach der Fachlehre als Elektromonteur das Diplom eines Master of Science in Electrical Engineering an der Northeastern University in Boston, USA, erworben. Nach ersten praktischen Erfahrungen im Bereich Mobilfunk begann er sich f\u00fcr die Auswirkungen elektromagnetischer Strahlung zu interessieren. Seit mehr als 10 Jahren f\u00fchrt er elektrobiologische Messungen durch und informiert die Menschen \u00fcber die Auswirkungen dieser t\u00e4glich benutzten, elektrischen Ger\u00e4te.<\/div>\n<div class=\"speaker description\"><strong>Franz Ulrich<\/strong> ist diplomierter Elektro-Ingenieur (ETH Z\u00fcrich) und f\u00fchrt seit 10 Jahren sein eigenes B\u00fcro f\u00fcr Energiefragen. Immer mehr musste er zum Thema elektromagnetische Strahlung und deren gesundheitlichen Auswirkungen auf den Menschen beraten.<\/div>\n<\/div>\n<div class=\"small-24 medium-9 columns\">\n<div class=\"row\">\n<div class=\"small-24 medium-12 columns\">\n<img loading=\"lazy\" decoding=\"async\" src=\"https:\/\/www.naturalscience.org\/wp-content\/uploads\/2017\/07\/speaker-hofmann-2.jpg\" alt=\"\" width=\"286\" height=\"382\" class=\"alignnone size-full wp-image-25657\" srcset=\"https:\/\/www.naturalscience.org\/wp-content\/uploads\/2017\/07\/speaker-hofmann-2.jpg 286w, https:\/\/www.naturalscience.org\/wp-content\/uploads\/2017\/07\/speaker-hofmann-2-225x300.jpg 225w, https:\/\/www.naturalscience.org\/wp-content\/uploads\/2017\/07\/speaker-hofmann-2-123x164.jpg 123w\" sizes=\"auto, (max-width: 286px) 100vw, 286px\" \/><\/p>\n<div class=\"speaker\"><strong>Marcel Hofmann, MSEE, Dipl. El.-Ing. HTL<\/strong>, Utzigen, Schweiz<\/div>\n<\/div>\n<div class=\"small-24 medium-12 columns\">\n<img loading=\"lazy\" decoding=\"async\" class=\"alignnone size-full wp-image-25623\" src=\"https:\/\/www.naturalscience.org\/wp-content\/uploads\/2017\/09\/speaker-ulrich-f.jpg\" alt=\"\" width=\"286\" height=\"382\" srcset=\"https:\/\/www.naturalscience.org\/wp-content\/uploads\/2017\/09\/speaker-ulrich-f.jpg 286w, https:\/\/www.naturalscience.org\/wp-content\/uploads\/2017\/09\/speaker-ulrich-f-225x300.jpg 225w, https:\/\/www.naturalscience.org\/wp-content\/uploads\/2017\/09\/speaker-ulrich-f-123x164.jpg 123w\" sizes=\"auto, (max-width: 286px) 100vw, 286px\" \/><\/p>\n<div class=\"speaker\"><strong>Franz Ulrich, dipl. El.-Ing. ETH<\/strong>, Hohenrain, Schweiz<\/div>\n<\/div>\n<\/div>\n<\/div>\n<\/div>\n<\/div>\n<p>&nbsp;<\/p>\n<div class=\"lecture\">\n<div class=\"row\">\n<div class=\"small-24 medium-18 columns\">\n<h2>Gonstead Chiropraktik\u2014Den Menschen von innen heraus heilen<\/h2>\n<p>Das Thema Bewegungsapparat ist in aller Leute Munde. Probleme damit entstehen aber nicht nur aus zivilisationsbedingten Haltungssch\u00e4den, sondern auch durch Unf\u00e4lle und St\u00fcrze \u2013 vor allem in der Kindheit \u2013 oder sogar durch Druck und Zug vor und w\u00e4hrend der Geburt. Die Gonstead Chiropraktik hilft mit einer ganz gezielten Analyse und viel Fingerspitzengef\u00fchl, den Heilungsprozess des Bewegungsapparates und des Nervensystems zu beginnen.<\/p>\n<div class=\"speaker description\"><strong>Dr. Stefan Rauber<\/strong> schloss sein erstes Staatsexamen an der Uniklinik Balgrist, Z\u00fcrich, ab. Von 1997 bis 2009 hat er sich in Gonstead Chiropractic Fullspine Methodology weitergebildet. Seit 2006 f\u00fchrt er eine eigene Praxis in Wallisellen. Weitere Ausbildungen folgten unter anderem in P\u00e4diatrie ICPA (International Chiropractic Pediatrics Association), Thompson Terminal Point Analysis And Adjusting Technique und Angewandter Kinesiologie.<\/div>\n<\/div>\n<div class=\"small-24 medium-6 columns\">\n<p><img loading=\"lazy\" decoding=\"async\" class=\"alignnone size-full wp-image-25619\" src=\"https:\/\/www.naturalscience.org\/wp-content\/uploads\/2017\/09\/speaker-rauber.jpg\" alt=\"\" width=\"286\" height=\"382\" srcset=\"https:\/\/www.naturalscience.org\/wp-content\/uploads\/2017\/09\/speaker-rauber.jpg 286w, https:\/\/www.naturalscience.org\/wp-content\/uploads\/2017\/09\/speaker-rauber-225x300.jpg 225w, https:\/\/www.naturalscience.org\/wp-content\/uploads\/2017\/09\/speaker-rauber-123x164.jpg 123w\" sizes=\"auto, (max-width: 286px) 100vw, 286px\" \/><\/p>\n<div class=\"speaker\"><strong>Dr. Stefan Rauber<\/strong>, Wallisellen, Z\u00fcrich, Schweiz<\/div>\n<p><a href=\"http:\/\/www.chiropraktik-wallisellen.ch\/de\" target=\"_blank\" rel=\"noopener\">www.chiropraktik-wallisellen.ch<\/a><\/p>\n<\/div>\n<\/div>\n<\/div>\n<p>&nbsp;<\/p>\n<div class=\"lecture\">\n<div class=\"row\">\n<div class=\"small-24 medium-18 columns\">\n<h2>Wie Schmerzmittel und Beruhigungspillen Menschen in die Abh\u00e4ngigkeit treiben<\/h2>\n<p>Immer mehr Menschen greifen in ihrer Not zu Schmerzmitteln, Beruhigungspillen, Psychopharmaka, Aufputschmitteln, Abf\u00fchrmitteln oder zu allem, wovon sie hoffen, es w\u00fcrde ihnen in der Not Linderung verschaffen. Oft geraten die Betroffenen dadurch in einen Teufelskreis aus Abh\u00e4ngigkeit sowie langfristiger k\u00f6rperlicher oder seelischer Sch\u00e4digung. Fallbeispiele zeigen, wie mit nat\u00fcrlichen Mitteln dauerhafte Erfolge erzielt werden k\u00f6nnen, ohne dem K\u00f6rper zu schaden.<\/p>\n<div class=\"speaker description\"><strong>Lukas Waldmann<\/strong> schloss das Diplom als Heilpraktiker an der Schule f\u00fcr angewandte Naturheilkunde in Z\u00fcrich ab. Seit siebzehn Jahren f\u00fchrt er eine eigene Praxis mit Schwerpunkt auf der alternativen Medizin. Er hat sich in verschiedenen Bereichen wie nat\u00fcrliche Nahrungserg\u00e4nzungsmittel, Stoffwechseltherapie und Bioresonanz ein profundes Wissen angeeignet.<\/div>\n<\/div>\n<div class=\"small-24 medium-6 columns\">\n<p><img loading=\"lazy\" decoding=\"async\" class=\"alignnone size-full wp-image-25624\" src=\"https:\/\/www.naturalscience.org\/wp-content\/uploads\/2017\/09\/speaker-waldmann.jpg\" alt=\"\" width=\"286\" height=\"382\" srcset=\"https:\/\/www.naturalscience.org\/wp-content\/uploads\/2017\/09\/speaker-waldmann.jpg 286w, https:\/\/www.naturalscience.org\/wp-content\/uploads\/2017\/09\/speaker-waldmann-225x300.jpg 225w, https:\/\/www.naturalscience.org\/wp-content\/uploads\/2017\/09\/speaker-waldmann-123x164.jpg 123w\" sizes=\"auto, (max-width: 286px) 100vw, 286px\" \/><\/p>\n<div class=\"speaker\"><strong>Lukas Waldmann<\/strong>, Heilpraktiker, Rotkreuz, Schweiz<\/div>\n<p><a href=\"http:\/\/www.naturheilpraxis-plus.ch\" target=\"_blank\" rel=\"noopener\">www.naturheilpraxis-plus.ch<\/a><\/p>\n<\/div>\n<\/div>\n<\/div>\n<div class=\"title-box\">\n<h2>Sonntag, 5. November 2017, 9:30 &#8211; 13:00 Uhr<\/h2>\n<\/div>\n<div class=\"lecture\">\n<div class=\"row\">\n<div class=\"small-24 medium-15 columns\">\n<h2>Tiere\u2014Ihr Recht auf Leben und unsere Verantwortung f\u00fcr sie<\/h2>\n<p>V\u00f6gel, Schmetterlinge, kriechende Gesch\u00f6pfe und alle anderen Tiere sind ebenso Teil der Sch\u00f6pfung wie wir. Wenn wir gelernt haben, dass wir, wenn wir irgendeinem lebendigen Wesen ein Leid antun, uns selbst Leid zuf\u00fcgen, dann werden wir gewiss weder t\u00f6ten noch bewirken, dass ein Lebewesen, das Der Sch\u00f6pfer geschaffen hat, Qual erleidet. Wir haben die Verantwortung f\u00fcr alle lebendigen Gesch\u00f6pfe und alles Leben in der Natur. Dies erm\u00e4chtigt uns, sie zu lieben, zu besch\u00fctzen und zu n\u00e4hren, aber nicht, sie f\u00fcr wissenschaftliche Experimente zu missbrauchen.<\/p>\n<div class=\"speaker description\"><strong>Jose Ernesto De Almeida Molina<\/strong> hat an der National University, La Molina, 1982 sein Studium als Agraringenieur und 2016 mit dem Master of Science auf dem Gebiet der landwirtschaftlichen Produktion (Schwerpunkt: Nachhaltigkeit) abgeschlossen. Sein Interesse und seine Liebe zur Natur und den Tieren zieht sich dabei wie ein roter Faden durch sein Leben. Seit 2016 setzt er sich als Koordinator des Komitees f\u00fcr Tierschutz der Partei \u201eFrente Amplio\u201c in Peru auch politisch f\u00fcr die Tiere ein.<\/div>\n<div class=\"speaker description\"><strong>Daniel Schillig<\/strong> f\u00fchrt seit 28 Jahren einen Biohof mit Mutterk\u00fchen. Unabh\u00e4ngiges Wirtschaften und Eigenst\u00e4ndigkeit kennzeichnen seit jeher sein Tun. Er setzt sich konsequent f\u00fcr den landwirtschaftlichen Familienbetrieb als zukunftsf\u00e4higen Weg in der Landwirtschaft ein. Zudem lehren ihn seine Erfahrungen als Mensch, Bauer und Lokalpolitiker, dass alles im Leben miteinander verbunden ist.<\/div>\n<\/div>\n<div class=\"small-24 medium-9 columns\">\n<div class=\"row\">\n<div class=\"small-24 medium-12 columns\">\n<p><img loading=\"lazy\" decoding=\"async\" class=\"alignnone size-full wp-image-25630\" src=\"https:\/\/www.naturalscience.org\/wp-content\/uploads\/2017\/09\/speaker-almeida-molina.jpg\" alt=\"\" width=\"286\" height=\"382\" srcset=\"https:\/\/www.naturalscience.org\/wp-content\/uploads\/2017\/09\/speaker-almeida-molina.jpg 286w, https:\/\/www.naturalscience.org\/wp-content\/uploads\/2017\/09\/speaker-almeida-molina-225x300.jpg 225w, https:\/\/www.naturalscience.org\/wp-content\/uploads\/2017\/09\/speaker-almeida-molina-123x164.jpg 123w\" sizes=\"auto, (max-width: 286px) 100vw, 286px\" \/><\/p>\n<div class=\"speaker\"><strong>Jose Ernesto De Almeida Molina<\/strong>, Diplom-Agraringenieur, Lima, Peru<\/div>\n<\/div>\n<div class=\"small-24 medium-12 columns\">\n<img loading=\"lazy\" decoding=\"async\" class=\"alignnone size-full wp-image-25611\" src=\"https:\/\/www.naturalscience.org\/wp-content\/uploads\/2017\/09\/speaker-schillig.jpg\" alt=\"\" width=\"286\" height=\"381\" srcset=\"https:\/\/www.naturalscience.org\/wp-content\/uploads\/2017\/09\/speaker-schillig.jpg 286w, https:\/\/www.naturalscience.org\/wp-content\/uploads\/2017\/09\/speaker-schillig-225x300.jpg 225w, https:\/\/www.naturalscience.org\/wp-content\/uploads\/2017\/09\/speaker-schillig-123x164.jpg 123w\" sizes=\"auto, (max-width: 286px) 100vw, 286px\" \/><\/p>\n<div class=\"speaker\"><strong>Daniel Schillig<\/strong>, Bauer &amp; Politker, Neuheim, Schweiz<\/div>\n<\/div>\n<\/div>\n<\/div>\n<\/div>\n<\/div>\n<p>&nbsp;<\/p>\n<div class=\"content-box green-1 width-100\">\n<div class=\"content-box-title text-center\"><i class=\"fa fa-info-circle\"><\/i> Informationen zum Kongress<\/div>\n<div class=\"content-box-body\">\n<div class=\"row\">\n<div class=\"small-24 medium-14 columns\">\n<div class=\"row\">\n<div class=\"small-24 columns\">\n<h3 style=\"margin-bottom: 0;\">Zeiten<\/h3>\n<table class=\"schedule\">\n<tbody>\n<tr>\n<th><\/th>\n<th>Programm<\/th>\n<th>Registration<\/th>\n<\/tr>\n<tr>\n<td>Donnerstag, 2. November 2017<\/td>\n<td>19:00 \u2013 21:00 Uhr<\/td>\n<td>ab 15:00 \u2013 18:45 Uhr<\/td>\n<\/tr>\n<tr>\n<td>Freitag, 3. November 2017<\/td>\n<td>9:00 \u2013 18:30 Uhr<\/td>\n<td>ab 8:00 \u2013 8:45 Uhr<\/td>\n<\/tr>\n<tr>\n<td>Samstag, 4. November 2017<\/td>\n<td>9:00 \u2013 18:30 Uhr<\/td>\n<td>ab 8:00 \u2013 8:45 Uhr<\/td>\n<\/tr>\n<tr>\n<td>Sonntag, 5. November 2017<\/td>\n<td>9:30 \u2013 13:00 Uhr<\/td>\n<td><\/td>\n<\/tr>\n<\/tbody>\n<\/table>\n<p>&nbsp;<\/p>\n<\/div>\n<\/div>\n<div class=\"row\">\n<div class=\"small-24 medium-13 columns\">\n<h3>Durchf\u00fchrungsort<\/h3>\n<p>Maritim Hotel<br \/>\nBasteistra\u00dfe 40<br \/>\n89073 Ulm, Deutschland<br \/>\n<i class=\"fa fa-angle-right \" ><\/i> <a href=\"https:\/\/www.naturalscience.org\/wp-content\/uploads\/2017\/10\/congress-hotel-card-de.pdf\" target=\"_blank\" rel=\"noopener\">Infos zu Hotel und Anreise (PDF)<\/a><br \/>\n<i class=\"fa fa-angle-right \" ><\/i> <a href=\"http:\/\/www.maritim.de\/de\/hotels\/deutschland\/hotel-ulm\/uebersicht#hotel_content\" target=\"_blank\" rel=\"noopener\">Webseite<\/a><\/p>\n<p><a class=\"button radius small\" href=\"https:\/\/www.naturalscience.org\/de\/kongress-2017\/hotelzimmer-reservieren\/\">Hotelzimmer reservieren<\/a><\/p>\n<\/div>\n<div class=\"small-24 medium-11 columns\">\n<h3>\u00dcbersetzungen<\/h3>\n<p>Simultan in Deutsch, Englisch, Spanisch, Tschechisch, Russisch<\/p>\n<p>&nbsp;<\/p>\n<h3>Haben Sie Fragen?<\/h3>\n<p>Wir helfen Ihnen gerne weiter!<\/p>\n<ul class=\"fa-ul\">\n<li><i class=\"fa fa-envelope-o fa-li\"><\/i> <a href=\"https:\/\/www.naturalscience.org\/de\/kontakt\/\">Kontaktformular<\/a><\/li>\n<li><i class=\"fa fa-at fa-li\"><\/i> <a href=\"mailto:kontakt@naturalscience.org\"> kontakt@naturalscience.org<\/a><\/li>\n<li><i class=\"fa fa-phone fa-li\"><\/i> +41(41)798-0398<\/li>\n<\/ul>\n<\/div>\n<\/div>\n<\/div>\n<div class=\"small-24 medium-10 columns\">\n<h3 style=\"margin-bottom: 0;\">Geb\u00fchren<\/h3>\n<table class=\"fees\">\n<tbody>\n<tr>\n<th><\/th>\n<th class=\"hightlight\">Ganzer<br \/>\nKongress<\/th>\n<th>1 Tag<\/th>\n<\/tr>\n<tr>\n<td>Einzelperson<\/td>\n<td class=\"hightlight\">\u20ac 350<br \/>\n<small>CHF 385<\/small><\/td>\n<td>\u20ac 150<br \/>\n<small>CHF 165<\/small><\/td>\n<\/tr>\n<tr>\n<td>&#8222;65+&#8220;<br \/>\n(Goldenes Lebensalter!)<\/td>\n<td class=\"hightlight\">\u20ac 240<br \/>\n<small>CHF 265<\/small><\/td>\n<td>\u20ac 95<br \/>\n<small>CHF 105<\/small><\/td>\n<\/tr>\n<tr>\n<td>Ehepaare<br \/>\n<small>(Gemeinsame Teilnahme)<\/small><\/td>\n<td class=\"hightlight\">\u20ac 490<br \/>\n<small>CHF 540<\/small><\/td>\n<td>\u20ac 210<br \/>\n<small>CHF 230<\/small><\/td>\n<\/tr>\n<tr>\n<td>Universit\u00e4ts-\/<br \/>\nHochschul-Studenten<\/td>\n<td class=\"hightlight\">\u20ac 120<br \/>\n<small>CHF 130<\/small><\/td>\n<td>\u20ac 50<br \/>\n<small>CHF 55<\/small><\/td>\n<\/tr>\n<tr>\n<td>Jugendliche\/Sch\u00fcler<\/td>\n<td class=\"hightlight\">\u20ac 95<br \/>\n<small>CHF 105<\/small><\/td>\n<td>\u20ac 35<br \/>\n<small>CHF 40<\/small><\/td>\n<\/tr>\n<\/tbody>\n<\/table>\n<h3>Brosch\u00fcre<\/h3>\n<p>Alle Informationen zum Programm und den Daten finden Sie auch in unserer Kongress-Brosch\u00fcre zum Herunterladen und Drucken:<br \/>\n<a class=\"button radius\" href=\"https:\/\/www.naturalscience.org\/wp-content\/uploads\/2017\/07\/congress-2017-brochure-de-2.pdf\" target=\"_blank\"><i class=\"fa fa-download \" ><\/i>  Brosch\u00fcre herunterladen<\/a>\n<\/div>\n<\/div>\n<\/div>\n<\/div>\n<div class=\"text-center\" style=\"margin: 50px 0;\"><a class=\"button radius register\" href=\"https:\/\/www.naturalscience.org\/de\/kongress-2017\/registration\/\"><i class=\"fa fa-hand-o-right \" ><\/i>&nbsp;&nbsp;Jetzt anmelden<\/a>\u2002\u2002\u2002\u2002<!--<a class=\"button radius large\" href=\"https:\/\/www.naturalscience.org\/de\/kongress-2017\/vortraege\/\">Vortr\u00e4ge<\/a>--><\/div>\n<div class=\"title-box\">\n<h2>Was unsere Teilnehmer sagen<\/h2>\n<\/div>\n<p><script>\njQuery(document).ready(function ($) {\n\t$('#congress-guestbook').slick({\n\t\tslidesToShow: 3, \n\t\tslidesToScroll: 1,\n\t\tinfinite: false,\n\t\tspeed: 1000,\n\t\tautoplay: false,\n\t\tresponsive: [\n\t\t\t{breakpoint: 850, settings: { slidesToShow: 3 }},\n\t\t\t{breakpoint: 530, settings: { slidesToShow: 2 }},\n\t\t\t{breakpoint: 330, settings: { slidesToShow: 1 }}\n\t\t]\n\t});\n});\n<\/script><\/p>\n<div id=\"congress-guestbook\" class=\"carousel\">\n<div>\n<blockquote><p>Vielen herzlichen Dank an alle Involvierten! Wie immer: sehr gut, wegweisend und augen\u00f6ffnend. Euer Engagement und Begeisterung ist ansteckend. Guter Grund das weiterzugeben!<cite>Suely M., Deutschland<\/cite><\/p><\/blockquote>\n<\/div>\n<div>\n<blockquote><p>Herzlichen Dank f\u00fcr diesen weiteren Ausblick und so interessante Themen! Es ist immer eine Zeit f\u00fcr Wachstum, Lernen, Erfahren, Teilen und sich mit den anderen Teilnehmern auszutauschen! Es ist sp\u00fcrbar anders als bei anderen Veranstaltungen und Kongressen. Und vieles um es nach Hause zu bringen und anzuwenden.<cite>Odile L., \u00d6sterreich<\/cite><\/p><\/blockquote>\n<\/div>\n<div>\n<blockquote><p>Dies war der beste Kongress seit Jahren, sehr gut aufgebaut. Erfrischend, erhebend, echt und nat\u00fcrlich! Vielen herzlichen Dank f\u00fcr euer enormes Engagement!<cite>Susanne B., Schweiz<\/cite><\/p><\/blockquote>\n<\/div>\n<div>\n<blockquote><p>Doktor Natasha \u2013 h\u00f6chst erstaunliche Referentin; und ihr Referat war so einfach, so klar, so emotional! Ich habe den starken Impuls bekommen, auf meinem Weg innezuhalten und meinen Lebensstil zu korrigieren. Habt Dank daf\u00fcr!<cite>Marina K., Litauen<\/cite><\/p><\/blockquote>\n<\/div>\n<div>\n<blockquote><p>Einfach zufrieden, gl\u00fccklich einmal mehr diesem Kongress beiwohnen zu d\u00fcrfen. Bereichert, mit vielen neuen Eindr\u00fccken werde ich nach Hause fahren. Vielen Dank an die exzellenten Referenten!<cite>Brigitta H., Schweiz<\/cite><\/p><\/blockquote>\n<\/div>\n<div>\n<blockquote><p>Auf vielen Ebenen wieder ein richtungsweisender Kongress, der nicht nur einen neuen Ausblick gibt sondern auch Hoffnung und Visionen (die Realit\u00e4t werden) mitgibt. Der Vortrag von J\u00f6rg Dossenbach hat mich besonders ber\u00fchrt. Danke f\u00fcr diesen Kongress.<cite>Ulrike P., Deutschland <\/cite><\/p><\/blockquote>\n<\/div>\n<\/div>\n<p>&nbsp;<\/p>\n<div class=\"title-box\">\n<h2>Letztj\u00e4hriger Kongress<\/h2>\n<\/div>\n<p><strong><span style=\"color: #993300;\">Sehen Sie sich die <a style=\"color: #993300;\" href=\"https:\/\/www.naturalscience.org\/de\/kongress-2016\/vortraege-ansehen\/\">Vortr\u00e4ge<\/a> des letztj\u00e4hrigen Kongresses in voller L\u00e4nge an oder lesen Sie den <a style=\"color: #993300;\" href=\"https:\/\/www.naturalscience.org\/de\/kongress-2016\/rueckblick\/\">R\u00fcckblick<\/a>.<\/span><\/strong><\/p>\nngg_shortcode_0_placeholder\n<div class=\"text-center\" style=\"margin: 50px 0;\"><a class=\"button radius register\" href=\"https:\/\/www.naturalscience.org\/de\/kongress-2017\/registration\/\"><i class=\"fa fa-hand-o-right \" ><\/i>&nbsp;&nbsp;Jetzt anmelden<\/a>\u2002\u2002\u2002\u2002<!--<a class=\"button radius large\" href=\"https:\/\/www.naturalscience.org\/de\/kongress-2017\/vortraege\/\">Vortr\u00e4ge<\/a>--><\/div>\n","protected":false},"excerpt":{"rendered":"Von Donnerstag, 2. November bis Sonntag, 5. November 2017 Maritim Hotel, Ulm, Deutschland Wir freuen uns, Ihnen die Themen f\u00fcr unseren Welt-Kongress 2017 in Ulm vorstellen zu k\u00f6nnen. Dieses Jahr befassen wir uns intensiv mit praktischen L\u00f6sungen, um die Gesundheit unseres Planeten und damit auch unserer physischen K\u00f6rper wiederherzustellen: Wir befassen uns mit dem Gesundheitszustand [&hellip;]","protected":false},"author":9,"featured_media":0,"parent":0,"menu_order":101,"comment_status":"closed","ping_status":"closed","template":"page-full.php","meta":{"_acf_changed":false,"ngg_post_thumbnail":0,"footnotes":""},"categories":[],"class_list":["post-25118","page","type-page","status-publish","hentry","wpautop"],"acf":[],"yoast_head":"<!-- This site is optimized with the Yoast SEO plugin v27.5 - https:\/\/yoast.com\/product\/yoast-seo-wordpress\/ -->\n<title>22. Internationaler \u201cNeuer Wissenschaftlicher Ausblick\u201d Welt-Kongress - The World Foundation for Natural Science<\/title>\n<meta name=\"robots\" content=\"index, follow, max-snippet:-1, max-image-preview:large, max-video-preview:-1\" \/>\n<link rel=\"canonical\" href=\"https:\/\/www.naturalscience.org\/de\/kongress-2017\/\" \/>\n<meta name=\"twitter:label1\" content=\"Gesch\u00e4tzte Lesezeit\" \/>\n\t<meta name=\"twitter:data1\" content=\"12\u00a0Minuten\" \/>\n<script type=\"application\/ld+json\" class=\"yoast-schema-graph\">{\"@context\":\"https:\\\/\\\/schema.org\",\"@graph\":[{\"@type\":\"WebPage\",\"@id\":\"https:\\\/\\\/www.naturalscience.org\\\/de\\\/kongress-2017\\\/\",\"url\":\"https:\\\/\\\/www.naturalscience.org\\\/de\\\/kongress-2017\\\/\",\"name\":\"22. Internationaler \u201cNeuer Wissenschaftlicher Ausblick\u201d Welt-Kongress - The World Foundation for Natural Science\",\"isPartOf\":{\"@id\":\"https:\\\/\\\/www.naturalscience.org\\\/#website\"},\"primaryImageOfPage\":{\"@id\":\"https:\\\/\\\/www.naturalscience.org\\\/de\\\/kongress-2017\\\/#primaryimage\"},\"image\":{\"@id\":\"https:\\\/\\\/www.naturalscience.org\\\/de\\\/kongress-2017\\\/#primaryimage\"},\"thumbnailUrl\":\"https:\\\/\\\/www.naturalscience.org\\\/wp-content\\\/uploads\\\/2017\\\/07\\\/congress-2017-invite-letter-de-cover-309x400.png\",\"datePublished\":\"2017-07-11T17:29:36+00:00\",\"dateModified\":\"2018-09-17T19:20:56+00:00\",\"breadcrumb\":{\"@id\":\"https:\\\/\\\/www.naturalscience.org\\\/de\\\/kongress-2017\\\/#breadcrumb\"},\"inLanguage\":\"de\",\"potentialAction\":[{\"@type\":\"ReadAction\",\"target\":[\"https:\\\/\\\/www.naturalscience.org\\\/de\\\/kongress-2017\\\/\"]}]},{\"@type\":\"ImageObject\",\"inLanguage\":\"de\",\"@id\":\"https:\\\/\\\/www.naturalscience.org\\\/de\\\/kongress-2017\\\/#primaryimage\",\"url\":\"https:\\\/\\\/www.naturalscience.org\\\/wp-content\\\/uploads\\\/2017\\\/07\\\/congress-2017-invite-letter-de-cover-309x400.png\",\"contentUrl\":\"https:\\\/\\\/www.naturalscience.org\\\/wp-content\\\/uploads\\\/2017\\\/07\\\/congress-2017-invite-letter-de-cover-309x400.png\"},{\"@type\":\"BreadcrumbList\",\"@id\":\"https:\\\/\\\/www.naturalscience.org\\\/de\\\/kongress-2017\\\/#breadcrumb\",\"itemListElement\":[{\"@type\":\"ListItem\",\"position\":1,\"name\":\"Home\",\"item\":\"https:\\\/\\\/www.naturalscience.org\\\/de\\\/\"},{\"@type\":\"ListItem\",\"position\":2,\"name\":\"22. Internationaler \u201cNeuer Wissenschaftlicher Ausblick\u201d Welt-Kongress\"}]},{\"@type\":\"WebSite\",\"@id\":\"https:\\\/\\\/www.naturalscience.org\\\/#website\",\"url\":\"https:\\\/\\\/www.naturalscience.org\\\/\",\"name\":\"The World Foundation for Natural Science\",\"description\":\"Restoring and Healing the World through Responsibility and Commitment in accord with Natural and Divine Law!\",\"potentialAction\":[{\"@type\":\"SearchAction\",\"target\":{\"@type\":\"EntryPoint\",\"urlTemplate\":\"https:\\\/\\\/www.naturalscience.org\\\/?s={search_term_string}\"},\"query-input\":{\"@type\":\"PropertyValueSpecification\",\"valueRequired\":true,\"valueName\":\"search_term_string\"}}],\"inLanguage\":\"de\"}]}<\/script>\n<!-- \/ Yoast SEO plugin. -->","yoast_head_json":{"title":"22. Internationaler \u201cNeuer Wissenschaftlicher Ausblick\u201d Welt-Kongress - The World Foundation for Natural Science","robots":{"index":"index","follow":"follow","max-snippet":"max-snippet:-1","max-image-preview":"max-image-preview:large","max-video-preview":"max-video-preview:-1"},"canonical":"https:\/\/www.naturalscience.org\/de\/kongress-2017\/","twitter_misc":{"Gesch\u00e4tzte Lesezeit":"12\u00a0Minuten"},"schema":{"@context":"https:\/\/schema.org","@graph":[{"@type":"WebPage","@id":"https:\/\/www.naturalscience.org\/de\/kongress-2017\/","url":"https:\/\/www.naturalscience.org\/de\/kongress-2017\/","name":"22. Internationaler \u201cNeuer Wissenschaftlicher Ausblick\u201d Welt-Kongress - The World Foundation for Natural Science","isPartOf":{"@id":"https:\/\/www.naturalscience.org\/#website"},"primaryImageOfPage":{"@id":"https:\/\/www.naturalscience.org\/de\/kongress-2017\/#primaryimage"},"image":{"@id":"https:\/\/www.naturalscience.org\/de\/kongress-2017\/#primaryimage"},"thumbnailUrl":"https:\/\/www.naturalscience.org\/wp-content\/uploads\/2017\/07\/congress-2017-invite-letter-de-cover-309x400.png","datePublished":"2017-07-11T17:29:36+00:00","dateModified":"2018-09-17T19:20:56+00:00","breadcrumb":{"@id":"https:\/\/www.naturalscience.org\/de\/kongress-2017\/#breadcrumb"},"inLanguage":"de","potentialAction":[{"@type":"ReadAction","target":["https:\/\/www.naturalscience.org\/de\/kongress-2017\/"]}]},{"@type":"ImageObject","inLanguage":"de","@id":"https:\/\/www.naturalscience.org\/de\/kongress-2017\/#primaryimage","url":"https:\/\/www.naturalscience.org\/wp-content\/uploads\/2017\/07\/congress-2017-invite-letter-de-cover-309x400.png","contentUrl":"https:\/\/www.naturalscience.org\/wp-content\/uploads\/2017\/07\/congress-2017-invite-letter-de-cover-309x400.png"},{"@type":"BreadcrumbList","@id":"https:\/\/www.naturalscience.org\/de\/kongress-2017\/#breadcrumb","itemListElement":[{"@type":"ListItem","position":1,"name":"Home","item":"https:\/\/www.naturalscience.org\/de\/"},{"@type":"ListItem","position":2,"name":"22. Internationaler \u201cNeuer Wissenschaftlicher Ausblick\u201d Welt-Kongress"}]},{"@type":"WebSite","@id":"https:\/\/www.naturalscience.org\/#website","url":"https:\/\/www.naturalscience.org\/","name":"The World Foundation for Natural Science","description":"Restoring and Healing the World through Responsibility and Commitment in accord with Natural and Divine Law!","potentialAction":[{"@type":"SearchAction","target":{"@type":"EntryPoint","urlTemplate":"https:\/\/www.naturalscience.org\/?s={search_term_string}"},"query-input":{"@type":"PropertyValueSpecification","valueRequired":true,"valueName":"search_term_string"}}],"inLanguage":"de"}]}},"_links":{"self":[{"href":"https:\/\/www.naturalscience.org\/de\/wp-json\/wp\/v2\/pages\/25118","targetHints":{"allow":["GET"]}}],"collection":[{"href":"https:\/\/www.naturalscience.org\/de\/wp-json\/wp\/v2\/pages"}],"about":[{"href":"https:\/\/www.naturalscience.org\/de\/wp-json\/wp\/v2\/types\/page"}],"author":[{"embeddable":true,"href":"https:\/\/www.naturalscience.org\/de\/wp-json\/wp\/v2\/users\/9"}],"replies":[{"embeddable":true,"href":"https:\/\/www.naturalscience.org\/de\/wp-json\/wp\/v2\/comments?post=25118"}],"version-history":[{"count":51,"href":"https:\/\/www.naturalscience.org\/de\/wp-json\/wp\/v2\/pages\/25118\/revisions"}],"predecessor-version":[{"id":25120,"href":"https:\/\/www.naturalscience.org\/de\/wp-json\/wp\/v2\/pages\/25118\/revisions\/25120"}],"wp:attachment":[{"href":"https:\/\/www.naturalscience.org\/de\/wp-json\/wp\/v2\/media?parent=25118"}],"wp:term":[{"taxonomy":"category","embeddable":true,"href":"https:\/\/www.naturalscience.org\/de\/wp-json\/wp\/v2\/categories?post=25118"}],"curies":[{"name":"wp","href":"https:\/\/api.w.org\/{rel}","templated":true}]}}